{"id":964,"date":"2024-01-27T23:08:50","date_gmt":"2024-01-27T22:08:50","guid":{"rendered":"https:\/\/www.interactiv-technologies.com\/?page_id=964"},"modified":"2026-04-27T09:15:44","modified_gmt":"2026-04-27T07:15:44","slug":"964-2","status":"publish","type":"page","link":"https:\/\/www.interactiv-technologies.com\/fr\/formation-easycatalog-adobe-indesign\/planning-formations\/","title":{"rendered":"Planning Formations"},"content":{"rendered":"\n<div class=\"wp-block-group alignfull has-bleu-accent-background-color has-background has-global-padding is-layout-constrained wp-block-group-is-layout-constrained\" style=\"padding-top:var(--wp--preset--spacing--40);padding-bottom:var(--wp--preset--spacing--60)\">\n<div class=\"wp-block-group alignwide has-blanc-color has-text-color has-link-color has-small-font-size wp-elements-bf8c93ea3ef9660c3f317439d4e72dba has-global-padding is-layout-constrained wp-block-group-is-layout-constrained\"><div class=\"alignwide wp-block-wpseopress-breadcrumbs\"><nav  aria-label=\"Fil d&#039;Ariane\"><ol class=\"breadcrumb\" itemscope itemtype=\"https:\/\/schema.org\/BreadcrumbList\"><li class=\"breadcrumb-item active\" aria-current=\"page\" itemprop=\"itemListElement\" itemscope itemtype=\"https:\/\/schema.org\/ListItem\"><span itemprop=\"name\">Accueil<\/span><meta itemprop=\"position\" content=\"1\"><\/li><\/ol><\/nav><\/div><\/div>\n\n\n\n<h1 class=\"wp-block-heading has-text-align-center has-blanc-color has-text-color has-link-color wp-elements-2a6fa6e42b81bbbf86f4d4a3c6710d65\" id=\"formulaire\">Planning de formations InDesign et\/ou EasyCatalog<\/h1>\n<\/div>\n\n\n\n<div class=\"wp-block-group has-global-padding is-layout-constrained wp-block-group-is-layout-constrained\">\n<div class=\"wp-block-columns is-layout-flex wp-container-core-columns-is-layout-28f84493 wp-block-columns-is-layout-flex\">\n<div class=\"wp-block-column is-layout-flow wp-block-column-is-layout-flow\">\n<p><strong>Pour les graphistes et professionnels de la mise en page<\/strong>, nous vous proposons&nbsp;<strong>diff\u00e9rentes formations<\/strong>&nbsp;pour vous aider \u00e0 r\u00e9aliser vos catalogues (<strong>formations InDesign et\/ou EasyCatalog<\/strong>).<\/p>\n\n\n\n<p>Nos formations sont certifi\u00e9es (Qualiopi) et peuvent donc \u00eatre<strong>&nbsp;prises en charge<\/strong>&nbsp;financi\u00e8rement jusqu\u2019\u00e0 100% (OPCO, dispositif FNE-Formations, \u2026).<\/p>\n\n\n\n<p>Nous proposons aussi des&nbsp;<strong>formations \u00e0 distance<\/strong>&nbsp;: n\u2019h\u00e9sitez pas \u00e0 en faire la demande en remplissant le&nbsp;<strong>formulaire<\/strong>&nbsp;pour parler de votre projet.&nbsp;<\/p>\n\n\n\n<p>Des formations d\u2019une journ\u00e9e ou plus pour acqu\u00e9rir les connaissances basiques pour la r\u00e9alisation de vos catalogues.<\/p>\n\n\n\n<div class=\"wp-block-group is-content-justification-left is-nowrap is-layout-flex wp-container-core-group-is-layout-fc9f69e7 wp-block-group-is-layout-flex\">\n<figure class=\"wp-block-image aligncenter size-full is-resized\"><img loading=\"lazy\" decoding=\"async\" width=\"670\" height=\"321\" src=\"https:\/\/www.interactiv-technologies.com\/app\/uploads\/2024\/07\/Logo_EASYCATALOG_COULEUR_BASELINE_BLEU-6.png\" alt=\"\" class=\"wp-image-7496\" style=\"width:281px;height:auto\" srcset=\"https:\/\/www.interactiv-technologies.com\/app\/uploads\/2024\/07\/Logo_EASYCATALOG_COULEUR_BASELINE_BLEU-6.png 670w, https:\/\/www.interactiv-technologies.com\/app\/uploads\/2024\/07\/Logo_EASYCATALOG_COULEUR_BASELINE_BLEU-6-300x144.png 300w\" sizes=\"auto, (max-width: 670px) 100vw, 670px\" \/><\/figure>\n\n\n\n<figure class=\"wp-block-image aligncenter size-full is-resized\"><img loading=\"lazy\" decoding=\"async\" width=\"682\" height=\"375\" src=\"https:\/\/www.interactiv-technologies.com\/app\/uploads\/2024\/01\/Logo-Qualiopi-2021-baseline-002-e1706868743845.png\" alt=\"\" class=\"wp-image-1266\" style=\"width:209px;height:auto\" srcset=\"https:\/\/www.interactiv-technologies.com\/app\/uploads\/2024\/01\/Logo-Qualiopi-2021-baseline-002-e1706868743845.png 682w, https:\/\/www.interactiv-technologies.com\/app\/uploads\/2024\/01\/Logo-Qualiopi-2021-baseline-002-e1706868743845-300x165.png 300w\" sizes=\"auto, (max-width: 682px) 100vw, 682px\" \/><\/figure>\n\n\n\n<figure class=\"wp-block-image aligncenter size-full is-resized\"><img loading=\"lazy\" decoding=\"async\" width=\"1200\" height=\"1170\" src=\"https:\/\/www.interactiv-technologies.com\/app\/uploads\/2024\/01\/1200px-Adobe_InDesign_CC_icon.svg_.png\" alt=\"\" class=\"wp-image-1259\" style=\"width:91px;height:auto\" srcset=\"https:\/\/www.interactiv-technologies.com\/app\/uploads\/2024\/01\/1200px-Adobe_InDesign_CC_icon.svg_.png 1200w, https:\/\/www.interactiv-technologies.com\/app\/uploads\/2024\/01\/1200px-Adobe_InDesign_CC_icon.svg_-300x293.png 300w, https:\/\/www.interactiv-technologies.com\/app\/uploads\/2024\/01\/1200px-Adobe_InDesign_CC_icon.svg_-1024x998.png 1024w, https:\/\/www.interactiv-technologies.com\/app\/uploads\/2024\/01\/1200px-Adobe_InDesign_CC_icon.svg_-768x749.png 768w\" sizes=\"auto, (max-width: 1200px) 100vw, 1200px\" \/><\/figure>\n<\/div>\n<\/div>\n\n\n\n<div class=\"wp-block-column is-vertically-aligned-center is-layout-flow wp-block-column-is-layout-flow\">\n<div class=\"wp-block-group has-global-padding is-layout-constrained wp-block-group-is-layout-constrained\">\n<form class=\"wp-block-interactiv-technologies-it-form needs-validation it-pattern-form-simple it-pattern-form-simple--msg it-pattern-card\" novalidate action=\"\" method=\"post\" enctype=\"multipart\/form-data\"><div class=\"it-form-ribbon\">D\u00e9di\u00e9 aux professionnels<\/div>\n<p class=\"it-form-title\">Parlons de votre projet !<\/p>\n\n\n\n<div class=\"wp-block-group has-global-padding is-layout-constrained wp-container-core-group-is-layout-7bc66994 wp-block-group-is-layout-constrained\">\n<div class=\"wp-block-interactiv-technologies-it-field it-form-field it-form-field-status it-form-field--required it-form-field--is-floating form-floating is-style-floating\" data-field-name=\"status\" data-field-type=\"status\" data-field-label=\"Vous \u00eates\" data-field-required=\"true\"><select id=\"it_form_status\" class=\"it-form-field-control form-select\" name=\"status\" required><option value=\"\" disabled selected>S\u00e9lectionner un statut<\/option><option value=\"company\">Une soci\u00e9t\u00e9<\/option><option value=\"agency\">Une agence<\/option><option value=\"freelance\">Un(e) freelance<\/option><option value=\"association\">Une association<\/option><option value=\"individual\">Un particulier<\/option><\/select><label class=\"it-form-field-label\" for=\"it_form_status\">Vous \u00eates<\/label><div class=\"invalid-feedback\"><\/div><\/div>\n\n\n\n<div class=\"wp-block-interactiv-technologies-it-field it-form-field it-form-field-text it-form-field--is-floating form-floating is-style-floating\" data-field-name=\"society\" data-field-type=\"text\" data-field-label=\"Soci\u00e9t\u00e9\" data-field-required=\"false\"><input id=\"it_form_society\" class=\"it-form-field-control form-control\" type=\"text\" name=\"society\" placeholder=\"Soci\u00e9t\u00e9\"\/><label class=\"it-form-field-label\" for=\"it_form_society\">Soci\u00e9t\u00e9<\/label><div class=\"invalid-feedback\"><\/div><\/div>\n\n\n\n<div class=\"wp-block-interactiv-technologies-it-field it-form-field it-form-field-text it-form-field--required it-form-field--is-floating form-floating is-style-floating\" data-field-name=\"identity\" data-field-type=\"text\" data-field-label=\"Nom Pr\u00e9nom\" data-field-required=\"true\"><input id=\"it_form_identity\" class=\"it-form-field-control form-control\" type=\"text\" name=\"identity\" placeholder=\"Nom Pr\u00e9nom\" required\/><label class=\"it-form-field-label\" for=\"it_form_identity\">Nom Pr\u00e9nom<\/label><div class=\"invalid-feedback\"><\/div><\/div>\n\n\n\n<div class=\"wp-block-interactiv-technologies-it-field it-form-field it-form-field-email it-form-field--required it-form-field--is-floating form-floating is-style-floating\" data-field-name=\"mail\" data-field-type=\"email\" data-field-label=\"E-mail\" data-field-required=\"true\"><input id=\"it_form_mail\" class=\"it-form-field-control form-control\" type=\"email\" name=\"mail\" placeholder=\"\" required\/><label class=\"it-form-field-label\" for=\"it_form_mail\">E-mail<\/label><div class=\"invalid-feedback\"><\/div><\/div>\n\n\n\n<div class=\"wp-block-interactiv-technologies-it-field it-form-field it-form-field-text it-form-field--required it-form-field--is-floating form-floating is-style-floating\" data-field-name=\"phone\" data-field-type=\"text\" data-field-label=\"T\u00e9l\u00e9phone\" data-field-required=\"true\"><input id=\"it_form_phone\" class=\"it-form-field-control form-control\" type=\"text\" name=\"phone\" placeholder=\"T\u00e9l\u00e9phone\" required\/><label class=\"it-form-field-label\" for=\"it_form_phone\">T\u00e9l\u00e9phone<\/label><div class=\"invalid-feedback\"><\/div><\/div>\n\n\n\n<div class=\"wp-block-interactiv-technologies-it-field it-form-field it-form-field-textarea it-form-field--is-floating form-floating is-style-floating\" data-field-name=\"msg\" data-field-type=\"textarea\" data-field-label=\"Message (facultatif)\" data-field-required=\"false\"><textarea id=\"it_form_msg\" class=\"it-form-field-control form-control\" name=\"msg\" placeholder=\"Message\" style=\"height:4.2rem\"><\/textarea><label class=\"it-form-field-label\" for=\"it_form_msg\">Message (facultatif)<\/label><div class=\"invalid-feedback\"><\/div><\/div>\n\n\n\n<div class=\"wp-block-interactiv-technologies-it-field it-form-field it-form-field-consent it-form-field--consent form-check it-form-field--required\" data-field-name=\"consent\" data-field-type=\"consent\" data-field-label=\"\" data-field-required=\"true\" style=\"margin-top:var(--wp--preset--spacing--30)\"><input id=\"it_form_consent\" class=\"it-form-field-control form-check-input\" type=\"checkbox\" name=\"consent\" value=\"ok\" required\/><label class=\"it-form-field-inputs-label form-check-label\" for=\"it_form_consent\">En soumettant ce formulaire, j\u2019accepte que les informations saisies soient exploit\u00e9es dans le cadre de la demande de d\u00e9monstration et la relation commerciale qui peut en d\u00e9couler.<br \/>\r\nPour connaitre et exercer vos droits, veuillez consulter notre <a href=\"https:\/\/www.interactiv-technologies.com\/fr\/politique-de-confidentialite-relative-aux-donnees-personnelles\/\">politique de confidentialit\u00e9<\/a>.<\/label><div class=\"invalid-feedback\"><\/div><\/div>\n<\/div>\n<div class=\"wp-block-interactiv-technologies-it-field it-form-field it-form-field-email it-form-field--is-floating form-floating is-style-floating hasNoName\" data-field-name=\"mail_double_check\" data-field-type=\"email\" data-field-label=\"Enter email again\" data-field-required=\"false\"><input class=\"it-form-field-control form-control\" type=\"email\" name=\"mail_double_check\" id=\"it_form_mail_double_check\" placeholder=\"Enter email again\"\/><label class=\"it-form-field-label\" for=\"it_form_mail_double_check\">Enter email again<\/label><div class=\"invalid-feedback\"><\/div><\/div><input type=\"hidden\" name=\"name\" value=\"Parlons de votre projet\"\/><input type=\"hidden\" name=\"product\" value=\"formation\"\/><input type=\"hidden\" name=\"tpl\" value=\"2710\"\/><input type=\"hidden\" name=\"landing\" value=\"950\"\/><button class=\"btn-form-submit it-form-submit-btn\" type=\"submit\">Contactez-moi<\/button><input type=\"hidden\" id=\"_wpnonce\" name=\"_wpnonce\" value=\"af7bbb042b\" \/><input type=\"hidden\" name=\"_wp_http_referer\" value=\"\/fr\/wp-json\/wp\/v2\/pages\/964\" \/><\/form>\n<\/div>\n<\/div>\n<\/div>\n<\/div>\n\n\n\n<div class=\"wp-block-group has-global-padding is-layout-constrained wp-block-group-is-layout-constrained\" style=\"padding-top:var(--wp--preset--spacing--40);padding-bottom:var(--wp--preset--spacing--40)\">\n<hr class=\"wp-block-separator has-alpha-channel-opacity\"\/>\n\n\n\n<h2 class=\"wp-block-heading has-text-align-center\" style=\"text-transform:none\">Villes propos\u00e9es pour les formations<\/h2>\n\n\n\n<p class=\"has-text-align-center\">Bordeaux &#8211; Le Havre &#8211; Lille &#8211; Lyon &#8211; Marseille &#8211; Montpellier &#8211; Nantes &#8211; Nice &#8211; Paris &#8211; Reims &#8211; Rennes &#8211; Rouen &#8211; Strasbourg &#8211; Toulouse<\/p>\n<\/div>\n\n\n\n<section class=\"wp-block-group alignfull has-gris-clair-background-color has-background has-global-padding is-layout-constrained wp-container-core-group-is-layout-a48896d9 wp-block-group-is-layout-constrained\" style=\"min-height:0px;margin-top:var(--wp--preset--spacing--50);margin-bottom:0;padding-top:3rem;padding-right:0;padding-bottom:3rem;padding-left:0\">\n<h2 class=\"wp-block-heading has-text-align-center has-bleu-accent-color has-text-color has-link-color wp-elements-3d09585a529f7e30bb6d862b77d9356a\" style=\"padding-top:0;padding-bottom:var(--wp--preset--spacing--60);text-transform:none\">Formations propos\u00e9es<\/h2>\n\n\n\n<div class=\"wp-block-columns is-layout-flex wp-container-core-columns-is-layout-e477a36d wp-block-columns-is-layout-flex\" style=\"padding-bottom:var(--wp--preset--spacing--60)\">\n<div class=\"wp-block-column is-layout-flow wp-block-column-is-layout-flow\">\n<aside class=\"wp-block-group it-pattern-card has-blanc-background-color has-background is-vertical is-content-justification-center is-layout-flex wp-container-core-group-is-layout-ce155fab wp-block-group-is-layout-flex\" style=\"min-height:100%\">\n<svg aria-hidden=\"true\" focusable=\"false\" data-prefix=\"fas\" data-icon=\"pencil\" class=\"svg-inline--fa fa-pencil fa-3x wp-block-interactiv-technologies-it-fa-icon\" role=\"img\" xmlns=\"http:\/\/www.w3.org\/2000\/svg\" viewBox=\"0 0 512 512\" style=\"width:1em\"><path fill=\"currentColor\" d=\"M410.3 231l11.3-11.3-33.9-33.9-62.1-62.1L291.7 89.8l-11.3 11.3-22.6 22.6L58.6 322.9c-10.4 10.4-18 23.3-22.2 37.4L1 480.7c-2.5 8.4-.2 17.5 6.1 23.7s15.3 8.5 23.7 6.1l120.3-35.4c14.1-4.2 27-11.8 37.4-22.2L387.7 253.7 410.3 231zM160 399.4l-9.1 22.7c-4 3.1-8.5 5.4-13.3 6.9L59.4 452l23-78.1c1.4-4.9 3.8-9.4 6.9-13.3l22.7-9.1 0 32c0 8.8 7.2 16 16 16l32 0zM362.7 18.7L348.3 33.2 325.7 55.8 314.3 67.1l33.9 33.9 62.1 62.1 33.9 33.9 11.3-11.3 22.6-22.6 14.5-14.5c25-25 25-65.5 0-90.5L453.3 18.7c-25-25-65.5-25-90.5 0zm-47.4 168l-144 144c-6.2 6.2-16.4 6.2-22.6 0s-6.2-16.4 0-22.6l144-144c6.2-6.2 16.4-6.2 22.6 0s6.2 16.4 0 22.6z\"><\/path><\/svg>\n\n\n\n<h3 class=\"wp-block-heading has-text-align-center has-bleu-accent-color has-text-color has-link-color wp-elements-ff13160896b04f0b32783268e6871cc3\">Style GREP<\/h3>\n\n\n\n<p class=\"has-text-align-center\">Une formation d\u2019une journ\u00e9e pour apprendre et savoir utiliser les fameux styles GREP. <br><br>Ces styles intelligents sont \u00e0 la fois utilis\u00e9s dans InDesign et dans EasyCatalog. Ils permettent de gagner en temps et de rendre les styles dynamiques.<\/p>\n<\/aside>\n<\/div>\n\n\n\n<div class=\"wp-block-column is-layout-flow wp-block-column-is-layout-flow\">\n<aside class=\"wp-block-group it-pattern-card has-blanc-background-color has-background has-global-padding is-layout-constrained wp-block-group-is-layout-constrained\" style=\"min-height:100%\">\n<figure class=\"wp-block-image aligncenter size-full is-resized\"><img loading=\"lazy\" decoding=\"async\" width=\"1200\" height=\"1170\" src=\"https:\/\/www.interactiv-technologies.com\/app\/uploads\/2024\/02\/Logo_InDesign_CC21_icon.svg_.png\" alt=\"\" class=\"wp-image-1751\" style=\"aspect-ratio:1;object-fit:contain;width:60px\" srcset=\"https:\/\/www.interactiv-technologies.com\/app\/uploads\/2024\/02\/Logo_InDesign_CC21_icon.svg_.png 1200w, https:\/\/www.interactiv-technologies.com\/app\/uploads\/2024\/02\/Logo_InDesign_CC21_icon.svg_-300x293.png 300w, https:\/\/www.interactiv-technologies.com\/app\/uploads\/2024\/02\/Logo_InDesign_CC21_icon.svg_-1024x998.png 1024w, https:\/\/www.interactiv-technologies.com\/app\/uploads\/2024\/02\/Logo_InDesign_CC21_icon.svg_-768x749.png 768w\" sizes=\"auto, (max-width: 1200px) 100vw, 1200px\" \/><\/figure>\n\n\n\n<h3 class=\"wp-block-heading has-text-align-center has-bleu-accent-color has-text-color has-link-color wp-elements-f57b166fb574718d55138ecc921b39b6\">Adobe InDesign<\/h3>\n\n\n\n<p class=\"has-text-align-center\">Une formation de deux jours pour apprendre les bases du logiciel de mise en page, n\u00e9cessaire par la suite pour utiliser EasyCatalog.<\/p>\n<\/aside>\n<\/div>\n\n\n\n<div class=\"wp-block-column is-layout-flow wp-block-column-is-layout-flow\">\n<aside class=\"wp-block-group it-pattern-card has-blanc-background-color has-background has-global-padding is-layout-constrained wp-block-group-is-layout-constrained\" style=\"min-height:100%;padding-top:var(--wp--preset--spacing--40)\">\n<figure class=\"wp-block-image aligncenter size-full is-resized\"><img loading=\"lazy\" decoding=\"async\" width=\"591\" height=\"165\" src=\"https:\/\/www.interactiv-technologies.com\/app\/uploads\/2024\/07\/Logo_EASYCATALOG_COULEUR.jpg\" alt=\"\" class=\"wp-image-7498\" style=\"width:229px;height:auto\" srcset=\"https:\/\/www.interactiv-technologies.com\/app\/uploads\/2024\/07\/Logo_EASYCATALOG_COULEUR.jpg 591w, https:\/\/www.interactiv-technologies.com\/app\/uploads\/2024\/07\/Logo_EASYCATALOG_COULEUR-300x84.jpg 300w\" sizes=\"auto, (max-width: 591px) 100vw, 591px\" \/><\/figure>\n\n\n\n<h3 class=\"wp-block-heading has-text-align-center has-bleu-accent-color has-text-color has-link-color wp-elements-5d08d8a0e0bba4a0acd915e626be8b19\">EasyCatalog<\/h3>\n\n\n\n<p class=\"has-text-align-center\">Une formation vous permettant d\u2019acqu\u00e9rir en deux jours les bases et l\u2019essentiel d\u2019EasyCatalog.<br><br>Grandes \u00e9tapes, les diff\u00e9rents menus, outils et interface\u2026 Des exercices acad\u00e9miques et des tutoriaux, une documentation en langue fran\u00e7aise \u00e0 jour et adapt\u00e9e\u2026 Tout le n\u00e9cessaire pour vous offrir l\u2019autonomie et mettre en place rapidement votre projet d\u2019automatisation.<\/p>\n<\/aside>\n<\/div>\n\n\n\n<div class=\"wp-block-column is-layout-flow wp-block-column-is-layout-flow\">\n<aside class=\"wp-block-group it-pattern-card has-blanc-background-color has-background is-vertical is-content-justification-center is-layout-flex wp-container-core-group-is-layout-ce155fab wp-block-group-is-layout-flex\" style=\"min-height:100%\">\n<svg aria-hidden=\"true\" focusable=\"false\" data-prefix=\"fas\" data-icon=\"print\" class=\"svg-inline--fa fa-print fa-3x wp-block-interactiv-technologies-it-fa-icon\" role=\"img\" xmlns=\"http:\/\/www.w3.org\/2000\/svg\" viewBox=\"0 0 512 512\" style=\"width:1em\"><path fill=\"currentColor\" d=\"M128 0C92.7 0 64 28.7 64 64l0 96 64 0 0-96 226.7 0L384 93.3l0 66.7 64 0 0-66.7c0-17-6.7-33.3-18.7-45.3L400 18.7C388 6.7 371.7 0 354.7 0L128 0zM384 352l0 32 0 64-256 0 0-64 0-16 0-16 256 0zm64 32l32 0c17.7 0 32-14.3 32-32l0-96c0-35.3-28.7-64-64-64L64 192c-35.3 0-64 28.7-64 64l0 96c0 17.7 14.3 32 32 32l32 0 0 64c0 35.3 28.7 64 64 64l256 0c35.3 0 64-28.7 64-64l0-64zM432 248a24 24 0 1 1 0 48 24 24 0 1 1 0-48z\"><\/path><\/svg>\n\n\n\n<h3 class=\"wp-block-heading has-text-align-center has-bleu-accent-color has-text-color has-link-color wp-elements-df12bbde98adc3b1855cd193e7d67d62\">Gestion de l&rsquo;image <br>pour le print<\/h3>\n\n\n\n<p class=\"has-text-align-center\">Une formation d\u2019un jour pour apprendre les techniques et les r\u00e8gles pour la gestion d\u2019images pour l\u2019impression.<\/p>\n<\/aside>\n<\/div>\n<\/div>\n<\/section>\n\n\n\n<section class=\"wp-block-group has-blanc-background-color has-background has-global-padding is-layout-constrained wp-block-group-is-layout-constrained\" style=\"padding-top:var(--wp--preset--spacing--60);padding-bottom:var(--wp--preset--spacing--60)\">\n<div class=\"wp-block-media-text has-media-on-the-right is-stacked-on-mobile\" style=\"grid-template-columns:auto 30%\"><div class=\"wp-block-media-text__content\">\n<h2 class=\"wp-block-heading\">Planning des formations individuelles <br>et\/ou personnalis\u00e9es<\/h2>\n\n\n\n<p>Si vous souhaitez une&nbsp;<strong>formation individuelle<\/strong>, ou une&nbsp;<strong>formation personnalis\u00e9e<\/strong>, ou une&nbsp;<strong>formation avec vos coll\u00e8gues<\/strong>, les dates seront \u00e0 convenir avec nos formateurs selon les disponibilit\u00e9s de chacun. Pour cela, merci de remplir le formulaire en indiquant ce que vous souhaitez comme formation.<\/p>\n\n\n\n<div class=\"wp-block-buttons is-layout-flex wp-block-buttons-is-layout-flex\">\n<div class=\"wp-block-button\"><a class=\"wp-block-button__link wp-element-button\" href=\"#formulaire\">Cliquez ici pour remplir le formulaire<\/a><\/div>\n<\/div>\n<\/div><figure class=\"wp-block-media-text__media\"><img loading=\"lazy\" decoding=\"async\" width=\"1024\" height=\"679\" src=\"https:\/\/www.interactiv-technologies.com\/app\/uploads\/2024\/02\/planning-formations-1024x679.png\" alt=\"\" class=\"wp-image-1668 size-full\" srcset=\"https:\/\/www.interactiv-technologies.com\/app\/uploads\/2024\/02\/planning-formations-1024x679.png 1024w, https:\/\/www.interactiv-technologies.com\/app\/uploads\/2024\/02\/planning-formations-300x199.png 300w, https:\/\/www.interactiv-technologies.com\/app\/uploads\/2024\/02\/planning-formations-768x509.png 768w, https:\/\/www.interactiv-technologies.com\/app\/uploads\/2024\/02\/planning-formations.png 1093w\" sizes=\"auto, (max-width: 1024px) 100vw, 1024px\" \/><\/figure><\/div>\n<\/section>\n\n\n\n<section class=\"wp-block-group has-blanc-background-color has-background has-global-padding is-layout-constrained wp-block-group-is-layout-constrained\" style=\"padding-top:var(--wp--preset--spacing--60);padding-bottom:var(--wp--preset--spacing--60)\">\n<div class=\"wp-block-media-text is-stacked-on-mobile\" style=\"grid-template-columns:30% auto\"><figure class=\"wp-block-media-text__media\"><img loading=\"lazy\" decoding=\"async\" width=\"1024\" height=\"690\" src=\"https:\/\/www.interactiv-technologies.com\/app\/uploads\/2024\/02\/formation-inter-entreprises-1024x690.png\" alt=\"\" class=\"wp-image-1634 size-full\" srcset=\"https:\/\/www.interactiv-technologies.com\/app\/uploads\/2024\/02\/formation-inter-entreprises-1024x690.png 1024w, https:\/\/www.interactiv-technologies.com\/app\/uploads\/2024\/02\/formation-inter-entreprises-300x202.png 300w, https:\/\/www.interactiv-technologies.com\/app\/uploads\/2024\/02\/formation-inter-entreprises-768x518.png 768w, https:\/\/www.interactiv-technologies.com\/app\/uploads\/2024\/02\/formation-inter-entreprises.png 1113w\" sizes=\"auto, (max-width: 1024px) 100vw, 1024px\" \/><\/figure><div class=\"wp-block-media-text__content\">\n<h2 class=\"wp-block-heading\">Planning des formations inter-entreprises<\/h2>\n\n\n\n<p>Voici les dates de formations que nous proposons en distanciel :<\/p>\n\n\n\n<ul class=\"wp-block-list\">\n<li>Formation Gestion de l&rsquo;image &#8211; 1 jour : <strong>12 mai 2026<\/strong><\/li>\n\n\n\n<li>Formation Basique EasyCatalog &#8211; 2 jours : <strong>9 et 10 juin 2026<\/strong><\/li>\n\n\n\n<li>Formation Basique InDesign &#8211; 2 jours : <strong>14 et 15 septembre 2026<\/strong><\/li>\n\n\n\n<li>Formation GREP &#8211; 1 jour : <strong>12 octobre 2026<\/strong><\/li>\n\n\n\n<li>Formation Basique InDesign &#8211; 2 jours :<strong> 16 et 17 novembre 2026<\/strong><\/li>\n\n\n\n<li>Formation Basique EasyCatalog &#8211; 2 jours :\u00a0<strong>14 et 15 d\u00e9cembre 2026<\/strong><\/li>\n<\/ul>\n\n\n\n<p>(6 personnes max. par session)<\/p>\n\n\n\n<p>Dans le cadre d\u2019un nombre insuffisant de stagiaires pour une session, celle-ci pourra \u00eatre annul\u00e9e et reprogramm\u00e9e ult\u00e9rieurement.<\/p>\n\n\n\n<p>Si vous souhaitez participer \u00e0 l\u2019une des ces formations, n\u2019h\u00e9sitez pas \u00e0 nous contacter&nbsp;via <a href=\"#formulaire\" data-type=\"internal\" data-id=\"#formulaire\">le formulaire en haut de page<\/a>, par mail : contact[at]interactiv.tech ou encore par t\u00e9l\u00e9phone au 0 970 24 89 90 (appel non surtax\u00e9 \u2013 prix d\u2019un appel local).<\/p>\n<\/div><\/div>\n<\/section>\n","protected":false},"excerpt":{"rendered":"<p>Planning de formations InDesign et\/ou EasyCatalog Pour les graphistes et professionnels de la mise en page, nous vous proposons&nbsp;diff\u00e9rentes formations&nbsp;pour vous aider \u00e0 r\u00e9aliser vos catalogues (formations InDesign et\/ou EasyCatalog). Nos formations sont certifi\u00e9es (Qualiopi) et peuvent donc \u00eatre&nbsp;prises en charge&nbsp;financi\u00e8rement jusqu\u2019\u00e0 100% (OPCO, dispositif FNE-Formations, \u2026). Nous proposons aussi des&nbsp;formations \u00e0 distance&nbsp;: n\u2019h\u00e9sitez pas [&hellip;]<\/p>\n","protected":false},"author":2,"featured_media":0,"parent":3047,"menu_order":0,"comment_status":"closed","ping_status":"closed","template":"","meta":{"_seopress_robots_primary_cat":"","_seopress_titles_title":"%%post_title%% %%sep%% %%sitetitle%%","_seopress_titles_desc":"","_seopress_robots_index":"","_it_page_product":"contact","_it_call_to_action":["{\"text\":\"T\u00e9l\u00e9chargez EasyCatalog\",\"url\":\"https:\/\/www.interactiv-technologies.com\/fr\/telecharger-easycatalog\/\"}","{\"text\":\"Parlons de votre projet\",\"url\":\"https:\/\/www.interactiv-technologies.com\/fr\/formation-easycatalog-adobe-indesign\/formulaire-projet-formation\/\"}","{\"text\":\"Obtenez votre tarif\",\"url\":\"https:\/\/www.interactiv-technologies.com\/fr\/formation-easycatalog-adobe-indesign\/prix-devis-formation\/\"}","{\"text\":\"\",\"url\":\"\"}"],"footnotes":""},"class_list":["post-964","page","type-page","status-publish","hentry"],"_links":{"self":[{"href":"https:\/\/www.interactiv-technologies.com\/fr\/wp-json\/wp\/v2\/pages\/964","targetHints":{"allow":["GET"]}}],"collection":[{"href":"https:\/\/www.interactiv-technologies.com\/fr\/wp-json\/wp\/v2\/pages"}],"about":[{"href":"https:\/\/www.interactiv-technologies.com\/fr\/wp-json\/wp\/v2\/types\/page"}],"author":[{"embeddable":true,"href":"https:\/\/www.interactiv-technologies.com\/fr\/wp-json\/wp\/v2\/users\/2"}],"replies":[{"embeddable":true,"href":"https:\/\/www.interactiv-technologies.com\/fr\/wp-json\/wp\/v2\/comments?post=964"}],"version-history":[{"count":72,"href":"https:\/\/www.interactiv-technologies.com\/fr\/wp-json\/wp\/v2\/pages\/964\/revisions"}],"predecessor-version":[{"id":17008,"href":"https:\/\/www.interactiv-technologies.com\/fr\/wp-json\/wp\/v2\/pages\/964\/revisions\/17008"}],"up":[{"embeddable":true,"href":"https:\/\/www.interactiv-technologies.com\/fr\/wp-json\/wp\/v2\/pages\/3047"}],"wp:attachment":[{"href":"https:\/\/www.interactiv-technologies.com\/fr\/wp-json\/wp\/v2\/media?parent=964"}],"curies":[{"name":"wp","href":"https:\/\/api.w.org\/{rel}","templated":true}]}}