{"id":956,"date":"2024-01-26T16:45:37","date_gmt":"2024-01-26T15:45:37","guid":{"rendered":"https:\/\/www.interactiv-technologies.com\/?page_id=956"},"modified":"2024-05-14T12:05:53","modified_gmt":"2024-05-14T10:05:53","slug":"politique-de-confidentialite-relative-aux-donnees-personnelles","status":"publish","type":"page","link":"https:\/\/www.interactiv-technologies.com\/fr\/politique-de-confidentialite-relative-aux-donnees-personnelles\/","title":{"rendered":"Politique de confidentialit\u00e9 relative aux donn\u00e9es personnelles"},"content":{"rendered":"\n<div class=\"wp-block-group alignfull has-bleu-accent-background-color has-background has-global-padding is-layout-constrained wp-block-group-is-layout-constrained\" style=\"padding-top:var(--wp--preset--spacing--40);padding-bottom:var(--wp--preset--spacing--60)\">\n<div class=\"wp-block-group alignwide has-blanc-color has-text-color has-link-color has-small-font-size wp-elements-c841a1b92e5602c57e0ccc8a7ec884c5 has-global-padding is-layout-constrained wp-block-group-is-layout-constrained\"><div class=\"alignwide wp-block-wpseopress-breadcrumbs\"><nav  aria-label=\"Fil d&#039;Ariane\"><ol class=\"breadcrumb\" itemscope itemtype=\"https:\/\/schema.org\/BreadcrumbList\"><li class=\"breadcrumb-item active\" aria-current=\"page\" itemprop=\"itemListElement\" itemscope itemtype=\"https:\/\/schema.org\/ListItem\"><span itemprop=\"name\">Accueil<\/span><meta itemprop=\"position\" content=\"1\"><\/li><\/ol><\/nav><\/div><\/div>\n\n\n\n<h1 class=\"wp-block-heading has-text-align-center has-blanc-color has-text-color has-link-color wp-elements-23251e19f2cb177d7efbbaf63a55dba0\">Politique de confidentialit\u00e9 relative aux donn\u00e9es personnelles<\/h1>\n<\/div>\n\n\n\n<p>Interactiv\u2019 Technologies accorde une grande importance \u00e0 la protection de vos donn\u00e9es personnelles.<\/p>\n\n\n\n<p>Par le biais de cette charte, nous souhaitons informer nos clients et prospects (\u00ab Vous \u00bb) des moyens mis en \u0153uvre et des finalit\u00e9s poursuivies dans le cadre de la collecte de vos donn\u00e9es personnelles, conform\u00e9ment \u00e0 la r\u00e9glementation en vigueur en France et au sein de l\u2019Union europ\u00e9enne.<\/p>\n\n\n\n<p>Cette charte s\u2019applique \u00e0 tous les services propos\u00e9s par Interactiv\u2019 Technologies (\u00ab Nous \u00bb). Tout produit ou service propos\u00e9 par Interactiv\u2019 Technologies peut \u00eatre compl\u00e9t\u00e9 par des r\u00e8gles sp\u00e9cifiques.<\/p>\n\n\n\n<p>\u00c0 tout moment, vous pouvez nous contacter \u00e0 l\u2019adresse \u00e9lectronique suivante :&nbsp;<a href=\"mailto:vieprivee@interactiv-technologies.com\">vieprivee@interactiv-technologies.com<\/a><\/p>\n\n\n\n<hr class=\"wp-block-separator has-alpha-channel-opacity\"\/>\n\n\n\n<details class=\"wp-block-details is-layout-flow wp-block-details-is-layout-flow\" open><summary>1. Editeur<\/summary>\n<div class=\"wp-block-group has-global-padding is-layout-constrained wp-container-core-group-is-layout-ba75fb5d wp-block-group-is-layout-constrained\" style=\"border-radius:0px;border-left-color:var(--wp--preset--color--bleu-accent);border-left-width:5px;padding-left:var(--wp--preset--spacing--50)\">\n<p>Interactiv\u2019 Technologies<\/p>\n\n\n\n<ul class=\"wp-block-list\">\n<li>Si\u00e8ge social : 5 all\u00e9e des S\u00e9quoias, 69760 Limonest, FRANCE<\/li>\n\n\n\n<li>T\u00e9l\u00e9phone : 09 70 24 89 90<\/li>\n\n\n\n<li>Repr\u00e9sentant l\u00e9gal : M. Christian ROUSSET<\/li>\n\n\n\n<li>Directeur de la publication : M. Christian ROUSSET<\/li>\n<\/ul>\n<\/div>\n<\/details>\n\n\n\n<details class=\"wp-block-details is-layout-flow wp-block-details-is-layout-flow\"><summary>2. Principes g\u00e9n\u00e9raux<\/summary>\n<div class=\"wp-block-group has-global-padding is-layout-constrained wp-block-group-is-layout-constrained\">\n<div class=\"wp-block-group has-global-padding is-layout-constrained wp-container-core-group-is-layout-ba75fb5d wp-block-group-is-layout-constrained\" style=\"border-radius:0px;border-left-color:var(--wp--preset--color--bleu-accent);border-left-width:5px;padding-left:var(--wp--preset--spacing--50)\">\n<p>Dans le cadre de votre navigation sur notre site internet, vous pouvez \u00eatre amen\u00e9s \u00e0 nous communiquer des donn\u00e9es \u00e0 caract\u00e8re personnel. Chez Interactiv\u2019 Technologies, nous nous engageons \u00e0 respecter scrupuleusement la confiance que vous nous accordez et \u00e0 nous conformer, dans la collecte et la gestion de vos donn\u00e9es \u00e0 caract\u00e8re personnel \u00e0 la loi \u00ab&nbsp;Information et Libert\u00e9s&nbsp;\u00bb en vigueur.<\/p>\n<\/div>\n<\/div>\n<\/details>\n\n\n\n<details class=\"wp-block-details is-layout-flow wp-block-details-is-layout-flow\"><summary>3. Quand traitons-nous les donn\u00e9es ?<\/summary>\n<div class=\"wp-block-group has-global-padding is-layout-constrained wp-container-core-group-is-layout-ba75fb5d wp-block-group-is-layout-constrained\" style=\"border-radius:0px;border-left-color:var(--wp--preset--color--bleu-accent);border-left-width:5px;padding-left:var(--wp--preset--spacing--50)\">\n<p>Les donn\u00e9es vous concernant sont collect\u00e9es et trait\u00e9es lorsque vous remplissez un ou plusieurs formulaire(s) sur notre site\u00a0<a href=\"https:\/\/www.interactiv-technologies.com\/\">www.interactiv-technologies.com<\/a><a href=\"http:\/\/interactiv-technologies.com\/\"><\/a>\u00a0ou sur nos diff\u00e9rentes solutions logicielles (Interactiv\u2019 Doc, Interactiv\u2019 DataBase, Interactiv\u2019 Publisher et autres).<\/p>\n<\/div>\n<\/details>\n\n\n\n<details class=\"wp-block-details is-layout-flow wp-block-details-is-layout-flow\"><summary>4. Quelle cat\u00e9gorie de donn\u00e9es collect\u00e9es traitons-nous ?<\/summary>\n<div class=\"wp-block-group has-global-padding is-layout-constrained wp-block-group-is-layout-constrained\">\n<div class=\"wp-block-group has-global-padding is-layout-constrained wp-container-core-group-is-layout-ba75fb5d wp-block-group-is-layout-constrained\" style=\"border-radius:0px;border-left-color:var(--wp--preset--color--bleu-accent);border-left-width:5px;padding-left:var(--wp--preset--spacing--50)\">\n<p>Le type de donn\u00e9es \u00e0 caract\u00e8re personnel concerne le nom de votre soci\u00e9t\u00e9, votre identit\u00e9 et vos coordonn\u00e9es de contact : soci\u00e9t\u00e9, nom, pr\u00e9nom, email, t\u00e9l\u00e9phone, civilit\u00e9, fonction, adresse, code postal, ville, pays.<\/p>\n<\/div>\n<\/div>\n<\/details>\n\n\n\n<details class=\"wp-block-details is-layout-flow wp-block-details-is-layout-flow\"><summary>5. Pour quelles finalit\u00e9s les donn\u00e9es sont-elles collect\u00e9es ?<\/summary>\n<div class=\"wp-block-group has-global-padding is-layout-constrained wp-container-core-group-is-layout-ba75fb5d wp-block-group-is-layout-constrained\" style=\"border-radius:0px;border-left-color:var(--wp--preset--color--bleu-accent);border-left-width:5px;padding-left:var(--wp--preset--spacing--50)\">\n<p>Vos donn\u00e9es sont collect\u00e9es pour le besoin des services propos\u00e9s par Interactiv\u2019 Technologies.<br>Ce site permet, via nos formulaires de contact en ligne, de recevoir les demandes de devis, d\u00e9monstrations et test des internautes ; les donn\u00e9es collect\u00e9es \u00e0 cette occasion sont enregistr\u00e9es dans une base de donn\u00e9es de prospects.<\/p>\n<\/div>\n<\/details>\n\n\n\n<details class=\"wp-block-details is-layout-flow wp-block-details-is-layout-flow\"><summary>6. \u00c0 qui sont sont-elles transmises ?<\/summary>\n<div class=\"wp-block-group has-global-padding is-layout-constrained wp-block-group-is-layout-constrained\">\n<div class=\"wp-block-group has-global-padding is-layout-constrained wp-container-core-group-is-layout-ba75fb5d wp-block-group-is-layout-constrained\" style=\"border-radius:0px;border-left-color:var(--wp--preset--color--bleu-accent);border-left-width:5px;padding-left:var(--wp--preset--spacing--50)\">\n<p>Les donn\u00e9es trait\u00e9es sont destin\u00e9es exclusivement \u00e0 Interactiv\u2019 Technologies pour celles collect\u00e9es dans le cadre des relations commerciales de l\u2019entreprise.<\/p>\n\n\n\n<p>Celles collect\u00e9es par l\u2019utilisation des produits d\u2019Interactiv\u2019 Technologies sont mises \u00e0 disposition exclusive des utilisateurs de nos solutions.<\/p>\n\n\n\n<p>L\u2019acc\u00e8s aux donn\u00e9es \u00e0 caract\u00e8re personnel de l\u2019utilisateur est r\u00e9serv\u00e9 aux personnes habilit\u00e9es par le responsable du traitement qui doivent y acc\u00e9der en raison de leur mission et pour l\u2019accomplissement de cette derni\u00e8re.<\/p>\n\n\n\n<p>Par ailleurs, les personnes habilit\u00e9es sont soumises au respect d\u2019une stricte confidentialit\u00e9 concernant l\u2019ensemble des donn\u00e9es \u00e0 caract\u00e8re personnel relatives aux utilisateurs dont ils ont connaissance lors de l\u2019exercice de leur fonction.<\/p>\n<\/div>\n<\/div>\n<\/details>\n\n\n\n<details class=\"wp-block-details is-layout-flow wp-block-details-is-layout-flow\"><summary>7. Combien de temps les donn\u00e9es sont-elles conserv\u00e9es ?<\/summary>\n<div class=\"wp-block-group has-global-padding is-layout-constrained wp-container-core-group-is-layout-ba75fb5d wp-block-group-is-layout-constrained\" style=\"border-radius:0px;border-left-color:var(--wp--preset--color--bleu-accent);border-left-width:5px;padding-left:var(--wp--preset--spacing--50)\">\n<p>Les donn\u00e9es sont conserv\u00e9es pendant une dur\u00e9e fixe de 10 ann\u00e9es \u00e0 compter de la fin de la relation commerciale.<\/p>\n<\/div>\n<\/details>\n\n\n\n<details class=\"wp-block-details is-layout-flow wp-block-details-is-layout-flow\"><summary>8. O\u00f9 sont-elles stock\u00e9es ?<\/summary>\n<div class=\"wp-block-group has-global-padding is-layout-constrained wp-block-group-is-layout-constrained\">\n<div class=\"wp-block-group has-global-padding is-layout-constrained wp-container-core-group-is-layout-ba75fb5d wp-block-group-is-layout-constrained\" style=\"border-radius:0px;border-left-color:var(--wp--preset--color--bleu-accent);border-left-width:5px;padding-left:var(--wp--preset--spacing--50)\">\n<p>Les donn\u00e9es trait\u00e9es sont conserv\u00e9es sur nos outils logiciels internes.<\/p>\n<\/div>\n<\/div>\n<\/details>\n\n\n\n<details class=\"wp-block-details is-layout-flow wp-block-details-is-layout-flow\"><summary>9. Quels sont vos droits ?<\/summary>\n<div class=\"wp-block-group has-global-padding is-layout-constrained wp-container-core-group-is-layout-ba75fb5d wp-block-group-is-layout-constrained\" style=\"border-radius:0px;border-left-color:var(--wp--preset--color--bleu-accent);border-left-width:5px;padding-left:var(--wp--preset--spacing--50)\">\n<p>Interactiv\u2019 Technologies s\u2019engage \u00e0 respecter scrupuleusement la confiance que vous lui accordez quant \u00e0 l\u2019utilisation des informations personnelles que vous pouvez \u00eatre amen\u00e9 \u00e0 lui communiquer dans le cadre de votre navigation sur son site. Conform\u00e9ment aux dispositions des lois informatiques relatives \u00e0 l\u2019informatique, aux fichiers et aux libert\u00e9s, et \u00e0 celles du R\u00e8glement G\u00e9n\u00e9ral sur la Protection des Donn\u00e9es, tout utilisateur dispose :<\/p>\n\n\n\n<ul class=\"wp-block-list\">\n<li> d\u2019un droit d\u2019acc\u00e8s \u00e0 ses donn\u00e9es personnelles;<\/li>\n\n\n\n<li>d\u2019un droit de rectification et de suppression de ses donn\u00e9es personnelles;<\/li>\n\n\n\n<li>d\u2019un droit d\u2019opposition au traitement de ses donn\u00e9es personnelles pour des motifs l\u00e9gitimes;<\/li>\n\n\n\n<li>d\u2019un droit de limitation du traitement de ses donn\u00e9es personnelles;<\/li>\n\n\n\n<li>d\u2019un droit de portabilit\u00e9 de ses donn\u00e9es personnelles;<\/li>\n\n\n\n<li>d\u2019un droit de d\u00e9finir des directives relatives \u00e0 la conservation, l\u2019effacement et la communication de ses donn\u00e9es personnelles apr\u00e8s sa mort.<\/li>\n<\/ul>\n\n\n\n<p>Par ailleurs, la loi \u00ab&nbsp;Informatique et Libert\u00e9s&nbsp;\u00bb impose des obligations aux utilisateurs de donn\u00e9es personnelles. Il est rappel\u00e9 qu\u2019avant toute collecte et utilisation de donn\u00e9es personnelles, le responsable de traitement doit annoncer aux personnes concern\u00e9es ce \u00e0 quoi elles vont lui servir.<\/p>\n\n\n\n<p>Pour en savoir plus sur vos droits :&nbsp;<a href=\"https:\/\/www.cnil.fr\/fr\/les-droits-pour-maitriser-vos-donnees-personnelles\">https:\/\/www.cnil.fr\/fr\/les-droits-pour-maitriser-vos-donnees-personnelles<\/a><\/p>\n<\/div>\n<\/details>\n\n\n\n<details class=\"wp-block-details is-layout-flow wp-block-details-is-layout-flow\"><summary>10. Quelles sont les mesures de s\u00e9curit\u00e9 mises en \u0153uvre ?<\/summary>\n<div class=\"wp-block-group has-global-padding is-layout-constrained wp-block-group-is-layout-constrained\">\n<div class=\"wp-block-group has-global-padding is-layout-constrained wp-container-core-group-is-layout-ba75fb5d wp-block-group-is-layout-constrained\" style=\"border-radius:0px;border-left-color:var(--wp--preset--color--bleu-accent);border-left-width:5px;padding-left:var(--wp--preset--spacing--50)\">\n<p>Soucieux de garantir la s\u00e9curit\u00e9 des donn\u00e9es de nos utilisateurs, nous prenons toutes les pr\u00e9cautions utiles qu\u2019elles soient physiques, logistiques, administratives ou organisationnelles, au regard de la nature des donn\u00e9es que nous traitons et des risques pr\u00e9sent\u00e9s par les diff\u00e9rents traitements, pour pr\u00e9server la s\u00e9curit\u00e9 des donn\u00e9es et, emp\u00eacher qu\u2019elles soient d\u00e9form\u00e9es, endommag\u00e9es ou que des tiers non autoris\u00e9s y aient acc\u00e8s.<\/p>\n\n\n\n<p>Parmi ces mesures figurent notamment :<\/p>\n\n\n\n<ul class=\"wp-block-list\">\n<li>la gestion des habilitations pour l\u2019acc\u00e8s aux donn\u00e9es<\/li>\n\n\n\n<li>la confidentialit\u00e9 des \u00e9changes assur\u00e9e par un protocole SSL<\/li>\n<\/ul>\n<\/div>\n<\/div>\n<\/details>\n\n\n\n<details class=\"wp-block-details is-layout-flow wp-block-details-is-layout-flow\"><summary>11. Cookies sur notre site<\/summary>\n<div class=\"wp-block-group has-global-padding is-layout-constrained wp-container-core-group-is-layout-ba75fb5d wp-block-group-is-layout-constrained\" style=\"border-radius:0px;border-left-color:var(--wp--preset--color--bleu-accent);border-left-width:5px;padding-left:var(--wp--preset--spacing--50)\">\n<p>Pour votre information, nous utilisons des cookies sur notre site web.<\/p>\n<\/div>\n<\/details>\n\n\n\n<details class=\"wp-block-details is-layout-flow wp-block-details-is-layout-flow\"><summary>12. Mise \u00e0 jour de la politique de protection des donn\u00e9es<\/summary>\n<div class=\"wp-block-group has-global-padding is-layout-constrained wp-block-group-is-layout-constrained\">\n<div class=\"wp-block-group has-global-padding is-layout-constrained wp-container-core-group-is-layout-ba75fb5d wp-block-group-is-layout-constrained\" style=\"border-radius:0px;border-left-color:var(--wp--preset--color--bleu-accent);border-left-width:5px;padding-left:var(--wp--preset--spacing--50)\">\n<p>La politique de confidentialit\u00e9 est susceptible d\u2019\u00eatre modifi\u00e9e ou am\u00e9nag\u00e9e \u00e0 tout moment.<\/p>\n\n\n\n<p>Derni\u00e8re modification : &nbsp;le 09 f\u00e9vrier 2021<\/p>\n<\/div>\n<\/div>\n<\/details>\n","protected":false},"excerpt":{"rendered":"<p>Politique de confidentialit\u00e9 relative aux donn\u00e9es personnelles Interactiv\u2019 Technologies accorde une grande importance \u00e0 la protection de vos donn\u00e9es personnelles. Par le biais de cette charte, nous souhaitons informer nos clients et prospects (\u00ab Vous \u00bb) des moyens mis en \u0153uvre et des finalit\u00e9s poursuivies dans le cadre de la collecte de vos donn\u00e9es personnelles, [&hellip;]<\/p>\n","protected":false},"author":2,"featured_media":0,"parent":0,"menu_order":0,"comment_status":"closed","ping_status":"closed","template":"","meta":{"_seopress_robots_primary_cat":"","_seopress_titles_title":"%%post_title%% %%sep%% %%sitetitle%%","_seopress_titles_desc":"","_seopress_robots_index":"","_it_page_product":"contact","_it_call_to_action":["{\"text\":\"\",\"url\":\"\"}","{\"text\":\"\",\"url\":\"\"}","{\"text\":\"\",\"url\":\"\"}","{\"text\":\"\",\"url\":\"\"}"],"footnotes":""},"class_list":["post-956","page","type-page","status-publish","hentry"],"_links":{"self":[{"href":"https:\/\/www.interactiv-technologies.com\/fr\/wp-json\/wp\/v2\/pages\/956","targetHints":{"allow":["GET"]}}],"collection":[{"href":"https:\/\/www.interactiv-technologies.com\/fr\/wp-json\/wp\/v2\/pages"}],"about":[{"href":"https:\/\/www.interactiv-technologies.com\/fr\/wp-json\/wp\/v2\/types\/page"}],"author":[{"embeddable":true,"href":"https:\/\/www.interactiv-technologies.com\/fr\/wp-json\/wp\/v2\/users\/2"}],"replies":[{"embeddable":true,"href":"https:\/\/www.interactiv-technologies.com\/fr\/wp-json\/wp\/v2\/comments?post=956"}],"version-history":[{"count":13,"href":"https:\/\/www.interactiv-technologies.com\/fr\/wp-json\/wp\/v2\/pages\/956\/revisions"}],"predecessor-version":[{"id":5270,"href":"https:\/\/www.interactiv-technologies.com\/fr\/wp-json\/wp\/v2\/pages\/956\/revisions\/5270"}],"wp:attachment":[{"href":"https:\/\/www.interactiv-technologies.com\/fr\/wp-json\/wp\/v2\/media?parent=956"}],"curies":[{"name":"wp","href":"https:\/\/api.w.org\/{rel}","templated":true}]}}