{"id":8069,"date":"2024-10-11T14:09:28","date_gmt":"2024-10-11T12:09:28","guid":{"rendered":"https:\/\/www.interactiv-technologies.com\/?page_id=8069"},"modified":"2024-10-15T10:55:39","modified_gmt":"2024-10-15T08:55:39","slug":"nouveautes-adobe-indesign-cc-2025","status":"publish","type":"page","link":"https:\/\/www.interactiv-technologies.com\/fr\/automatisation-catalogues-indesign\/nouveautes-adobe-indesign-cc-2025\/","title":{"rendered":"Nouveaut\u00e9s Adobe InDesign CC 2025"},"content":{"rendered":"\n<div class=\"wp-block-group alignfull has-violet-accent-background-color has-background has-global-padding is-layout-constrained wp-block-group-is-layout-constrained\" style=\"padding-top:var(--wp--preset--spacing--40);padding-bottom:var(--wp--preset--spacing--60)\">\n<div class=\"wp-block-group alignwide has-blanc-color has-text-color has-link-color has-small-font-size wp-elements-bf8c93ea3ef9660c3f317439d4e72dba has-global-padding is-layout-constrained wp-block-group-is-layout-constrained\"><div class=\"alignwide wp-block-wpseopress-breadcrumbs\"><nav  aria-label=\"Fil d&#039;Ariane\"><ol class=\"breadcrumb\" itemscope itemtype=\"https:\/\/schema.org\/BreadcrumbList\"><li class=\"breadcrumb-item active\" aria-current=\"page\" itemprop=\"itemListElement\" itemscope itemtype=\"https:\/\/schema.org\/ListItem\"><span itemprop=\"name\">Accueil<\/span><meta itemprop=\"position\" content=\"1\"><\/li><\/ol><\/nav><\/div><\/div>\n\n\n\n<h1 class=\"wp-block-heading has-text-align-center has-blanc-color has-text-color has-link-color wp-elements-ce11fcc128d77cfa29de96c8678b941d\">Nouveaut\u00e9s InDesign CC 2025<\/h1>\n<\/div>\n\n\n\n<div class=\"wp-block-columns is-layout-flex wp-container-core-columns-is-layout-e477a36d wp-block-columns-is-layout-flex\" style=\"padding-bottom:var(--wp--preset--spacing--60)\">\n<div class=\"wp-block-column is-layout-flow wp-block-column-is-layout-flow\" style=\"flex-basis:66.66%\">\n<h2 class=\"wp-block-heading\">Ce qu\u2019annonce la version CC 2025 d\u2019InDesign<\/h2>\n\n\n\n<p><strong>Adobe vient de d\u00e9voiler la mise \u00e0 jour d&rsquo;InDesign version CC 2025 !<\/strong> Pour vous aider \u00e0 d\u00e9couvrir les derni\u00e8res fonctionnalit\u00e9s et am\u00e9liorations de cette nouvelle version, retrouvez ci-dessous un r\u00e9sum\u00e9 des nouveaut\u00e9s :<\/p>\n\n\n\n<ul class=\"wp-block-list\">\n<li>Am\u00e9lioration de la collaboration,<\/li>\n\n\n\n<li>Cr\u00e9ativit\u00e9 cibl\u00e9e,<\/li>\n\n\n\n<li>Automatisation et IA,<\/li>\n\n\n\n<li>&#8230;<\/li>\n<\/ul>\n\n\n\n<figure class=\"wp-block-image alignleft size-large is-resized\"><img loading=\"lazy\" decoding=\"async\" width=\"1024\" height=\"998\" src=\"https:\/\/www.interactiv-technologies.com\/app\/uploads\/2024\/02\/Logo_InDesign_CC21_icon.svg_-1024x998.png\" alt=\"\" class=\"wp-image-1751\" style=\"width:125px;height:auto\" srcset=\"https:\/\/www.interactiv-technologies.com\/app\/uploads\/2024\/02\/Logo_InDesign_CC21_icon.svg_-1024x998.png 1024w, https:\/\/www.interactiv-technologies.com\/app\/uploads\/2024\/02\/Logo_InDesign_CC21_icon.svg_-300x293.png 300w, https:\/\/www.interactiv-technologies.com\/app\/uploads\/2024\/02\/Logo_InDesign_CC21_icon.svg_-768x749.png 768w, https:\/\/www.interactiv-technologies.com\/app\/uploads\/2024\/02\/Logo_InDesign_CC21_icon.svg_.png 1200w\" sizes=\"auto, (max-width: 1024px) 100vw, 1024px\" \/><\/figure>\n<\/div>\n\n\n\n<div class=\"wp-block-column is-layout-flow wp-block-column-is-layout-flow\" style=\"flex-basis:33.33%\">\n<div class=\"wp-block-group has-global-padding is-layout-constrained wp-block-group-is-layout-constrained\">\n<form class=\"wp-block-interactiv-technologies-it-form needs-validation it-pattern-form-simple it-pattern-form-simple--msg it-pattern-card\" novalidate action=\"\" method=\"post\" enctype=\"multipart\/form-data\"><div class=\"it-form-ribbon\">D\u00e9di\u00e9 aux professionnels<\/div>\n<p class=\"it-form-title\">Parlons de votre projet !<\/p>\n\n\n\n<div class=\"wp-block-group has-global-padding is-layout-constrained wp-container-core-group-is-layout-7bc66994 wp-block-group-is-layout-constrained\">\n<div class=\"wp-block-interactiv-technologies-it-field it-form-field it-form-field-status it-form-field--required it-form-field--is-floating form-floating is-style-floating\" data-field-name=\"status\" data-field-type=\"status\" data-field-label=\"Vous \u00eates\" data-field-required=\"true\"><select id=\"it_form_status\" class=\"it-form-field-control form-select\" name=\"status\" required><option value=\"\" disabled selected>S\u00e9lectionner un statut<\/option><option value=\"company\">Une soci\u00e9t\u00e9<\/option><option value=\"agency\">Une agence<\/option><option value=\"freelance\">Un(e) freelance<\/option><option value=\"association\">Une association<\/option><option value=\"individual\">Un particulier<\/option><\/select><label class=\"it-form-field-label\" for=\"it_form_status\">Vous \u00eates<\/label><div class=\"invalid-feedback\"><\/div><\/div>\n\n\n\n<div class=\"wp-block-interactiv-technologies-it-field it-form-field it-form-field-text it-form-field--is-floating form-floating is-style-floating\" data-field-name=\"society\" data-field-type=\"text\" data-field-label=\"Soci\u00e9t\u00e9\" data-field-required=\"false\"><input id=\"it_form_society\" class=\"it-form-field-control form-control\" type=\"text\" name=\"society\" placeholder=\"Soci\u00e9t\u00e9\"\/><label class=\"it-form-field-label\" for=\"it_form_society\">Soci\u00e9t\u00e9<\/label><div class=\"invalid-feedback\"><\/div><\/div>\n\n\n\n<div class=\"wp-block-interactiv-technologies-it-field it-form-field it-form-field-text it-form-field--required it-form-field--is-floating form-floating is-style-floating\" data-field-name=\"identity\" data-field-type=\"text\" data-field-label=\"Nom Pr\u00e9nom\" data-field-required=\"true\"><input id=\"it_form_identity\" class=\"it-form-field-control form-control\" type=\"text\" name=\"identity\" placeholder=\"Nom Pr\u00e9nom\" required\/><label class=\"it-form-field-label\" for=\"it_form_identity\">Nom Pr\u00e9nom<\/label><div class=\"invalid-feedback\"><\/div><\/div>\n\n\n\n<div class=\"wp-block-interactiv-technologies-it-field it-form-field it-form-field-email it-form-field--required it-form-field--is-floating form-floating is-style-floating\" data-field-name=\"mail\" data-field-type=\"email\" data-field-label=\"E-mail\" data-field-required=\"true\"><input id=\"it_form_mail\" class=\"it-form-field-control form-control\" type=\"email\" name=\"mail\" placeholder=\"\" required\/><label class=\"it-form-field-label\" for=\"it_form_mail\">E-mail<\/label><div class=\"invalid-feedback\"><\/div><\/div>\n\n\n\n<div class=\"wp-block-interactiv-technologies-it-field it-form-field it-form-field-text it-form-field--required it-form-field--is-floating form-floating is-style-floating\" data-field-name=\"phone\" data-field-type=\"text\" data-field-label=\"T\u00e9l\u00e9phone\" data-field-required=\"true\"><input id=\"it_form_phone\" class=\"it-form-field-control form-control\" type=\"text\" name=\"phone\" placeholder=\"T\u00e9l\u00e9phone\" required\/><label class=\"it-form-field-label\" for=\"it_form_phone\">T\u00e9l\u00e9phone<\/label><div class=\"invalid-feedback\"><\/div><\/div>\n\n\n\n<div class=\"wp-block-interactiv-technologies-it-field it-form-field it-form-field-textarea it-form-field--is-floating form-floating is-style-floating\" data-field-name=\"msg\" data-field-type=\"textarea\" data-field-label=\"Message (facultatif)\" data-field-required=\"false\"><textarea id=\"it_form_msg\" class=\"it-form-field-control form-control\" name=\"msg\" placeholder=\"Message\" style=\"height:4.2rem\"><\/textarea><label class=\"it-form-field-label\" for=\"it_form_msg\">Message (facultatif)<\/label><div class=\"invalid-feedback\"><\/div><\/div>\n\n\n\n<div class=\"wp-block-interactiv-technologies-it-field it-form-field it-form-field-consent it-form-field--consent form-check it-form-field--required\" data-field-name=\"consent\" data-field-type=\"consent\" data-field-label=\"\" data-field-required=\"true\" style=\"margin-top:var(--wp--preset--spacing--30)\"><input id=\"it_form_consent\" class=\"it-form-field-control form-check-input\" type=\"checkbox\" name=\"consent\" value=\"ok\" required\/><label class=\"it-form-field-inputs-label form-check-label\" for=\"it_form_consent\">En soumettant ce formulaire, j\u2019accepte que les informations saisies soient exploit\u00e9es dans le cadre de la demande de d\u00e9monstration et la relation commerciale qui peut en d\u00e9couler.<br \/>\r\nPour connaitre et exercer vos droits, veuillez consulter notre <a href=\"https:\/\/www.interactiv-technologies.com\/fr\/politique-de-confidentialite-relative-aux-donnees-personnelles\/\">politique de confidentialit\u00e9<\/a>.<\/label><div class=\"invalid-feedback\"><\/div><\/div>\n<\/div>\n<div class=\"wp-block-interactiv-technologies-it-field it-form-field it-form-field-email it-form-field--is-floating form-floating is-style-floating hasNoName\" data-field-name=\"mail_double_check\" data-field-type=\"email\" data-field-label=\"Enter email again\" data-field-required=\"false\"><input class=\"it-form-field-control form-control\" type=\"email\" name=\"mail_double_check\" id=\"it_form_mail_double_check\" placeholder=\"Enter email again\"\/><label class=\"it-form-field-label\" for=\"it_form_mail_double_check\">Enter email again<\/label><div class=\"invalid-feedback\"><\/div><\/div><input type=\"hidden\" name=\"name\" value=\"Formulaire de contact\"\/><input type=\"hidden\" name=\"product\" value=\"itpublisher\"\/><input type=\"hidden\" name=\"tpl\" value=\"2710\"\/><input type=\"hidden\" name=\"landing\" value=\"950\"\/><button class=\"btn-form-submit it-form-submit-btn\" type=\"submit\">Je valide<\/button><input type=\"hidden\" id=\"_wpnonce\" name=\"_wpnonce\" value=\"af7bbb042b\" \/><input type=\"hidden\" name=\"_wp_http_referer\" value=\"\/fr\/wp-json\/wp\/v2\/pages\/8069\" \/><\/form>\n<\/div>\n<\/div>\n<\/div>\n\n\n\n<section class=\"wp-block-group alignfull has-gris-clair-background-color has-background has-global-padding is-layout-constrained wp-container-core-group-is-layout-5e1fba9a wp-block-group-is-layout-constrained\" style=\"min-height:0px;margin-top:0;margin-bottom:0;padding-top:3rem;padding-right:0;padding-bottom:3rem;padding-left:0\">\n<h2 class=\"wp-block-heading has-text-align-center\" style=\"padding-top:0;padding-bottom:var(--wp--preset--spacing--60);text-transform:none\">Les principales nouveaut\u00e9s de la version InDesign CC 2025<\/h2>\n\n\n\n<div class=\"wp-block-columns is-layout-flex wp-container-core-columns-is-layout-e477a36d wp-block-columns-is-layout-flex\" style=\"padding-bottom:var(--wp--preset--spacing--60)\">\n<div class=\"wp-block-column is-layout-flow wp-block-column-is-layout-flow\">\n<aside class=\"wp-block-group it-pattern-card has-blanc-background-color has-background is-vertical is-content-justification-center is-layout-flex wp-container-core-group-is-layout-ce155fab wp-block-group-is-layout-flex\" style=\"min-height:100%\">\n<svg aria-hidden=\"true\" focusable=\"false\" data-prefix=\"fas\" data-icon=\"handshake\" class=\"svg-inline--fa fa-handshake fa-3x wp-block-interactiv-technologies-it-fa-icon\" role=\"img\" xmlns=\"http:\/\/www.w3.org\/2000\/svg\" viewBox=\"0 0 640 512\" style=\"width:1em\"><path fill=\"currentColor\" d=\"M323.4 85.2l-96.8 78.4c-16.1 13-19.2 36.4-7 53.1c12.9 17.8 38 21.3 55.3 7.8l99.3-77.2c7-5.4 17-4.2 22.5 2.8s4.2 17-2.8 22.5l-20.9 16.2L512 316.8 512 128l-.7 0-3.9-2.5L434.8 79c-15.3-9.8-33.2-15-51.4-15c-21.8 0-43 7.5-60 21.2zm22.8 124.4l-51.7 40.2C263 274.4 217.3 268 193.7 235.6c-22.2-30.5-16.6-73.1 12.7-96.8l83.2-67.3c-11.6-4.9-24.1-7.4-36.8-7.4C234 64 215.7 69.6 200 80l-72 48 0 224 28.2 0 91.4 83.4c19.6 17.9 49.9 16.5 67.8-3.1c5.5-6.1 9.2-13.2 11.1-20.6l17 15.6c19.5 17.9 49.9 16.6 67.8-2.9c4.5-4.9 7.8-10.6 9.9-16.5c19.4 13 45.8 10.3 62.1-7.5c17.9-19.5 16.6-49.9-2.9-67.8l-134.2-123zM16 128c-8.8 0-16 7.2-16 16L0 352c0 17.7 14.3 32 32 32l32 0c17.7 0 32-14.3 32-32l0-224-80 0zM48 320a16 16 0 1 1 0 32 16 16 0 1 1 0-32zM544 128l0 224c0 17.7 14.3 32 32 32l32 0c17.7 0 32-14.3 32-32l0-208c0-8.8-7.2-16-16-16l-80 0zm32 208a16 16 0 1 1 32 0 16 16 0 1 1 -32 0z\"><\/path><\/svg>\n\n\n\n<h3 class=\"wp-block-heading has-text-align-center\">Am\u00e9lioration de la collaboration<\/h3>\n\n\n\n<p class=\"has-text-align-center\">Vous pouvez inviter des collaborateurs \u00e0 modifier vos documents en ligne \u00e0 partir de l\u2019application de bureau InDesign. Vous pouvez \u00e9galement cr\u00e9er des liens publics pour consulter votre document en ligne n\u2019importe o\u00f9 et n\u2019importe quand.&nbsp;<\/p>\n<\/aside>\n<\/div>\n\n\n\n<div class=\"wp-block-column is-layout-flow wp-block-column-is-layout-flow\">\n<aside class=\"wp-block-group it-pattern-card has-blanc-background-color has-background is-vertical is-content-justification-center is-layout-flex wp-container-core-group-is-layout-ce155fab wp-block-group-is-layout-flex\" style=\"min-height:100%\">\n<svg aria-hidden=\"true\" focusable=\"false\" data-prefix=\"fas\" data-icon=\"paintbrush\" class=\"svg-inline--fa fa-paintbrush fa-3x wp-block-interactiv-technologies-it-fa-icon\" role=\"img\" xmlns=\"http:\/\/www.w3.org\/2000\/svg\" viewBox=\"0 0 576 512\" style=\"width:1em\"><path fill=\"currentColor\" d=\"M339.3 367.1c27.3-3.9 51.9-19.4 67.2-42.9L568.2 74.1c12.6-19.5 9.4-45.3-7.6-61.2S517.7-4.4 499.1 9.6L262.4 187.2c-24 18-38.2 46.1-38.4 76.1L339.3 367.1zm-19.6 25.4l-116-104.4C143.9 290.3 96 339.6 96 400c0 3.9 .2 7.8 .6 11.6C98.4 429.1 86.4 448 68.8 448L64 448c-17.7 0-32 14.3-32 32s14.3 32 32 32l144 0c61.9 0 112-50.1 112-112c0-2.5-.1-5-.2-7.5z\"><\/path><\/svg>\n\n\n\n<h3 class=\"wp-block-heading has-text-align-center\">Cr\u00e9ativit\u00e9 cibl\u00e9e<\/h3>\n\n\n\n<p class=\"has-text-align-center\">La barre des t\u00e2ches contextuelle vous aide \u00e0 rester concentr\u00e9, puisqu\u2019elle affiche les prochaines actions cl\u00e9s que vous allez devoir effectuer. Elle se met \u00e0 jour automatiquement en fonction de votre travail, vous assurant ainsi un flux continu.&nbsp;<\/p>\n<\/aside>\n<\/div>\n<\/div>\n\n\n\n<div class=\"wp-block-columns is-layout-flex wp-container-core-columns-is-layout-e477a36d wp-block-columns-is-layout-flex\" style=\"padding-bottom:var(--wp--preset--spacing--60)\">\n<div class=\"wp-block-column is-layout-flow wp-block-column-is-layout-flow\">\n<aside class=\"wp-block-group it-pattern-card has-blanc-background-color has-background is-vertical is-content-justification-center is-layout-flex wp-container-core-group-is-layout-ce155fab wp-block-group-is-layout-flex\" style=\"min-height:100%\">\n<svg aria-hidden=\"true\" focusable=\"false\" data-prefix=\"fas\" data-icon=\"robot\" class=\"svg-inline--fa fa-robot fa-3x wp-block-interactiv-technologies-it-fa-icon\" role=\"img\" xmlns=\"http:\/\/www.w3.org\/2000\/svg\" viewBox=\"0 0 640 512\" style=\"width:1em\"><path fill=\"currentColor\" d=\"M320 0c17.7 0 32 14.3 32 32l0 64 120 0c39.8 0 72 32.2 72 72l0 272c0 39.8-32.2 72-72 72l-304 0c-39.8 0-72-32.2-72-72l0-272c0-39.8 32.2-72 72-72l120 0 0-64c0-17.7 14.3-32 32-32zM208 384c-8.8 0-16 7.2-16 16s7.2 16 16 16l32 0c8.8 0 16-7.2 16-16s-7.2-16-16-16l-32 0zm96 0c-8.8 0-16 7.2-16 16s7.2 16 16 16l32 0c8.8 0 16-7.2 16-16s-7.2-16-16-16l-32 0zm96 0c-8.8 0-16 7.2-16 16s7.2 16 16 16l32 0c8.8 0 16-7.2 16-16s-7.2-16-16-16l-32 0zM264 256a40 40 0 1 0 -80 0 40 40 0 1 0 80 0zm152 40a40 40 0 1 0 0-80 40 40 0 1 0 0 80zM48 224l16 0 0 192-16 0c-26.5 0-48-21.5-48-48l0-96c0-26.5 21.5-48 48-48zm544 0c26.5 0 48 21.5 48 48l0 96c0 26.5-21.5 48-48 48l-16 0 0-192 16 0z\"><\/path><\/svg>\n\n\n\n<h3 class=\"wp-block-heading has-text-align-center\">Automatisation et IA\u00a0<\/h3>\n\n\n\n<p class=\"has-text-align-center\">&#8211; Faites appel \u00e0 la fonctionnalit\u00e9 \u201cD\u00e9veloppement g\u00e9n\u00e9ratif\u201d pour remplir automatiquement les zones manquantes lorsque vous redimensionnez une image. Cet outil analyse les pixels environnants pour \u00e9tendre un arri\u00e8re-plan ou un objet de mani\u00e8re harmonieuse.&nbsp;<\/p>\n\n\n\n<p class=\"has-text-align-center\">&#8211; G\u00e9n\u00e9ration d\u2019images \u00e0 partir de prompts textuels simples<\/p>\n<\/aside>\n<\/div>\n\n\n\n<div class=\"wp-block-column is-layout-flow wp-block-column-is-layout-flow\">\n<aside class=\"wp-block-group it-pattern-card has-blanc-background-color has-background is-vertical is-content-justification-center is-layout-flex wp-container-core-group-is-layout-ce155fab wp-block-group-is-layout-flex\" style=\"min-height:100%\">\n<svg aria-hidden=\"true\" focusable=\"false\" data-prefix=\"fas\" data-icon=\"eye-slash\" class=\"svg-inline--fa fa-eye-slash fa-3x wp-block-interactiv-technologies-it-fa-icon\" role=\"img\" xmlns=\"http:\/\/www.w3.org\/2000\/svg\" viewBox=\"0 0 640 512\" style=\"width:1em\"><path fill=\"currentColor\" d=\"M38.8 5.1C28.4-3.1 13.3-1.2 5.1 9.2S-1.2 34.7 9.2 42.9l592 464c10.4 8.2 25.5 6.3 33.7-4.1s6.3-25.5-4.1-33.7L525.6 386.7c39.6-40.6 66.4-86.1 79.9-118.4c3.3-7.9 3.3-16.7 0-24.6c-14.9-35.7-46.2-87.7-93-131.1C465.5 68.8 400.8 32 320 32c-68.2 0-125 26.3-169.3 60.8L38.8 5.1zM223.1 149.5C248.6 126.2 282.7 112 320 112c79.5 0 144 64.5 144 144c0 24.9-6.3 48.3-17.4 68.7L408 294.5c8.4-19.3 10.6-41.4 4.8-63.3c-11.1-41.5-47.8-69.4-88.6-71.1c-5.8-.2-9.2 6.1-7.4 11.7c2.1 6.4 3.3 13.2 3.3 20.3c0 10.2-2.4 19.8-6.6 28.3l-90.3-70.8zM373 389.9c-16.4 6.5-34.3 10.1-53 10.1c-79.5 0-144-64.5-144-144c0-6.9 .5-13.6 1.4-20.2L83.1 161.5C60.3 191.2 44 220.8 34.5 243.7c-3.3 7.9-3.3 16.7 0 24.6c14.9 35.7 46.2 87.7 93 131.1C174.5 443.2 239.2 480 320 480c47.8 0 89.9-12.9 126.2-32.5L373 389.9z\"><\/path><\/svg>\n\n\n\n<h3 class=\"wp-block-heading has-text-align-center\">Am\u00e9liorations du masquage des planches<\/h3>\n\n\n\n<p class=\"has-text-align-center\">Avec la nouvelle option de bouton bascule, contr\u00f4lez la visibilit\u00e9 des planches masqu\u00e9es sur votre canevas. Elle aide \u00e0 organiser l\u2019espace de travail. La num\u00e9rotation automatique des pages ne tient pas compte des planches masqu\u00e9es, quel que soit leur \u00e9tat de visibilit\u00e9.&nbsp;<\/p>\n<\/aside>\n<\/div>\n<\/div>\n<\/section>\n\n\n\n<div class=\"wp-block-columns is-layout-flex wp-container-core-columns-is-layout-51c0b34d wp-block-columns-is-layout-flex\" style=\"padding-top:var(--wp--preset--spacing--50);padding-bottom:var(--wp--preset--spacing--50)\">\n<div class=\"wp-block-column is-vertically-aligned-bottom is-layout-flow wp-block-column-is-layout-flow\">\n<figure class=\"wp-block-image aligncenter size-full is-resized\"><img loading=\"lazy\" decoding=\"async\" width=\"591\" height=\"165\" src=\"https:\/\/www.interactiv-technologies.com\/app\/uploads\/2024\/07\/Logo_EASYCATALOG_COULEUR.jpg\" alt=\"\" class=\"wp-image-7498\" style=\"width:453px\" srcset=\"https:\/\/www.interactiv-technologies.com\/app\/uploads\/2024\/07\/Logo_EASYCATALOG_COULEUR.jpg 591w, https:\/\/www.interactiv-technologies.com\/app\/uploads\/2024\/07\/Logo_EASYCATALOG_COULEUR-300x84.jpg 300w\" sizes=\"auto, (max-width: 591px) 100vw, 591px\" \/><\/figure>\n\n\n\n<div class=\"wp-block-buttons is-content-justification-center is-layout-flex wp-container-core-buttons-is-layout-a89b3969 wp-block-buttons-is-layout-flex\">\n<div class=\"wp-block-button\"><a class=\"wp-block-button__link wp-element-button\" href=\"https:\/\/www.interactiv-technologies.com\/fr\/interactiv-publisher\/telecharger-easycatalog\/\">T\u00e9l\u00e9chargez EasyCatalog gratuitement<\/a><\/div>\n<\/div>\n<\/div>\n\n\n\n<div class=\"wp-block-column is-vertically-aligned-bottom is-layout-flow wp-block-column-is-layout-flow\">\n<div class=\"wp-block-group has-global-padding is-layout-constrained wp-block-group-is-layout-constrained\">\n<h2 class=\"wp-block-heading has-text-align-center\">Plug-in EasyCatalog<\/h2>\n\n\n\n<p class=\"has-text-align-center\"><strong>Concernant EasyCatalog, il s\u2019agit d\u2019un plug-in d\u2019InDesign.\u00a0<\/strong>Il permet l\u2019automatisation de la mise en page de vos documents (catalogues, annuaires, fiches produits \/ techniques \u2026) en liant ceux-ci \u00e0 vos bases de donn\u00e9es. Il est d\u2019ores et d\u00e9j\u00e0 disponible dans sa\u00a0<strong>version 2025.<\/strong><\/p>\n\n\n\n<div class=\"wp-block-buttons is-content-justification-center is-layout-flex wp-container-core-buttons-is-layout-a89b3969 wp-block-buttons-is-layout-flex\">\n<div class=\"wp-block-button\"><a class=\"wp-block-button__link wp-element-button\" href=\"https:\/\/www.interactiv-technologies.com\/fr\/automatisation-catalogues-indesign\/nouveautes-easycatalog-version-cc-2025\/\">Nouveaut\u00e9s EasyCatalog 2025<\/a><\/div>\n<\/div>\n<\/div>\n<\/div>\n<\/div>\n\n\n\n<hr class=\"wp-block-separator has-alpha-channel-opacity\"\/>\n\n\n\n<div class=\"wp-block-columns is-layout-flex wp-container-core-columns-is-layout-51c0b34d wp-block-columns-is-layout-flex\" style=\"padding-top:var(--wp--preset--spacing--50);padding-bottom:var(--wp--preset--spacing--50)\">\n<div class=\"wp-block-column is-layout-flow wp-block-column-is-layout-flow\" style=\"flex-basis:66.66%\">\n<div class=\"wp-block-group has-global-padding is-layout-constrained wp-block-group-is-layout-constrained\">\n<h2 class=\"wp-block-heading has-text-align-left\">Informations concernant la version CC 2025<\/h2>\n\n\n\n<p>La nouvelle version CC 2025 d&rsquo;InDesign \u00e9tant d\u00e9sormais disponible, d\u00e9couvrez d\u00e8s maintenant la nouvelle version 2025 d\u2019<strong>EasyCatalog<\/strong>.<br>De nombreuses am\u00e9liorations ont \u00e9t\u00e9 apport\u00e9es \u00e0 EasyCatalog et sont disponibles dans cette derni\u00e8re version 2025.<br>(Attention : certaines nouvelles fonctionnalit\u00e9s ne peuvent pas \u00eatre incluses dans les versions pr\u00e9c\u00e9dentes du module.)<\/p>\n\n\n\n<p>N\u2019h\u00e9sitez pas \u00e0 nous contacter si vous d\u00e9sirez une mise \u00e0 jour de votre logiciel.<\/p>\n\n\n\n<p><strong>ATTENTION : Comme pour toute mise \u00e0 jour de logiciel, veillez \u00e0 toujours sauvegarder votre espace de travail EasyCatalog (Workspace, documents et configurations\u2026) avant de passer \u00e0 la nouvelle version.<\/strong><\/p>\n<\/div>\n<\/div>\n\n\n\n<div class=\"wp-block-column is-vertically-aligned-center is-layout-flow wp-block-column-is-layout-flow\" style=\"flex-basis:33.33%\">\n<figure class=\"wp-block-image aligncenter size-full is-resized\"><img loading=\"lazy\" decoding=\"async\" width=\"765\" height=\"578\" src=\"https:\/\/www.interactiv-technologies.com\/app\/uploads\/2024\/10\/undraw_Warning_re_eoyh.png\" alt=\"\" class=\"wp-image-8248\" style=\"width:318px;height:auto\" srcset=\"https:\/\/www.interactiv-technologies.com\/app\/uploads\/2024\/10\/undraw_Warning_re_eoyh.png 765w, https:\/\/www.interactiv-technologies.com\/app\/uploads\/2024\/10\/undraw_Warning_re_eoyh-300x227.png 300w\" sizes=\"auto, (max-width: 765px) 100vw, 765px\" \/><\/figure>\n<\/div>\n<\/div>\n","protected":false},"excerpt":{"rendered":"<p>Nouveaut\u00e9s InDesign CC 2025 Ce qu\u2019annonce la version CC 2025 d\u2019InDesign Adobe vient de d\u00e9voiler la mise \u00e0 jour d&rsquo;InDesign version CC 2025 ! Pour vous aider \u00e0 d\u00e9couvrir les derni\u00e8res fonctionnalit\u00e9s et am\u00e9liorations de cette nouvelle version, retrouvez ci-dessous un r\u00e9sum\u00e9 des nouveaut\u00e9s : Les principales nouveaut\u00e9s de la version InDesign CC 2025 Am\u00e9lioration [&hellip;]<\/p>\n","protected":false},"author":2,"featured_media":0,"parent":3043,"menu_order":0,"comment_status":"closed","ping_status":"closed","template":"","meta":{"_seopress_robots_primary_cat":"","_seopress_titles_title":"%%post_title%% %%sep%% %%sitetitle%%","_seopress_titles_desc":"D\u00e9couvrez d\u00e8s maintenant les nouveaut\u00e9s de la version CC 2025 d'InDesign sur cette page.","_seopress_robots_index":"","_it_page_product":"ITPublisher","_it_call_to_action":["{\"text\":\"T\u00e9l\u00e9chargez EasyCatalog\",\"url\":\"https:\/\/www.interactiv-technologies.com\/fr\/telecharger-easycatalog\/\"}","{\"text\":\"\",\"url\":\"\"}","{\"text\":\"\",\"url\":\"\"}","{\"text\":\"\",\"url\":\"\"}"],"footnotes":""},"class_list":["post-8069","page","type-page","status-publish","hentry"],"_links":{"self":[{"href":"https:\/\/www.interactiv-technologies.com\/fr\/wp-json\/wp\/v2\/pages\/8069","targetHints":{"allow":["GET"]}}],"collection":[{"href":"https:\/\/www.interactiv-technologies.com\/fr\/wp-json\/wp\/v2\/pages"}],"about":[{"href":"https:\/\/www.interactiv-technologies.com\/fr\/wp-json\/wp\/v2\/types\/page"}],"author":[{"embeddable":true,"href":"https:\/\/www.interactiv-technologies.com\/fr\/wp-json\/wp\/v2\/users\/2"}],"replies":[{"embeddable":true,"href":"https:\/\/www.interactiv-technologies.com\/fr\/wp-json\/wp\/v2\/comments?post=8069"}],"version-history":[{"count":11,"href":"https:\/\/www.interactiv-technologies.com\/fr\/wp-json\/wp\/v2\/pages\/8069\/revisions"}],"predecessor-version":[{"id":8254,"href":"https:\/\/www.interactiv-technologies.com\/fr\/wp-json\/wp\/v2\/pages\/8069\/revisions\/8254"}],"up":[{"embeddable":true,"href":"https:\/\/www.interactiv-technologies.com\/fr\/wp-json\/wp\/v2\/pages\/3043"}],"wp:attachment":[{"href":"https:\/\/www.interactiv-technologies.com\/fr\/wp-json\/wp\/v2\/media?parent=8069"}],"curies":[{"name":"wp","href":"https:\/\/api.w.org\/{rel}","templated":true}]}}