{"id":351,"date":"2024-01-17T13:52:43","date_gmt":"2024-01-17T12:52:43","guid":{"rendered":"https:\/\/www.interactiv-technologies.com\/?page_id=351"},"modified":"2024-06-14T09:25:04","modified_gmt":"2024-06-14T07:25:04","slug":"faq-interactiv-publisher","status":"publish","type":"page","link":"https:\/\/www.interactiv-technologies.com\/fr\/automatisation-catalogues-indesign\/questions-indesign-easycatalog\/","title":{"rendered":"FAQ Interactiv&rsquo; Publisher (EasyCatalog)"},"content":{"rendered":"\n<div class=\"wp-block-group alignfull has-violet-accent-background-color has-background has-global-padding is-layout-constrained wp-block-group-is-layout-constrained\" style=\"padding-top:var(--wp--preset--spacing--40);padding-bottom:var(--wp--preset--spacing--60)\">\n<div class=\"wp-block-group alignwide has-blanc-color has-text-color has-link-color has-small-font-size wp-elements-c841a1b92e5602c57e0ccc8a7ec884c5 has-global-padding is-layout-constrained wp-block-group-is-layout-constrained\"><div class=\"alignwide wp-block-wpseopress-breadcrumbs\"><nav  aria-label=\"Fil d&#039;Ariane\"><ol class=\"breadcrumb\" itemscope itemtype=\"https:\/\/schema.org\/BreadcrumbList\"><li class=\"breadcrumb-item active\" aria-current=\"page\" itemprop=\"itemListElement\" itemscope itemtype=\"https:\/\/schema.org\/ListItem\"><span itemprop=\"name\">Accueil<\/span><meta itemprop=\"position\" content=\"1\"><\/li><\/ol><\/nav><\/div><\/div>\n\n\n\n<h1 class=\"wp-block-heading has-text-align-center has-blanc-color has-text-color has-link-color wp-elements-3c87cd2e6561dbdeefc56830806ba31a\">FAQ Interactiv&rsquo; Publisher &#8211; EasyCatalog <br>(Questions fr\u00e9quentes sur Interactiv&rsquo; Publisher &#8211; EasyCatalog)<\/h1>\n<\/div>\n\n\n\n<main class=\"wp-block-group has-global-padding is-layout-constrained wp-block-group-is-layout-constrained\">\n<div class=\"wp-block-columns is-layout-flex wp-container-core-columns-is-layout-28f84493 wp-block-columns-is-layout-flex\">\n<div class=\"wp-block-column is-layout-flow wp-block-column-is-layout-flow\" style=\"flex-basis:33.33%\">\n<div class=\"wp-block-group has-global-padding is-layout-constrained wp-block-group-is-layout-constrained wp-container-1 is-position-sticky\">\n<h2 class=\"wp-block-heading has-gris-moyen-color has-text-color has-link-color wp-elements-18b6cc8212200a63f7e6534e82402ed8\" id=\"sommaire\">Sommaire<\/h2>\n\n\n\n<ul class=\"wp-block-list\">\n<li><a href=\"#pr\u00e9sentation-interactiv-publisher\" data-type=\"internal\" data-id=\"#pr\u00e9sentation-interactiv-publisher\">Pr\u00e9sentation d&rsquo;Interactiv&rsquo; Publisher<\/a><\/li>\n\n\n\n<li><a href=\"#pr\u00e9sentation-easycatalog\" data-type=\"internal\" data-id=\"#pr\u00e9sentation-easycatalog\">Pr\u00e9sentation d&rsquo;EasyCatalog<\/a><\/li>\n\n\n\n<li><a href=\"#les-types-de-docs-easycatalog\" data-type=\"internal\" data-id=\"#les-types-de-docs-easycatalog\">Les types de document possiblement cr\u00e9\u00e9s avec l\u2019automatisation EasyCatalog<\/a><\/li>\n\n\n\n<li><a href=\"#pr\u00e9sentation-des-formations-indesign-easycatalog\" data-type=\"internal\" data-id=\"#pr\u00e9sentation-des-formations-indesign-easycatalog\">Pr\u00e9sentation des formations \u00e0 InDesign et\/ou EasyCatalog<\/a><\/li>\n\n\n\n<li><a href=\"#support-et-accompagnement-avec-easycatalog\" data-type=\"internal\" data-id=\"#support-et-accompagnement-avec-easycatalog\">Support et accompagnement \u00e0 EasyCatalog avec Interactiv\u2019 Publisher<\/a><\/li>\n\n\n\n<li><a href=\"#tarifs-et-modalit\u00e9s-pour-publisher\" data-type=\"internal\" data-id=\"#tarifs-et-modalit\u00e9s-pour-publisher\">Tarifs et modalit\u00e9s pour Interactiv\u2019 Publisher \u2013 EasyCatalog<\/a><\/li>\n<\/ul>\n\n\n\n<figure class=\"wp-block-image size-large\"><img loading=\"lazy\" decoding=\"async\" width=\"1024\" height=\"713\" src=\"https:\/\/www.interactiv-technologies.com\/app\/uploads\/2024\/02\/FAQ-questions-ITPU-1024x713.png\" alt=\"\" class=\"wp-image-1809\" srcset=\"https:\/\/www.interactiv-technologies.com\/app\/uploads\/2024\/02\/FAQ-questions-ITPU-1024x713.png 1024w, https:\/\/www.interactiv-technologies.com\/app\/uploads\/2024\/02\/FAQ-questions-ITPU-300x209.png 300w, https:\/\/www.interactiv-technologies.com\/app\/uploads\/2024\/02\/FAQ-questions-ITPU-768x534.png 768w, https:\/\/www.interactiv-technologies.com\/app\/uploads\/2024\/02\/FAQ-questions-ITPU.png 1085w\" sizes=\"auto, (max-width: 1024px) 100vw, 1024px\" \/><\/figure>\n<\/div>\n<\/div>\n\n\n\n<div class=\"wp-block-column is-layout-flow wp-block-column-is-layout-flow\" style=\"flex-basis:66.66%\">\n<div class=\"wp-block-group has-global-padding is-layout-constrained wp-block-group-is-layout-constrained\">\n<section class=\"wp-block-group has-global-padding is-layout-constrained wp-block-group-is-layout-constrained\">\n<h2 class=\"wp-block-heading has-gris-moyen-color has-text-color has-link-color wp-elements-5ba1b1f060238b7551d3bb93a9e55dec\" id=\"pr\u00e9sentation-interactiv-publisher\">Pr\u00e9sentation d&rsquo;Interactiv&rsquo; Publisher<\/h2>\n\n\n\n<div class=\"wp-block-group has-global-padding is-layout-constrained wp-block-group-is-layout-constrained\">\n<h3 class=\"wp-block-heading has-violet-accent-color has-text-color has-link-color wp-elements-fedfe88d91f7f296a25cf6e7df7f3729\">Qu&rsquo;est-ce qu&rsquo;Interactiv&rsquo; Publisher ?<\/h3>\n\n\n\n<div class=\"wp-block-group has-global-padding is-layout-constrained wp-container-core-group-is-layout-ba75fb5d wp-block-group-is-layout-constrained\" style=\"border-radius:0px;border-left-color:var(--wp--preset--color--violet-accent);border-left-width:5px;padding-left:var(--wp--preset--spacing--50)\">\n<p>Interactiv\u2019 Publisher permet de vous donner l\u2019<strong>autonomie<\/strong>&nbsp;pour cr\u00e9er des documents de fa\u00e7on&nbsp;<strong>automatis\u00e9e<\/strong>&nbsp;sur InDesign gr\u00e2ce \u00e0 la mise en page automatique d\u2019EasyCatalog (65bit Software).<\/p>\n\n\n\n<p><strong>Interactiv\u2019 Publisher comprend<\/strong>&nbsp;donc l\u2019<strong>acquisition<\/strong>&nbsp;du&nbsp;<strong>plug-in d\u2019InDesign EasyCatalog<\/strong>, ainsi que l\u2019<strong>accompagnement<\/strong>&nbsp;\u00e0 chaque \u00e9tape pour la mise en place de ce plug-in (<strong>support<\/strong>,&nbsp;<strong>formations<\/strong>,&nbsp;<strong>installation<\/strong>&nbsp;d\u2019EasyCatalog,&nbsp;<strong>expertise<\/strong>&nbsp;autour de vos donn\u00e9es afin de pouvoir les lier \u00e0 InDesign correctement, etc.).<\/p>\n<\/div>\n<\/div>\n\n\n\n<hr class=\"wp-block-separator has-alpha-channel-opacity\"\/>\n<\/section>\n\n\n\n<section class=\"wp-block-group has-global-padding is-layout-constrained wp-block-group-is-layout-constrained\">\n<h2 class=\"wp-block-heading has-gris-moyen-color has-text-color has-link-color wp-elements-cdd0d59520e6618c2163df71558ebedc\" id=\"pr\u00e9sentation-easycatalog\">Pr\u00e9sentation d&rsquo;EasyCatalog<\/h2>\n\n\n\n<div class=\"wp-block-group has-global-padding is-layout-constrained wp-block-group-is-layout-constrained\">\n<div class=\"wp-block-group has-global-padding is-layout-constrained wp-block-group-is-layout-constrained\">\n<div class=\"wp-block-group has-global-padding is-layout-constrained wp-block-group-is-layout-constrained\">\n<h3 class=\"wp-block-heading has-violet-accent-color has-text-color has-link-color wp-elements-f257f1bbb5a4ab30c4a219156bd24947\">Qu&rsquo;est-ce qu&rsquo;EasyCatalog ?<\/h3>\n\n\n\n<div class=\"wp-block-group has-global-padding is-layout-constrained wp-container-core-group-is-layout-ba75fb5d wp-block-group-is-layout-constrained\" style=\"border-radius:0px;border-left-color:var(--wp--preset--color--violet-accent);border-left-width:5px;padding-left:var(--wp--preset--spacing--50)\">\n<p>EasyCatalog est l\u2019outil id\u00e9al pour cr\u00e9er des fichiers de type&nbsp;<strong>catalogue<\/strong>,&nbsp;<strong>fiche<\/strong>&nbsp;<strong>produit<\/strong>,&nbsp;<strong>fiche<\/strong>&nbsp;<strong>technique<\/strong>,&nbsp;<strong>annuaire, \u00e9tiquette<\/strong>&nbsp;etc. EasyCatalog vous permet d\u2019<strong>assembler automatiquement<\/strong>, et en toute s\u00e9curit\u00e9, des donn\u00e9es \u00e0 partir de fichiers Excel, XML, base de donn\u00e9es,&nbsp;<a href=\"https:\/\/www.interactiv-technologies.com\/fr\/base-de-donnees-produits-pim\/\">PIM<\/a>\u2026 dans Adobe InDesign. Des modifications ? Les mises \u00e0 jour de vos donn\u00e9es sont r\u00e9percut\u00e9es <strong>directement<\/strong>&nbsp;dans votre mise en page.<\/p>\n\n\n\n<p>EasyCatalog est la&nbsp;<strong>solution de r\u00e9f\u00e9rence<\/strong>&nbsp;pour la mise en page automatis\u00e9e de catalogues.<\/p>\n<\/div>\n<\/div>\n<\/div>\n\n\n\n<div class=\"wp-block-buttons is-content-justification-center is-layout-flex wp-container-core-buttons-is-layout-a89b3969 wp-block-buttons-is-layout-flex\">\n<div class=\"wp-block-button is-style-fill\"><a class=\"wp-block-button__link wp-element-button\" href=\"https:\/\/www.interactiv-technologies.com\/fr\/telecharger-easycatalog\/\">T\u00e9l\u00e9charger EasyCatalog<\/a><\/div>\n<\/div>\n<\/div>\n\n\n\n<div class=\"wp-block-group has-global-padding is-layout-constrained wp-block-group-is-layout-constrained\">\n<div class=\"wp-block-group has-global-padding is-layout-constrained wp-block-group-is-layout-constrained\">\n<h3 class=\"wp-block-heading has-violet-accent-color has-text-color has-link-color wp-elements-6656a262b02feff73a2abad64cc66e1d\">Pourquoi migrer vers EasyCatalog ?<\/h3>\n\n\n\n<div class=\"wp-block-group has-global-padding is-layout-constrained wp-container-core-group-is-layout-ba75fb5d wp-block-group-is-layout-constrained\" style=\"border-radius:0px;border-left-color:var(--wp--preset--color--violet-accent);border-left-width:5px;padding-left:var(--wp--preset--spacing--50)\">\n<p>En comparant EasyCatalog avec les autres outils d\u2019automatisation, vous constaterez<strong>&nbsp;trois avantages majeurs<\/strong>&nbsp;: il est bien&nbsp;<strong>plus ergonomique<\/strong>, il&nbsp;<strong>affiche directement vos donn\u00e9es<\/strong>&nbsp;dans InDesign pour les manipuler sans aucun copier\/coller, et vos&nbsp;<strong>fichiers<\/strong>&nbsp;InDesign sont&nbsp;<strong>directement li\u00e9s aux donn\u00e9es<\/strong>.<\/p>\n<\/div>\n<\/div>\n<\/div>\n\n\n\n<div class=\"wp-block-group has-global-padding is-layout-constrained wp-block-group-is-layout-constrained\">\n<div class=\"wp-block-group has-global-padding is-layout-constrained wp-block-group-is-layout-constrained\">\n<h3 class=\"wp-block-heading has-violet-accent-color has-text-color has-link-color wp-elements-4479acb614abfc86329e7d64fb487ff2\">O\u00f9 EasyCatalog peut-il r\u00e9cup\u00e9rer mes donn\u00e9es ?<\/h3>\n\n\n\n<div class=\"wp-block-group has-global-padding is-layout-constrained wp-container-core-group-is-layout-ba75fb5d wp-block-group-is-layout-constrained\" style=\"border-radius:0px;border-left-color:var(--wp--preset--color--violet-accent);border-left-width:5px;padding-left:var(--wp--preset--spacing--50)\">\n<p>EasyCatalog peut r\u00e9cup\u00e9rer des donn\u00e9es depuis&nbsp;<strong>n\u2019importe quelle source de donn\u00e9es<\/strong>&nbsp;: fichier Excel, CSV, XML, Base de donn\u00e9es, PIM \/ DAM&#8230;<\/p>\n<\/div>\n<\/div>\n<\/div>\n\n\n\n<div class=\"wp-block-group has-global-padding is-layout-constrained wp-block-group-is-layout-constrained\">\n<div class=\"wp-block-group has-global-padding is-layout-constrained wp-block-group-is-layout-constrained\">\n<div class=\"wp-block-group has-global-padding is-layout-constrained wp-block-group-is-layout-constrained\">\n<h3 class=\"wp-block-heading has-violet-accent-color has-text-color has-link-color wp-elements-4e5cf52033344d0289fa14b0c0951d72\">Peut-on connecter EasyCatalog \u00e0 une base de donn\u00e9es produits (PIM) ? Si oui, lesquels ?<\/h3>\n\n\n\n<div class=\"wp-block-group has-global-padding is-layout-constrained wp-container-core-group-is-layout-ba75fb5d wp-block-group-is-layout-constrained\" style=\"border-radius:0px;border-left-color:var(--wp--preset--color--violet-accent);border-left-width:5px;padding-left:var(--wp--preset--spacing--50)\">\n<p>EasyCatalog peut se connecter \u00e0&nbsp;<strong>tous<\/strong>&nbsp;les&nbsp;<strong>PIM<\/strong>&nbsp;du march\u00e9 gr\u00e2ce \u00e0 son&nbsp;<strong>connecteur ODBC<\/strong>. Ce module additionnel vous permet de mettre \u00e0 jour votre document InDesign d\u00e8s qu\u2019une modification a \u00e9t\u00e9 faite dans votre base de donn\u00e9es, et inversement, mettre \u00e0 jour votre base de donn\u00e9es lorsque des modifications ont \u00e9t\u00e9 apport\u00e9es \u00e0 votre document InDesign.<\/p>\n\n\n\n<p>Interactiv\u2019 Technologies a \u00e9galement d\u00e9velopp\u00e9 son propre PIM&nbsp;<a href=\"https:\/\/www.interactiv-technologies.com\/fr\/base-de-donnees-produits-pim\/\">\u00ab&nbsp;Interactiv\u2019 DataBase&nbsp;\u00bb<\/a>. Besoin d\u2019une&nbsp;<strong>d\u00e9monstration<\/strong>&nbsp;ou d\u2019en savoir plus&nbsp;? N\u2019h\u00e9sitez pas \u00e0 remplir le&nbsp;<a href=\"https:\/\/www.interactiv-technologies.com\/fr\/base-de-donnees-produits-pim\/prix-devis-pim\/\">formulaire<\/a>&nbsp;pour en savoir plus.<\/p>\n<\/div>\n<\/div>\n<\/div>\n\n\n\n<div class=\"wp-block-buttons is-content-justification-center is-layout-flex wp-container-core-buttons-is-layout-a89b3969 wp-block-buttons-is-layout-flex\">\n<div class=\"wp-block-button is-style-fill\"><a class=\"wp-block-button__link wp-element-button\" href=\"https:\/\/www.interactiv-technologies.com\/fr\/interactiv-publisher\/\">Essayez gratuitement<\/a><\/div>\n<\/div>\n<\/div>\n\n\n\n<div class=\"wp-block-group has-global-padding is-layout-constrained wp-block-group-is-layout-constrained\">\n<div class=\"wp-block-group has-global-padding is-layout-constrained wp-block-group-is-layout-constrained\">\n<h3 class=\"wp-block-heading has-violet-accent-color has-text-color has-link-color wp-elements-c950576c38e00c1f877140b0347cd0b9\">Les probl\u00e9matiques de documents multilingues peuvent-elles \u00eatre g\u00e9r\u00e9es avec EasyCatalog ?<\/h3>\n\n\n\n<div class=\"wp-block-group has-global-padding is-layout-constrained wp-container-core-group-is-layout-ba75fb5d wp-block-group-is-layout-constrained\" style=\"border-radius:0px;border-left-color:var(--wp--preset--color--violet-accent);border-left-width:5px;padding-left:var(--wp--preset--spacing--50)\">\n<p>Il est tr\u00e8s&nbsp;<strong>facile<\/strong>&nbsp;de transcrire un catalogue dans diff\u00e9rentes langues. Par exemple, vous pouvez&nbsp;<strong>traduire<\/strong>&nbsp;en quelques clics un document Fran\u00e7ais en Anglais. Vous gagnerez un temps pr\u00e9cieux \u00e0&nbsp;<strong>automatiser<\/strong>&nbsp;ce genre de publications.<\/p>\n<\/div>\n<\/div>\n<\/div>\n\n\n\n<div class=\"wp-block-group has-global-padding is-layout-constrained wp-block-group-is-layout-constrained\">\n<div class=\"wp-block-group has-global-padding is-layout-constrained wp-block-group-is-layout-constrained\">\n<h3 class=\"wp-block-heading has-violet-accent-color has-text-color has-link-color wp-elements-66d290ea42fb6948a97d9f3ece2237cc\">Quelle est la dur\u00e9e d&rsquo;un projet avec EasyCatalog ? <\/h3>\n\n\n\n<div class=\"wp-block-group has-global-padding is-layout-constrained wp-container-core-group-is-layout-ba75fb5d wp-block-group-is-layout-constrained\" style=\"border-radius:0px;border-left-color:var(--wp--preset--color--violet-accent);border-left-width:5px;padding-left:var(--wp--preset--spacing--50)\">\n<p>Gr\u00e2ce \u00e0 la solution Interactiv\u2019 Publisher, EasyCatalog peut \u00eatre mis en place en&nbsp;<strong>quelques semaines<\/strong>. La formation ne n\u00e9cessite que quelques jours. La&nbsp;<strong>dur\u00e9e<\/strong>&nbsp;de chaque projet est&nbsp;<strong>personnalisable<\/strong>&nbsp;en fonction des besoins de chacun, et des comp\u00e9tences internes de votre entreprise.<\/p>\n<\/div>\n<\/div>\n<\/div>\n\n\n\n<hr class=\"wp-block-separator has-alpha-channel-opacity\"\/>\n<\/section>\n\n\n\n<section class=\"wp-block-group has-global-padding is-layout-constrained wp-block-group-is-layout-constrained\">\n<h2 class=\"wp-block-heading has-gris-moyen-color has-text-color has-link-color wp-elements-de9af1ab4bc11948784e27bd2fce9ced\" id=\"les-types-de-docs-easycatalog\">Les types de document possiblement cr\u00e9\u00e9s avec l&rsquo;automatisation EasyCatalog<\/h2>\n\n\n\n<div class=\"wp-block-group has-global-padding is-layout-constrained wp-block-group-is-layout-constrained\">\n<h3 class=\"wp-block-heading has-violet-accent-color has-text-color has-link-color wp-elements-77cd5f24015f520219ed8311acfb1f80\">Quels types de documents puis-je cr\u00e9er avec EasyCatalog ?<\/h3>\n\n\n\n<div class=\"wp-block-group has-global-padding is-layout-constrained wp-container-core-group-is-layout-ba75fb5d wp-block-group-is-layout-constrained\" style=\"border-radius:0px;border-left-color:var(--wp--preset--color--violet-accent);border-left-width:5px;padding-left:var(--wp--preset--spacing--50)\">\n<p style=\"padding-left:0\">EasyCatalog vous permet de r\u00e9aliser&nbsp;<strong>tout type de publications<\/strong>&nbsp;: catalogues, fiches techniques, fiches produits, annuaires, \u00e9tiquettes \u2026 , m\u00eame avec beaucoup de pages. Vous pouvez \u00e9galement automatiser la cr\u00e9ation d\u2019\u00e9tiquettes, de codes-barres, de fiches produits et fiches tarifs.<\/p>\n<\/div>\n<\/div>\n\n\n\n<div class=\"wp-block-group has-global-padding is-layout-constrained wp-block-group-is-layout-constrained\">\n<div class=\"wp-block-group has-global-padding is-layout-constrained wp-block-group-is-layout-constrained\">\n<h3 class=\"wp-block-heading has-violet-accent-color has-text-color has-link-color wp-elements-0bdc24c2817e87510d80d020f14edcd7\">Mon document est-il automatisable ?<\/h3>\n\n\n\n<div class=\"wp-block-group has-global-padding is-layout-constrained wp-container-core-group-is-layout-ba75fb5d wp-block-group-is-layout-constrained\" style=\"border-radius:0px;border-left-color:var(--wp--preset--color--violet-accent);border-left-width:5px;padding-left:var(--wp--preset--spacing--50)\">\n<p>Si certains catalogues ne semblent pas automatisables au premier regard, ils peuvent le devenir avec une simple&nbsp;<strong>restructuration<\/strong>. En effet,&nbsp;<strong>plus de 3\/4<\/strong>&nbsp;des catalogues, annuaires, fiches techniques, fiches produits, \u00e9tiquettes, etc.&nbsp;<strong>sont automatisables<\/strong>. Nos infographistes sont \u00e0 votre disposition pour \u00e9tudier avec vous les possibilit\u00e9s d\u2018automatisation de vos documents. Vous pouvez \u00e9galement faire le&nbsp;<strong>test<\/strong>&nbsp;\u00ab&nbsp;<strong>Votre document est-il automatisable<\/strong>&nbsp;?&nbsp;\u00bb pour d\u00e9couvrir si votre document l\u2019est.<\/p>\n<\/div>\n\n\n\n<div class=\"wp-block-buttons is-content-justification-center is-layout-flex wp-container-core-buttons-is-layout-a89b3969 wp-block-buttons-is-layout-flex\">\n<div class=\"wp-block-button is-style-fill\"><a class=\"wp-block-button__link wp-element-button\" href=\"https:\/\/www.interactiv-technologies.com\/fr\/automatisation-catalogues-indesign\/test-document-automatisable\/\">Test : votre document est-il automatisable ?<\/a><\/div>\n<\/div>\n<\/div>\n<\/div>\n\n\n\n<div class=\"wp-block-group has-global-padding is-layout-constrained wp-block-group-is-layout-constrained\">\n<h3 class=\"wp-block-heading has-violet-accent-color has-text-color has-link-color wp-elements-8c5f920677ba893259141ca84928dfc1\">Puis-je mettre en page un catalogue dans EasyCatalog avec un tr\u00e8s grand nombre de donn\u00e9es \/ r\u00e9f\u00e9rences ? <\/h3>\n\n\n\n<div class=\"wp-block-group has-global-padding is-layout-constrained wp-container-core-group-is-layout-ba75fb5d wp-block-group-is-layout-constrained\" style=\"border-radius:0px;border-left-color:var(--wp--preset--color--violet-accent);border-left-width:5px;padding-left:var(--wp--preset--spacing--50)\">\n<p>Les donn\u00e9es peuvent \u00eatre&nbsp;<strong>tri\u00e9es<\/strong>,&nbsp;<strong>group\u00e9es<\/strong>&nbsp;et&nbsp;<strong>filtr\u00e9es<\/strong>&nbsp;avec la palette EasyCatalog pour permettre de travailler ais\u00e9ment m\u00eame avec beaucoup de r\u00e9f\u00e9rences. Un outil de recherche vous permet \u00e9galement de retrouver et d\u2019isoler une r\u00e9f\u00e9rence en particulier.<\/p>\n<\/div>\n<\/div>\n\n\n\n<div class=\"wp-block-group has-global-padding is-layout-constrained wp-block-group-is-layout-constrained\">\n<div class=\"wp-block-group has-global-padding is-layout-constrained wp-block-group-is-layout-constrained\">\n<h3 class=\"wp-block-heading has-violet-accent-color has-text-color has-link-color wp-elements-4c30d1f6ba4f2f2c04d0edc8c6b88f79\">EasyCatalog est-il utile si mon document a tr\u00e8s peu de pages ? <\/h3>\n\n\n\n<div class=\"wp-block-group has-global-padding is-layout-constrained wp-container-core-group-is-layout-ba75fb5d wp-block-group-is-layout-constrained\" style=\"border-radius:0px;border-left-color:var(--wp--preset--color--violet-accent);border-left-width:5px;padding-left:var(--wp--preset--spacing--50)\">\n<p>M\u00eame si un document&nbsp;\/ catalogue poss\u00e8de peu de pages,&nbsp;<strong>ce n\u2019est pas r\u00e9dhibitoire<\/strong>&nbsp;pour son automatisation. EasyCatalog est utile dans les cas suivants : supports marketing d\u00e9clin\u00e9s \u00e0 partir de la base de donn\u00e9es produits, d\u00e9clinaison du catalogue en plusieurs langues, mises \u00e0 jour r\u00e9guli\u00e8res de l\u2018information produit, etc. Choisir Interactiv\u2019 Publisher (EasyCatalog) pour automatiser vos publications vous fera&nbsp;<strong>gagner du temps<\/strong>&nbsp;et une&nbsp;<strong>productivit\u00e9<\/strong>&nbsp;inestimable.<\/p>\n<\/div>\n<\/div>\n<\/div>\n\n\n\n<hr class=\"wp-block-separator has-alpha-channel-opacity\"\/>\n<\/section>\n\n\n\n<section class=\"wp-block-group has-global-padding is-layout-constrained wp-block-group-is-layout-constrained\">\n<h2 class=\"wp-block-heading has-gris-moyen-color has-text-color has-link-color wp-elements-a58bc84c3eb5cae7a97e503d868397f4\" id=\"pr\u00e9sentation-des-formations-indesign-easycatalog\">Pr\u00e9sentation des formations \u00e0 InDesign et\/ou EasyCatalog<\/h2>\n\n\n\n<div class=\"wp-block-group has-global-padding is-layout-constrained wp-block-group-is-layout-constrained\">\n<h3 class=\"wp-block-heading has-violet-accent-color has-text-color has-link-color wp-elements-3ece6bb3fb56d9abb3f818a9ef3cad48\">Qui peut participer \u00e0 une formation InDesign ou EasyCatalog ? <\/h3>\n\n\n\n<div class=\"wp-block-group has-global-padding is-layout-constrained wp-container-core-group-is-layout-ba75fb5d wp-block-group-is-layout-constrained\" style=\"border-radius:0px;border-left-color:var(--wp--preset--color--violet-accent);border-left-width:5px;padding-left:var(--wp--preset--spacing--50)\">\n<p><strong>Agr\u00e9\u00e9<\/strong>&nbsp;<strong>organisme<\/strong>&nbsp;de&nbsp;<strong>formation<\/strong>&nbsp;(certifi\u00e9&nbsp;<strong>Qualiopi<\/strong>), Interactiv\u2019 Technologies vous permet d\u2019acqu\u00e9rir les connaissances n\u00e9cessaires pour utiliser InDesign et EasyCatalog en toute autonomie : que vous soyez Graphistes, Infographistes, aux services Marketing et Communication, peu importe vos comp\u00e9tences PAO.<\/p>\n<\/div>\n<\/div>\n\n\n\n<figure class=\"wp-block-image aligncenter is-resized\"><img loading=\"lazy\" decoding=\"async\" width=\"2623\" height=\"491\" src=\"https:\/\/www.interactiv-technologies.com\/app\/uploads\/2024\/01\/bandeau-qualiopi.png\" alt=\"\" class=\"wp-image-317\" style=\"width:490px\" srcset=\"https:\/\/www.interactiv-technologies.com\/app\/uploads\/2024\/01\/bandeau-qualiopi.png 2623w, https:\/\/www.interactiv-technologies.com\/app\/uploads\/2024\/01\/bandeau-qualiopi-300x56.png 300w, https:\/\/www.interactiv-technologies.com\/app\/uploads\/2024\/01\/bandeau-qualiopi-1024x192.png 1024w, https:\/\/www.interactiv-technologies.com\/app\/uploads\/2024\/01\/bandeau-qualiopi-768x144.png 768w, https:\/\/www.interactiv-technologies.com\/app\/uploads\/2024\/01\/bandeau-qualiopi-1536x288.png 1536w, https:\/\/www.interactiv-technologies.com\/app\/uploads\/2024\/01\/bandeau-qualiopi-2048x383.png 2048w\" sizes=\"auto, (max-width: 2623px) 100vw, 2623px\" \/><\/figure>\n\n\n\n<div class=\"wp-block-group has-global-padding is-layout-constrained wp-block-group-is-layout-constrained\">\n<div class=\"wp-block-group has-global-padding is-layout-constrained wp-block-group-is-layout-constrained\">\n<h3 class=\"wp-block-heading has-violet-accent-color has-text-color has-link-color wp-elements-8a0bcdb26881ad5c60da7c8e6bce3a63\">Quel niveau faut-il avoir pour les formations InDesign et\/ou EasyCatalog ? <\/h3>\n\n\n\n<div class=\"wp-block-group has-global-padding is-layout-constrained wp-container-core-group-is-layout-ba75fb5d wp-block-group-is-layout-constrained\" style=\"border-radius:0px;border-left-color:var(--wp--preset--color--violet-accent);border-left-width:5px;padding-left:var(--wp--preset--spacing--50)\">\n<p>Nous proposons des formations pour&nbsp;<strong>tout niveau<\/strong>&nbsp;: que vous soyez d\u00e9butant(e), interm\u00e9diaire ou confirm\u00e9(e), vous pourrez trouver des formations adapt\u00e9es \u00e0 vos besoins. Nos formations peuvent \u00eatre acad\u00e9miques ou sur-mesure, individuelles ou en groupe, etc.&nbsp;:&nbsp;<strong>nous nous adaptons<\/strong>.<\/p>\n<\/div>\n\n\n\n<div class=\"wp-block-buttons is-content-justification-center is-layout-flex wp-container-core-buttons-is-layout-a89b3969 wp-block-buttons-is-layout-flex\">\n<div class=\"wp-block-button is-style-fill\"><a class=\"wp-block-button__link wp-element-button\" href=\"https:\/\/www.interactiv-technologies.com\/fr\/formation-easycatalog-adobe-indesign\/\">Voir nos formations InDesign et\/ou EasyCatalog<\/a><\/div>\n<\/div>\n<\/div>\n<\/div>\n\n\n\n<div class=\"wp-block-group has-global-padding is-layout-constrained wp-block-group-is-layout-constrained\">\n<h3 class=\"wp-block-heading has-violet-accent-color has-text-color has-link-color wp-elements-c5824d6b2357e6915c08a4947c626cc1\">Quels sont les points abord\u00e9s lors des formations ? <\/h3>\n\n\n\n<div class=\"wp-block-group has-global-padding is-layout-constrained wp-container-core-group-is-layout-ba75fb5d wp-block-group-is-layout-constrained\" style=\"border-radius:0px;border-left-color:var(--wp--preset--color--violet-accent);border-left-width:5px;padding-left:var(--wp--preset--spacing--50)\">\n<p>Lors des formations, vous aborderez de nombreux points. Cela d\u00e9pendra \u00e9galement de votre niveau. Les&nbsp;<strong>formations<\/strong>&nbsp;peuvent aussi \u00eatre&nbsp;<strong>sur-mesure<\/strong>&nbsp;si souhait\u00e9.<\/p>\n\n\n\n<p>Dans les&nbsp;<strong>formations classiques<\/strong>&nbsp;d\u2019EasyCatalog, les points suivants sont d\u00e9velopp\u00e9s : imports\/exports, configurations de palette, cr\u00e9ation et assemblages de gabarits, champs personnalis\u00e9s, assemblages pour sommaires et index, synchronisation entre une source de donn\u00e9es et un document InDesign, etc.<\/p>\n\n\n\n<p>Parmi les formations InDesign propos\u00e9es, nous dispensons la&nbsp;<strong>Formation Basique<\/strong>, mais \u00e9galement une formation sur les styles&nbsp;<strong>GREP<\/strong>, ou d\u2019autres \u00ab&nbsp;<strong>sur-mesure<\/strong>&nbsp;\u00bb.<\/p>\n<\/div>\n<\/div>\n\n\n\n<div class=\"wp-block-group has-global-padding is-layout-constrained wp-block-group-is-layout-constrained\">\n<div class=\"wp-block-group has-global-padding is-layout-constrained wp-block-group-is-layout-constrained\">\n<h3 class=\"wp-block-heading has-violet-accent-color has-text-color has-link-color wp-elements-5ef100d19fc6ded3bc29af73380b829a\">Les formations peuvent-elles \u00eatre prises en charge ? <\/h3>\n\n\n\n<div class=\"wp-block-group has-global-padding is-layout-constrained wp-container-core-group-is-layout-ba75fb5d wp-block-group-is-layout-constrained\" style=\"border-radius:0px;border-left-color:var(--wp--preset--color--violet-accent);border-left-width:5px;padding-left:var(--wp--preset--spacing--50)\">\n<p>Interactiv\u2019 Technologies \u00e9tant un&nbsp;<strong>centre de formation agr\u00e9\u00e9<\/strong>&nbsp;et&nbsp;<strong>certifi\u00e9<\/strong>&nbsp;<strong>Qualiopi<\/strong>, les formations peuvent effectivement \u00eatre prises en charge par votre&nbsp;<strong>OPCO<\/strong>. Contactez notre \u00e9quipe pour en savoir plus sur la prise en charge, en remplissant le formulaire.<\/p>\n\n\n\n<p>Si vous voulez savoir si dans votre cas, la formation peut \u00eatre prise en charge ou non, et si vous souhaitez alors avoir une estimation tarifaire, merci de cliquer sur le bouton ci-dessous&nbsp;:<\/p>\n<\/div>\n\n\n\n<figure class=\"wp-block-image aligncenter is-resized\"><img loading=\"lazy\" decoding=\"async\" width=\"2623\" height=\"491\" src=\"https:\/\/www.interactiv-technologies.com\/app\/uploads\/2024\/01\/bandeau-qualiopi.png\" alt=\"\" class=\"wp-image-317\" style=\"width:490px\" srcset=\"https:\/\/www.interactiv-technologies.com\/app\/uploads\/2024\/01\/bandeau-qualiopi.png 2623w, https:\/\/www.interactiv-technologies.com\/app\/uploads\/2024\/01\/bandeau-qualiopi-300x56.png 300w, https:\/\/www.interactiv-technologies.com\/app\/uploads\/2024\/01\/bandeau-qualiopi-1024x192.png 1024w, https:\/\/www.interactiv-technologies.com\/app\/uploads\/2024\/01\/bandeau-qualiopi-768x144.png 768w, https:\/\/www.interactiv-technologies.com\/app\/uploads\/2024\/01\/bandeau-qualiopi-1536x288.png 1536w, https:\/\/www.interactiv-technologies.com\/app\/uploads\/2024\/01\/bandeau-qualiopi-2048x383.png 2048w\" sizes=\"auto, (max-width: 2623px) 100vw, 2623px\" \/><\/figure>\n\n\n\n<div class=\"wp-block-buttons is-content-justification-center is-layout-flex wp-container-core-buttons-is-layout-a89b3969 wp-block-buttons-is-layout-flex\">\n<div class=\"wp-block-button is-style-fill\"><a class=\"wp-block-button__link wp-element-button\" href=\"https:\/\/www.interactiv-technologies.com\/fr\/automatisation-catalogues-indesign\/prix-devis-easycatalog\/\">Obtenez votre estimation tarifaire<\/a><\/div>\n<\/div>\n<\/div>\n<\/div>\n\n\n\n<hr class=\"wp-block-separator has-alpha-channel-opacity\"\/>\n<\/section>\n\n\n\n<section class=\"wp-block-group has-global-padding is-layout-constrained wp-block-group-is-layout-constrained\">\n<h2 class=\"wp-block-heading has-gris-moyen-color has-text-color has-link-color wp-elements-302137e00b1c00789d4256c138c0c00c\" id=\"support-et-accompagnement-avec-easycatalog\">Support et accompagnement \u00e0 EasyCatalog avec Interactiv&rsquo; Publisher<\/h2>\n\n\n\n<div class=\"wp-block-group has-global-padding is-layout-constrained wp-block-group-is-layout-constrained\">\n<h3 class=\"wp-block-heading has-violet-accent-color has-text-color has-link-color wp-elements-eb45129d78ad6553ba1d755a8fa6ae6d\">Y a-t-il une \u00e9quipe support en cas de besoin ? <\/h3>\n\n\n\n<div class=\"wp-block-group has-global-padding is-layout-constrained wp-container-core-group-is-layout-ba75fb5d wp-block-group-is-layout-constrained\" style=\"border-radius:0px;border-left-color:var(--wp--preset--color--violet-accent);border-left-width:5px;padding-left:var(--wp--preset--spacing--50)\">\n<p>Oui, vous pouvez d\u00e9cider de prendre la&nbsp;<strong>formule comprenant le support<\/strong>&nbsp;: notre \u00e9quipe d\u2019experts vous r\u00e9pondra toujours,&nbsp;<strong>tous les jours ouvr\u00e9s de 9h \u00e0 18h<\/strong>.<\/p>\n<\/div>\n<\/div>\n\n\n\n<hr class=\"wp-block-separator has-alpha-channel-opacity\"\/>\n<\/section>\n\n\n\n<section class=\"wp-block-group has-global-padding is-layout-constrained wp-block-group-is-layout-constrained\">\n<h2 class=\"wp-block-heading has-gris-moyen-color has-text-color has-link-color wp-elements-eb8ad4a30b2ab7c0d088aa9a9999bd4c\" id=\"tarifs-et-modalit\u00e9s-pour-publisher\">Tarifs et modalit\u00e9s pour Interactiv&rsquo; Publisher &#8211; EasyCatalog<\/h2>\n\n\n\n<div class=\"wp-block-group has-global-padding is-layout-constrained wp-block-group-is-layout-constrained\">\n<h3 class=\"wp-block-heading has-violet-accent-color has-text-color has-link-color wp-elements-e98609ee64aaa8994a7ff0c286fdd665\">Quel est le tarif pour un projet Interactiv&rsquo; Publisher &#8211; EasyCatalog ? <\/h3>\n\n\n\n<div class=\"wp-block-group has-global-padding is-layout-constrained wp-container-core-group-is-layout-ba75fb5d wp-block-group-is-layout-constrained\" style=\"border-radius:0px;border-left-color:var(--wp--preset--color--violet-accent);border-left-width:5px;padding-left:var(--wp--preset--spacing--50)\">\n<p><strong>Le prix varie selon le projet<\/strong>. Cela d\u00e9pend par exemple si vous souhaitez simplement acheter EasyCatalog, si vous voulez \u00eatre form\u00e9(e), si vous souhaitez acc\u00e9der aux mises \u00e0 jour, au support, etc.<\/p>\n\n\n\n<p>Nous vous invitons \u00e0 remplir le questionnaire \u00ab&nbsp;<strong>Estimation<\/strong>&nbsp;<strong>tarifaire<\/strong>&nbsp;\u00bb pour estimer le co\u00fbt en fonction de vos besoins.<\/p>\n<\/div>\n\n\n\n<div class=\"wp-block-buttons is-content-justification-center is-layout-flex wp-container-core-buttons-is-layout-a89b3969 wp-block-buttons-is-layout-flex\">\n<div class=\"wp-block-button is-style-fill\"><a class=\"wp-block-button__link wp-element-button\" href=\"https:\/\/www.interactiv-technologies.com\/fr\/automatisation-catalogues-indesign\/prix-devis-easycatalog\/\">Estimation tarifaire<\/a><\/div>\n<\/div>\n<\/div>\n\n\n\n<div class=\"wp-block-group has-global-padding is-layout-constrained wp-block-group-is-layout-constrained\">\n<h3 class=\"wp-block-heading has-violet-accent-color has-text-color has-link-color wp-elements-0a1c329e57460e03a63692ab8ed718be\">Pour l&rsquo;acquisition d&rsquo;EasyCatalog, s&rsquo;agit-il d&rsquo;un abonnement ou d&rsquo;un achat ? <\/h3>\n\n\n\n<div class=\"wp-block-group has-global-padding is-layout-constrained wp-container-core-group-is-layout-ba75fb5d wp-block-group-is-layout-constrained\" style=\"border-radius:0px;border-left-color:var(--wp--preset--color--violet-accent);border-left-width:5px;padding-left:var(--wp--preset--spacing--50)\">\n<p>Il s\u2019agit d\u2019un achat&nbsp;: vous n\u2019avez besoin d\u2019<strong>acheter<\/strong>&nbsp;(et donc de payer)&nbsp;<strong>EasyCatalog une seule fois<\/strong>&nbsp;lors de l\u2019acquisition. Vous l\u2019aurez alors toujours.<\/p>\n\n\n\n<p>Pour en savoir plus sur les co\u00fbts d\u2019acquisition, vous pouvez r\u00e9pondre au questionnaire \u00ab&nbsp;<strong>Estimation tarifaire<\/strong>&nbsp;\u00bb.<\/p>\n<\/div>\n\n\n\n<div class=\"wp-block-buttons is-content-justification-center is-layout-flex wp-container-core-buttons-is-layout-a89b3969 wp-block-buttons-is-layout-flex\">\n<div class=\"wp-block-button is-style-fill\"><a class=\"wp-block-button__link wp-element-button\" href=\"https:\/\/www.interactiv-technologies.com\/fr\/automatisation-catalogues-indesign\/prix-devis-easycatalog\/\">Estimation tarifaire<\/a><\/div>\n<\/div>\n<\/div>\n<\/section>\n<\/div>\n<\/div>\n<\/div>\n<\/main>\n","protected":false},"excerpt":{"rendered":"<p>FAQ Interactiv&rsquo; Publisher &#8211; EasyCatalog (Questions fr\u00e9quentes sur Interactiv&rsquo; Publisher &#8211; EasyCatalog) Sommaire Pr\u00e9sentation d&rsquo;Interactiv&rsquo; Publisher Qu&rsquo;est-ce qu&rsquo;Interactiv&rsquo; Publisher ? Interactiv\u2019 Publisher permet de vous donner l\u2019autonomie&nbsp;pour cr\u00e9er des documents de fa\u00e7on&nbsp;automatis\u00e9e&nbsp;sur InDesign gr\u00e2ce \u00e0 la mise en page automatique d\u2019EasyCatalog (65bit Software). Interactiv\u2019 Publisher comprend&nbsp;donc l\u2019acquisition&nbsp;du&nbsp;plug-in d\u2019InDesign EasyCatalog, ainsi que l\u2019accompagnement&nbsp;\u00e0 chaque \u00e9tape pour [&hellip;]<\/p>\n","protected":false},"author":2,"featured_media":0,"parent":3043,"menu_order":0,"comment_status":"closed","ping_status":"closed","template":"","meta":{"_seopress_robots_primary_cat":"","_seopress_titles_title":"%%post_title%% %%sep%% %%sitetitle%%","_seopress_titles_desc":"Retrouvez les questions fr\u00e9quemment pos\u00e9es au sujet d'Interactiv' Publisher et de EasyCatalog ainsi que nos formulaires de contact.","_seopress_robots_index":"","_it_page_product":"ITPublisher","_it_call_to_action":["{\"text\":\"T\u00e9l\u00e9chargez EasyCatalog\",\"url\":\"https:\/\/www.interactiv-technologies.com\/fr\/telecharger-easycatalog\/\"}","{\"text\":\"Testez gratuitement\",\"url\":\"https:\/\/www.interactiv-technologies.com\/fr\/automatisation-catalogues-indesign\/formulaire-essai-gratuit-easycatalog\/\"}","{\"text\":\"Demandez une d\u00e9mo\",\"url\":\"https:\/\/www.interactiv-technologies.com\/fr\/automatisation-catalogues-indesign\/formulaire-demonstration-easycatalog\/\"}","{\"text\":\"Obtenez votre tarif\",\"url\":\"https:\/\/www.interactiv-technologies.com\/fr\/automatisation-catalogues-indesign\/prix-devis-easycatalog\/\"}"],"footnotes":""},"class_list":["post-351","page","type-page","status-publish","hentry"],"_links":{"self":[{"href":"https:\/\/www.interactiv-technologies.com\/fr\/wp-json\/wp\/v2\/pages\/351","targetHints":{"allow":["GET"]}}],"collection":[{"href":"https:\/\/www.interactiv-technologies.com\/fr\/wp-json\/wp\/v2\/pages"}],"about":[{"href":"https:\/\/www.interactiv-technologies.com\/fr\/wp-json\/wp\/v2\/types\/page"}],"author":[{"embeddable":true,"href":"https:\/\/www.interactiv-technologies.com\/fr\/wp-json\/wp\/v2\/users\/2"}],"replies":[{"embeddable":true,"href":"https:\/\/www.interactiv-technologies.com\/fr\/wp-json\/wp\/v2\/comments?post=351"}],"version-history":[{"count":28,"href":"https:\/\/www.interactiv-technologies.com\/fr\/wp-json\/wp\/v2\/pages\/351\/revisions"}],"predecessor-version":[{"id":6972,"href":"https:\/\/www.interactiv-technologies.com\/fr\/wp-json\/wp\/v2\/pages\/351\/revisions\/6972"}],"up":[{"embeddable":true,"href":"https:\/\/www.interactiv-technologies.com\/fr\/wp-json\/wp\/v2\/pages\/3043"}],"wp:attachment":[{"href":"https:\/\/www.interactiv-technologies.com\/fr\/wp-json\/wp\/v2\/media?parent=351"}],"curies":[{"name":"wp","href":"https:\/\/api.w.org\/{rel}","templated":true}]}}