{"id":3166,"date":"2021-05-31T14:50:26","date_gmt":"2021-05-31T12:50:26","guid":{"rendered":"https:\/\/www.interactiv-technologies.com\/personnalisation-documents-pdf\/personnaliser-catalogues\/"},"modified":"2021-05-31T14:50:26","modified_gmt":"2021-05-31T12:50:26","slug":"personnaliser-catalogues","status":"publish","type":"page","link":"https:\/\/www.interactiv-technologies.com\/fr\/personnalisation-documents-pdf\/personnaliser-catalogues\/","title":{"rendered":"Comment personnaliser mes catalogues ?"},"content":{"rendered":"<div class=\"wp-block-group is-layout-flow wp-block-group-is-layout-flow\">\n        <div class=\"wp-block-columns is-layout-flex wp-container-core-columns-is-layout-a54e0cfc wp-block-columns-is-layout-flex\" style=\"padding-top:var(--wp--preset--spacing--60);padding-bottom:var(--wp--preset--spacing--60)\">\n        <div class=\"wp-block-column is-layout-flow wp-block-column-is-layout-flow\" style=\"flex-basis: 100%;\">\n        <div class=\"wp-block-wpseopress-breadcrumbs\"><nav  aria-label=\"Fil d&#039;Ariane\"><ol class=\"breadcrumb\" itemscope itemtype=\"https:\/\/schema.org\/BreadcrumbList\"><li class=\"breadcrumb-item active\" aria-current=\"page\" itemprop=\"itemListElement\" itemscope itemtype=\"https:\/\/schema.org\/ListItem\"><span itemprop=\"name\">Accueil<\/span><meta itemprop=\"position\" content=\"1\"><\/li><\/ol><\/nav><\/div>\n        <h1>Comment personnaliser mes catalogues ? <br \/>Comment les rendre personnalisables facilement ?<\/h1>                <\/div>        <\/div>        <\/div><div class=\"wp-block-group is-layout-flow wp-block-group-is-layout-flow\">\n        <div class=\"wp-block-columns is-layout-flex wp-container-core-columns-is-layout-a54e0cfc wp-block-columns-is-layout-flex\" style=\"padding-top:var(--wp--preset--spacing--60);padding-bottom:var(--wp--preset--spacing--60)\">\n        <div class=\"wp-block-column is-layout-flow wp-block-column-is-layout-flow\" style=\"flex-basis: 66.666666666667%;\">\n        \n        <h2>Besoin de personnaliser vos catalogues\u00a0?<\/h2>        \n        <ul>\n\t<li>Vos filiales vous demandent des <strong>supports de communication adapt\u00e9s<\/strong> \u00e0 leurs sp\u00e9cificit\u00e9s et coordonn\u00e9es ?<\/li>\n\t<li>Vos commerciaux souhaitent pouvoir <strong>personnaliser le catalogue complet<\/strong> en fonction des enseignes et magasins qu\u2019ils d\u00e9marchent\u00a0?<\/li>\n\t<li>Vos clients souhaitent des <strong>brochures<\/strong> et <strong>documents PDF sur-mesure<\/strong> correspondant \u00e0 leurs besoins\u00a0(catalogue avec une s\u00e9lection de produits qui les int\u00e9resse) ?<\/li>\n<\/ul>\nQue ce soit pour donner plus d\u2019<strong>autonomie<\/strong> \u00e0 vos commerciaux dans le choix des pages de produits qu\u2019ils montreront \u00e0 leurs clients, <strong>adapter<\/strong> une brochure \u00e0 une franchise, ou pour d\u2019autres utilisations diverses, rendre son catalogue ou son document PDF personnalisable pr\u00e9sente de <strong>nombreux avantages<\/strong> (meilleure qualit\u00e9, professionnalisme, communication sur-mesure, gain de temps etc.).\n\nGr\u00e2ce \u00e0 cela, la personne en charge de la r\u00e9alisation de catalogues peut se contenter de cr\u00e9er un catalogue g\u00e9n\u00e9ral, complet, dans lequel l\u2019ensemble des informations sont disponibles et utilisables.\n\nL\u2019utilisateur, lui, devrait id\u00e9alement pouvoir <strong>adapter directement le catalogue<\/strong> complet \u00e0 ses besoins sp\u00e9cifiques, sans d\u00e9lai ou attente, et sans besoin de comp\u00e9tences particuli\u00e8res.\n\n<span style=\"color: #954090;\"><strong>Comment proc\u00e9der pour cela\u00a0? Pourquoi personnaliser ? D\u00e9couvrez les r\u00e9ponses dans cet article.<\/strong><\/span>                <\/div><div class=\"wp-block-column is-layout-flow wp-block-column-is-layout-flow\" style=\"flex-basis: 33.333333333333%;\">\n        \n        <figure class=\"wp-block-image size-full\"><img decoding=\"async\" src=\"https:\/\/www.interactiv-technologies.com\/app\/uploads\/2021\/05\/undraw_online_connection_6778-1.png\" alt=\"personnaliser ensemble\" title=\"undraw_online_connection_6778 (1)\" \/><\/figure>                <\/div>        <\/div>        <\/div><div class=\"wp-block-group is-layout-flow wp-block-group-is-layout-flow\">\n        <div class=\"wp-block-columns is-layout-flex wp-container-core-columns-is-layout-a54e0cfc wp-block-columns-is-layout-flex\" style=\"padding-top:var(--wp--preset--spacing--60);padding-bottom:var(--wp--preset--spacing--60)\">\n        <div class=\"wp-block-column is-layout-flow wp-block-column-is-layout-flow\" style=\"flex-basis: 40%;\">\n        \n        <figure class=\"wp-block-image size-full\"><img decoding=\"async\" src=\"https:\/\/www.interactiv-technologies.com\/app\/uploads\/2021\/05\/undraw_Notebook_re_id0r.png\" alt=\"chacun ajoute ses informations\" title=\"undraw_Notebook_re_id0r\" \/><\/figure>                <\/div><div class=\"wp-block-column is-layout-flow wp-block-column-is-layout-flow\" style=\"flex-basis: 60%;\">\n        \n        <h2><strong>Quel est l\u2019int\u00e9r\u00eat de rendre ses catalogues personnalisables\u00a0?<\/strong><\/h2>        \n        <p>Les catalogues rendus personnalisables gr\u00e2ce \u00e0 un outil ou un logiciel pr\u00e9sentent de nombreux avantages face aux catalogues qui ne le sont pas. Par exemple :<\/p>\n<ul>\n<li>Ils permettent aux filiales, commerciaux, partenaires, etc\u2026, de <strong>gagner du temps<\/strong>, et donc d\u2019\u00eatre bien plus productifs.<\/li>\n<li>Ils sont bien plus <strong>adapt\u00e9s<\/strong> \u00e0 l\u2019utilisation que l\u2019on souhaite en faire gr\u00e2ce aux modifications sp\u00e9cifiques apport\u00e9es en fonction de chaque besoin.<\/li>\n<li>Ils sont faits sp\u00e9cialement pour une <strong>opportunit\u00e9<\/strong> ou une <strong>cible pr\u00e9cise<\/strong>, et donc sont enti\u00e8rement personnalis\u00e9s, \u00ab\u00a0sur-mesure\u00a0\u00bb, pour chaque client, ou opportunit\u00e9.<\/li>\n<li>Les documents personnalis\u00e9s, comme des <strong>catalogues sur-mesure<\/strong>, v\u00e9hiculent une image de professionnalisme et de qualit\u00e9. Le client se sent \u00ab\u00a0privil\u00e9gi\u00e9\u00a0\u00bb et sera plus enclin \u00e0 appr\u00e9cier l\u2019entreprise \/ \u00e0 effectuer un achat.<\/li>\n<\/ul>                <\/div>        <\/div>        <\/div><div class=\"wp-block-group is-layout-flow wp-block-group-is-layout-flow\">\n        <div class=\"wp-block-columns is-layout-flex wp-container-core-columns-is-layout-a54e0cfc wp-block-columns-is-layout-flex\" style=\"padding-top:var(--wp--preset--spacing--60);padding-bottom:var(--wp--preset--spacing--60)\">\n        <div class=\"wp-block-column is-layout-flow wp-block-column-is-layout-flow\" style=\"flex-basis: 60%;\">\n        \n        <h2><strong>\u00c0 qui cette personnalisation de catalogues peut-elle servir\u00a0?<\/strong><\/h2>        \n        <p>Personnaliser ses catalogues peut servir \u00e0 <strong>tout type d\u2019entreprise<\/strong> (agence, TPE, PME \/ PMI, grandes entreprises, groupes, etc.) de tout secteur d\u2019activit\u00e9, tant que celle-ci utilise des <strong>documents PDF<\/strong> ou des <strong>catalogues<\/strong>.<\/p>\n<p>Que ce soit dans des relations entre entreprises, ou entre client et entreprise, la personnalisation de catalogues offre la possibilit\u00e9 d\u2019<strong>adapter ses supports<\/strong> \u00e0 son discours et \u00e0 ses besoins.<\/p>                <\/div><div class=\"wp-block-column is-layout-flow wp-block-column-is-layout-flow\" style=\"flex-basis: 40%;\">\n        \n        <figure class=\"wp-block-image size-full\"><img decoding=\"async\" src=\"https:\/\/www.interactiv-technologies.com\/app\/uploads\/2021\/05\/undraw_businessman_97x4-1.png\" alt=\"businessman\" title=\"undraw_businessman_97x4 (1)\" \/><\/figure>                <\/div>        <\/div>        <\/div><div class=\"wp-block-group is-layout-flow wp-block-group-is-layout-flow\">\n        <div class=\"wp-block-columns is-layout-flex wp-container-core-columns-is-layout-a54e0cfc wp-block-columns-is-layout-flex\" style=\"padding-top:var(--wp--preset--spacing--60);padding-bottom:var(--wp--preset--spacing--60)\">\n        <div class=\"wp-block-column is-layout-flow wp-block-column-is-layout-flow\" style=\"flex-basis: 40%;\">\n        \n        <figure class=\"wp-block-image size-full\"><img decoding=\"async\" src=\"https:\/\/www.interactiv-technologies.com\/app\/uploads\/2021\/05\/undraw_creative_team_r90h.png\" alt=\"\u00e9l\u00e9ments de design\" title=\"undraw_creative_team_r90h\" \/><\/figure>                <\/div><div class=\"wp-block-column is-layout-flow wp-block-column-is-layout-flow\" style=\"flex-basis: 60%;\">\n        \n        <h2><strong>Quelles personnalisations peut-on effectuer sur un document de base ?<\/strong><\/h2>        \n        <p>Pour la personnalisation, les modifications du document peuvent \u00eatre par exemple les suivantes :<\/p>\n<ul>\n<li>Un <strong>logo<\/strong> personnalis\u00e9 (celui de l\u2019enseigne d\u00e9march\u00e9e, d\u2019une franchise diff\u00e9rente ou d\u2019un autre partenaire)\u00a0;<\/li>\n<li>Des <strong>coordonn\u00e9es<\/strong> adapt\u00e9es \u00e0 la situation de l\u2019utilisateur et\/ou ses informations de contact (par exemple, utiles pour des filiales ou franchises aux coordonn\u00e9es diff\u00e9rentes de la maison m\u00e8re)\u00a0;<\/li>\n<li>Des <strong>modifications de prix<\/strong> (notamment pour les brochures des filiales dont les prix peuvent diff\u00e9rer\u00a0; ou bien pour des clients qui b\u00e9n\u00e9ficient de tarifs pr\u00e9f\u00e9rentiels)\u00a0;<\/li>\n<li>D\u2019autres <strong>images<\/strong> personnalis\u00e9es, adapt\u00e9es aux clients ou partenaires concern\u00e9s par le document, comme des logos, des r\u00e9f\u00e9rences ou des offres sp\u00e9ciales\u00a0;<\/li>\n<li>La s\u00e9lection de <strong>pages<\/strong> (pour s\u00e9lectionner les produits \/ pages concern\u00e9(e)s par l\u2019utilisateur)\u00a0;<\/li>\n<li>De <strong>nombreux autres \u00e9l\u00e9ments<\/strong>, comme l\u2019ajout ou la modification d\u2019images, l\u2019ajout ou la modification de textes, etc.<\/li>\n<\/ul>                <\/div>        <\/div>        <\/div><div class=\"wp-block-group is-layout-flow wp-block-group-is-layout-flow\">\n        <div class=\"wp-block-columns is-layout-flex wp-container-core-columns-is-layout-a54e0cfc wp-block-columns-is-layout-flex\" style=\"padding-top:var(--wp--preset--spacing--60);padding-bottom:var(--wp--preset--spacing--60)\">\n        <div class=\"wp-block-column is-layout-flow wp-block-column-is-layout-flow\" style=\"flex-basis: 60%;\">\n        \n        <h2><strong>Comment proc\u00e9der pour rendre mes catalogues personnalisables ? <\/strong><\/h2>        \n        <p>Il est possible de rendre les <strong>catalogues personnalisables<\/strong> en reprenant l\u2019outil de graphisme utilis\u00e9 tel qu\u2019InDesign et de modifier manuellement au cas par cas. N\u00e9anmoins, cela est tr\u00e8s long et fastidieux.<\/p>\n<p>Le logiciel <a href=\"https:\/\/www.interactiv-technologies.com\/fr\/personnalisation-documents-pdf\/\"><strong>Interactiv\u2019 Pod<\/strong><\/a>\u00a0est une solution de publication \u00e0 la demande, d\u00e9velopp\u00e9e sp\u00e9cifiquement pour la g\u00e9n\u00e9ration et la personnalisation de catalogues et autres documents PDF. Il permet, \u00e0 partir de votre catalogue de base ou document de base, de donner la possibilit\u00e9 \u00e0 vos utilisateurs (commerciaux, franchises, clients, revendeurs, points de vente, etc.) de le personnaliser et de <strong>g\u00e9n\u00e9rer<\/strong> ainsi une <strong>infinit\u00e9 de documents<\/strong> \/ <strong>catalogues personnalis\u00e9s<\/strong>.<\/p>        \n        <div class=\"wp-block-buttons is-content-justification-center is-layout-flex wp-container-core-buttons-is-layout-a89b3969 wp-block-buttons-is-layout-flex\">\n            \n            <div class=\"wp-block-button is-style-fill\">\n                <a class=\"wp-block-button__link wp-element-button\" href=\"#formulaires\">\n                    Testez gratuitement avec votre PDF                <\/a>\n            <\/div>\n            \n        <\/div>\n                <\/div><div class=\"wp-block-column is-layout-flow wp-block-column-is-layout-flow\" style=\"flex-basis: 40%;\">\n        \n        <figure class=\"wp-block-image size-full\"><img decoding=\"async\" src=\"https:\/\/www.interactiv-technologies.com\/app\/uploads\/2021\/05\/undraw_dev_productivity_umsq-1.png\" alt=\"gestion du temps\" title=\"undraw_dev_productivity_umsq (1)\" \/><\/figure>                <\/div>        <\/div>        <\/div><div class=\"wp-block-group is-layout-flow wp-block-group-is-layout-flow\">\n        <div class=\"wp-block-columns is-layout-flex wp-container-core-columns-is-layout-a54e0cfc wp-block-columns-is-layout-flex\" style=\"padding-top:var(--wp--preset--spacing--60);padding-bottom:var(--wp--preset--spacing--60)\">\n        <div class=\"wp-block-column is-layout-flow wp-block-column-is-layout-flow\" style=\"flex-basis: 40%;\">\n        \n        <figure class=\"wp-block-image size-full\"><img decoding=\"async\" src=\"https:\/\/www.interactiv-technologies.com\/app\/uploads\/2021\/05\/undraw_wireframing_nxyi.png\" alt=\"interface\" title=\"undraw_wireframing_nxyi\" \/><\/figure>                <\/div><div class=\"wp-block-column is-layout-flow wp-block-column-is-layout-flow\" style=\"flex-basis: 60%;\">\n        \n        <h2><strong>Comment notre solution de personnalisation de catalogues fonctionne-t-elle ?<\/strong><\/h2>        \n        <p>Notre solution Interactiv\u2019 Pod se pr\u00e9sente sous <strong>deux interfaces<\/strong>. D\u2019un c\u00f4t\u00e9, il existe une <strong>interface administrateur<\/strong>, o\u00f9 l\u2019administrateur importe un catalogue de base, \u00e9tablit un cadre et des r\u00e8gles (pages obligatoires, zones \u00e0 remplir, etc\u2026) pour encadrer les personnalisations de ses utilisateurs. Il dispose alors d\u2019un lien permettant d\u2019acc\u00e9der \u00e0 l\u2019<strong>interface utilisateur<\/strong>, qu\u2019il peut transmettre comme bon lui semble.<\/p>\n<p>De l\u2019autre, l\u2019interface utilisateur, accessible via le lien envoy\u00e9 par l\u2019administrateur, permet \u00e0 l\u2019utilisateur de s\u00e9lectionner des pages, les personnaliser <strong>en fonction du cadre \u00e9tabli<\/strong> (zones images, zones textes, etc.), d\u2019ins\u00e9rer d\u2019autres pages et \u00e9galement d\u2019ajouter d\u2019autres personnalisations plus pouss\u00e9es au document final.<\/p>\n<p>Une fois la personnalisation termin\u00e9e, l\u2019utilisateur peut g\u00e9n\u00e9rer son <strong>document<\/strong> en <strong>PDF<\/strong> ou <strong>JPG<\/strong> et disposer d\u2019un catalogue personnalis\u00e9 et <strong>pr\u00eat \u00e0 l\u2019emploi<\/strong>.<\/p>        \n        <div class=\"wp-block-buttons is-content-justification-center is-layout-flex wp-container-core-buttons-is-layout-a89b3969 wp-block-buttons-is-layout-flex\">\n            \n            <div class=\"wp-block-button is-style-fill\">\n                <a class=\"wp-block-button__link wp-element-button\" href=\"\">\n                    Plus d\u2019informations sur Interactiv\u2019 Pod                <\/a>\n            <\/div>\n            \n        <\/div>\n                <\/div>        <\/div>        <\/div><div class=\"wp-block-group is-layout-flow wp-block-group-is-layout-flow\">\n        <div class=\"wp-block-columns is-layout-flex wp-container-core-columns-is-layout-a54e0cfc wp-block-columns-is-layout-flex\" style=\"padding-top:var(--wp--preset--spacing--60);padding-bottom:var(--wp--preset--spacing--60)\">\n        <div class=\"wp-block-column is-layout-flow wp-block-column-is-layout-flow\" style=\"flex-basis: 100%;\">\n        \n        <h3 style=\"text-align: center;\">Vous souhaitez faire un test gratuit avec votre catalogue ou PDF et\/ou b\u00e9n\u00e9ficier d\u2019une d\u00e9monstration ?<\/h3>\n<p style=\"text-align: center;\">\u00a0Merci de tester en ins\u00e9rant votre <strong>document PDF <\/strong>et\/ou de remplir le <strong>formulaire<\/strong> de demande de d\u00e9monstration ci-dessous.<\/p>                <\/div>        <\/div><div class=\"wp-block-columns is-layout-flex wp-container-core-columns-is-layout-a54e0cfc wp-block-columns-is-layout-flex\" style=\"padding-top:var(--wp--preset--spacing--60);padding-bottom:var(--wp--preset--spacing--60)\">\n        <div class=\"wp-block-column is-layout-flow wp-block-column-is-layout-flow\" style=\"flex-basis: 50%;\">\n        \n        <div class=\"wp-block-buttons is-content-justification-center is-layout-flex wp-container-core-buttons-is-layout-a89b3969 wp-block-buttons-is-layout-flex\">\n            \n            <div class=\"wp-block-button is-style-fill\">\n                <a class=\"wp-block-button__link wp-element-button\" href=\"https:\/\/www.interactiv-technologies.com\/fr\/formulaire-de-contact\/\">\n                    Contactez-nous                <\/a>\n            <\/div>\n            \n        <\/div>\n                <\/div><div class=\"wp-block-column is-layout-flow wp-block-column-is-layout-flow\" style=\"flex-basis: 50%;\">\n        \n        <div class=\"wp-block-buttons is-content-justification-center is-layout-flex wp-container-core-buttons-is-layout-a89b3969 wp-block-buttons-is-layout-flex\">\n            \n            <div class=\"wp-block-button is-style-fill\">\n                <a class=\"wp-block-button__link wp-element-button\" href=\"https:\/\/www.interactiv-technologies.com\/fr\/formulaire-de-contact\/\">\n                    Contactez-nous                <\/a>\n            <\/div>\n            \n        <\/div>\n                <\/div>        <\/div>        <\/div><div class=\"wp-block-group is-layout-flow wp-block-group-is-layout-flow\">\n        <div class=\"wp-block-columns is-layout-flex wp-container-core-columns-is-layout-a54e0cfc wp-block-columns-is-layout-flex\" style=\"padding-top:var(--wp--preset--spacing--60);padding-bottom:var(--wp--preset--spacing--60)\">\n        <div class=\"wp-block-column is-layout-flow wp-block-column-is-layout-flow\" style=\"flex-basis: 100%;\">\n        \n        <h2 style=\"text-align: center;\">Plus de contenu sur la personnalisation de catalogue<\/h2>                <\/div>        <\/div><div class=\"wp-block-columns is-layout-flex wp-container-core-columns-is-layout-a54e0cfc wp-block-columns-is-layout-flex\" style=\"padding-top:var(--wp--preset--spacing--60);padding-bottom:var(--wp--preset--spacing--60)\">\n        <div class=\"wp-block-column is-layout-flow wp-block-column-is-layout-flow\" style=\"flex-basis: 25%;\">\n        \n        <h3 style=\"text-align: center;\"><a href=\"https:\/\/www.interactiv-technologies.com\/fr\/personnalisation-documents-pdf\/formulaire-essai-gratuit-pdf-personnalises\/\">Obtenez votre essai gratuit d&rsquo;Interactiv&rsquo; Pod<\/a><\/h3>\n<p>Envie d&rsquo;essayer notre solution logicielle pour personnaliser facilement vos documents ? Testez Interactiv&rsquo; Pod gratuitement juste ici\u2026<\/p>                <\/div><div class=\"wp-block-column is-layout-flow wp-block-column-is-layout-flow\" style=\"flex-basis: 25%;\">\n        \n        <h3 style=\"text-align: center;\"><a href=\"https:\/\/www.interactiv-technologies.com\/fr\/personnalisation-documents-pdf\/formulaire-demonstration-pdf-personnalises\/\">Demandez une d\u00e9monstration d&rsquo;Interactiv&rsquo; Pod<\/a><\/h3>\n<p>Si vous souhaitez voir notre logiciel de personnalisation de PDF en action : il vous suffit de remplir ce formulaire pour demander une d\u00e9monstration\u2026<\/p>                <\/div><div class=\"wp-block-column is-layout-flow wp-block-column-is-layout-flow\" style=\"flex-basis: 25%;\">\n        \n        <h3 style=\"text-align: center;\"><a href=\"https:\/\/www.interactiv-technologies.com\/fr\/personnalisation-documents-pdf\/prix-devis-pdf-personnalise\/\">Votre estimation tarifaire personnalis\u00e9e<\/a><\/h3>\n<p>Les tarifs de nos produits s&rsquo;adaptent \u00e0 vos besoins. Pour recevoir votre estimation tarifaire personnalis\u00e9e\u2026<\/p>                <\/div><div class=\"wp-block-column is-layout-flow wp-block-column-is-layout-flow\" style=\"flex-basis: 25%;\">\n        \n        <h3 style=\"text-align: center;\"><a href=\"https:\/\/www.interactiv-technologies.com\/fr\/personnalisation-documents-pdf\/questions-pdf-personnalises\/\">Foire aux questions &#8211; Interactiv&rsquo; Pod<\/a><\/h3>\n<p>Toutes les r\u00e9ponses aux questions autour de la probl\u00e9matique de personnalisation de catalogues et de documents\u2026<\/p>                <\/div>        <\/div><div class=\"wp-block-columns is-layout-flex wp-container-core-columns-is-layout-a54e0cfc wp-block-columns-is-layout-flex\" style=\"padding-top:var(--wp--preset--spacing--60);padding-bottom:var(--wp--preset--spacing--60)\">\n        <div class=\"wp-block-column is-layout-flow wp-block-column-is-layout-flow\" style=\"flex-basis: 25%;\">\n        \n        <h3 style=\"text-align: center;\"><a href=\"https:\/\/www.interactiv-technologies.com\/fr\/personnalisation-documents-pdf\/\">D\u00e9couvrez l&rsquo;outil Interactiv&rsquo; Pod<\/a><\/h3>\n<p>Interactiv&rsquo; Pod est l&rsquo;outil de choix pour la personnalisation de vos catalogues produit. Vos collaborateurs et vous-m\u00eame pouvez changer facilement les coordonn\u00e9es, logos, textes, prix, images\u2026<\/p>                <\/div><div class=\"wp-block-column is-layout-flow wp-block-column-is-layout-flow\" style=\"flex-basis: 25%;\">\n        \n        <h3 style=\"text-align: center;\"><a href=\"https:\/\/www.interactiv-technologies.com\/fr\/personnalisation-documents-pdf\/personnaliser-catalogues\/\">Comment personnaliser son catalogue ?<\/a><\/h3>\n<p>Personnalisez vos catalogues produit facilement : coordonn\u00e9es, logo, texte, prix, images\u2026<\/p>                <\/div><div class=\"wp-block-column is-layout-flow wp-block-column-is-layout-flow\" style=\"flex-basis: 25%;\">\n                <\/div><div class=\"wp-block-column is-layout-flow wp-block-column-is-layout-flow\" style=\"flex-basis: 25%;\">\n                <\/div>        <\/div>        <\/div>","protected":false},"excerpt":{"rendered":"<p>Comment personnaliser mes catalogues ? Comment les rendre personnalisables facilement ? Besoin de personnaliser vos catalogues\u00a0? Vos filiales vous demandent des supports de communication adapt\u00e9s \u00e0 leurs sp\u00e9cificit\u00e9s et coordonn\u00e9es ? Vos commerciaux souhaitent pouvoir personnaliser le catalogue complet en fonction des enseignes et magasins qu\u2019ils d\u00e9marchent\u00a0? Vos clients souhaitent des brochures et documents PDF [&hellip;]<\/p>\n","protected":false},"author":1,"featured_media":0,"parent":3130,"menu_order":0,"comment_status":"closed","ping_status":"closed","template":"","meta":{"_seopress_robots_primary_cat":"","_seopress_titles_title":"","_seopress_titles_desc":"D\u00e9couvrez comment personnaliser et rendre vos catalogues personnalisables rapidement pour vos fournisseurs, commerciaux, filiales\u2026","_seopress_robots_index":"","_it_page_product":"ITPod","_it_call_to_action":["{\"text\":\"Testez gratuitement\",\"url\":\"https:\/\/www.interactiv-technologies.com\/fr\/personnalisation-documents-pdf\/formulaire-essai-gratuit-pdf-personnalises\/\"}","{\"text\":\"Demandez une d\u00e9mo\",\"url\":\"https:\/\/www.interactiv-technologies.com\/fr\/personnalisation-documents-pdf\/formulaire-demonstration-pdf-personnalises\/\"}","{\"text\":\"Obtenez votre tarif\",\"url\":\"https:\/\/www.interactiv-technologies.com\/fr\/personnalisation-documents-pdf\/prix-devis-pdf-personnalise\/\"}"],"footnotes":""},"class_list":["post-3166","page","type-page","status-publish","hentry"],"_links":{"self":[{"href":"https:\/\/www.interactiv-technologies.com\/fr\/wp-json\/wp\/v2\/pages\/3166","targetHints":{"allow":["GET"]}}],"collection":[{"href":"https:\/\/www.interactiv-technologies.com\/fr\/wp-json\/wp\/v2\/pages"}],"about":[{"href":"https:\/\/www.interactiv-technologies.com\/fr\/wp-json\/wp\/v2\/types\/page"}],"author":[{"embeddable":true,"href":"https:\/\/www.interactiv-technologies.com\/fr\/wp-json\/wp\/v2\/users\/1"}],"replies":[{"embeddable":true,"href":"https:\/\/www.interactiv-technologies.com\/fr\/wp-json\/wp\/v2\/comments?post=3166"}],"version-history":[{"count":0,"href":"https:\/\/www.interactiv-technologies.com\/fr\/wp-json\/wp\/v2\/pages\/3166\/revisions"}],"up":[{"embeddable":true,"href":"https:\/\/www.interactiv-technologies.com\/fr\/wp-json\/wp\/v2\/pages\/3130"}],"wp:attachment":[{"href":"https:\/\/www.interactiv-technologies.com\/fr\/wp-json\/wp\/v2\/media?parent=3166"}],"curies":[{"name":"wp","href":"https:\/\/api.w.org\/{rel}","templated":true}]}}