{"id":2052,"date":"2024-02-06T14:43:30","date_gmt":"2024-02-06T13:43:30","guid":{"rendered":"https:\/\/www.interactiv-technologies.com\/?page_id=2052"},"modified":"2024-06-07T10:06:00","modified_gmt":"2024-06-07T08:06:00","slug":"nouveautes-adobe-indesign-cc-2023","status":"publish","type":"page","link":"https:\/\/www.interactiv-technologies.com\/fr\/automatisation-catalogues-indesign\/nouveautes-version-indesign-cc-2023\/","title":{"rendered":"Les nouveaut\u00e9s InDesign version CC 2023"},"content":{"rendered":"\n<div class=\"wp-block-group alignfull has-violet-accent-background-color has-background has-global-padding is-layout-constrained wp-block-group-is-layout-constrained\" style=\"padding-top:var(--wp--preset--spacing--40);padding-bottom:var(--wp--preset--spacing--60)\">\n<div class=\"wp-block-group alignwide has-blanc-color has-text-color has-link-color has-small-font-size wp-elements-c841a1b92e5602c57e0ccc8a7ec884c5 has-global-padding is-layout-constrained wp-block-group-is-layout-constrained\"><div class=\"alignwide wp-block-wpseopress-breadcrumbs\"><nav  aria-label=\"Fil d&#039;Ariane\"><ol class=\"breadcrumb\" itemscope itemtype=\"https:\/\/schema.org\/BreadcrumbList\"><li class=\"breadcrumb-item active\" aria-current=\"page\" itemprop=\"itemListElement\" itemscope itemtype=\"https:\/\/schema.org\/ListItem\"><span itemprop=\"name\">Accueil<\/span><meta itemprop=\"position\" content=\"1\"><\/li><\/ol><\/nav><\/div><\/div>\n\n\n\n<h1 class=\"wp-block-heading has-text-align-center has-blanc-color has-text-color has-link-color wp-elements-2bd0facfd07e2f3e0786767ba7605b63\">Nouveaut\u00e9s Adobe InDesign CC 2023<\/h1>\n<\/div>\n\n\n\n<section class=\"wp-block-group has-global-padding is-layout-constrained wp-block-group-is-layout-constrained\" style=\"margin-bottom:var(--wp--preset--spacing--50)\">\n<div class=\"wp-block-columns is-layout-flex wp-container-core-columns-is-layout-02d6f95f wp-block-columns-is-layout-flex\" style=\"margin-top:var(--wp--preset--spacing--70)\">\n<div class=\"wp-block-column is-layout-flow wp-block-column-is-layout-flow\" style=\"flex-basis:66.66%\">\n<h2 class=\"wp-block-heading is-style-violet-accent\">Ce qu\u2019annonce la version CC 2023 d\u2019InDesign<\/h2>\n\n\n\n<p>La mise \u00e0 jour annuelle d\u2019Adobe InDesign vient de voir le jour. <br>Nous vous proposons un r\u00e9capitulatif des nouveaut\u00e9s de la CC 2023 concernant InDesign :<\/p>\n\n\n\n<ul class=\"wp-block-list\">\n<li>Les Styles Automatiques<\/li>\n\n\n\n<li>Am\u00e9lioration des Copier\/Coller entre Illustrator et InDesign<\/li>\n\n\n\n<li>Prise en charge de nouveaux formats de fichier dans InDesign<\/li>\n\n\n\n<li>Am\u00e9lioration de la duplication de pages ou de planches<\/li>\n\n\n\n<li>Int\u00e9gration de Scripts UXP<\/li>\n\n\n\n<li>Aper\u00e7u de vos documents InDesign<\/li>\n<\/ul>\n\n\n\n<div class=\"wp-block-group has-global-padding is-layout-constrained wp-block-group-is-layout-constrained\" style=\"padding-top:var(--wp--preset--spacing--40)\">\n<figure class=\"wp-block-image size-large is-resized\"><img loading=\"lazy\" decoding=\"async\" width=\"1024\" height=\"998\" src=\"https:\/\/www.interactiv-technologies.com\/app\/uploads\/2024\/02\/Logo_InDesign_CC21_icon.svg_-1024x998.png\" alt=\"\" class=\"wp-image-1751\" style=\"width:93px;height:auto\" srcset=\"https:\/\/www.interactiv-technologies.com\/app\/uploads\/2024\/02\/Logo_InDesign_CC21_icon.svg_-1024x998.png 1024w, https:\/\/www.interactiv-technologies.com\/app\/uploads\/2024\/02\/Logo_InDesign_CC21_icon.svg_-300x293.png 300w, https:\/\/www.interactiv-technologies.com\/app\/uploads\/2024\/02\/Logo_InDesign_CC21_icon.svg_-768x749.png 768w, https:\/\/www.interactiv-technologies.com\/app\/uploads\/2024\/02\/Logo_InDesign_CC21_icon.svg_.png 1200w\" sizes=\"auto, (max-width: 1024px) 100vw, 1024px\" \/><\/figure>\n<\/div>\n<\/div>\n\n\n\n<div class=\"wp-block-column is-vertically-aligned-center is-layout-flow wp-block-column-is-layout-flow\" style=\"flex-basis:66.66%\">\n<div class=\"wp-block-group has-global-padding is-layout-constrained wp-block-group-is-layout-constrained\">\n<form class=\"wp-block-interactiv-technologies-it-form needs-validation it-pattern-form-simple it-pattern-form-simple--msg it-pattern-card\" novalidate action=\"\" method=\"post\" enctype=\"multipart\/form-data\"><div class=\"it-form-ribbon\">D\u00e9di\u00e9 aux professionnels<\/div>\n<p class=\"it-form-title\">Parlons de votre projet !<\/p>\n\n\n\n<div class=\"wp-block-group has-global-padding is-layout-constrained wp-container-core-group-is-layout-7bc66994 wp-block-group-is-layout-constrained\">\n<div class=\"wp-block-interactiv-technologies-it-field it-form-field it-form-field-status it-form-field--required it-form-field--is-floating form-floating is-style-floating\" data-field-name=\"status\" data-field-type=\"status\" data-field-label=\"Vous \u00eates\" data-field-required=\"true\"><select id=\"it_form_status\" class=\"it-form-field-control form-select\" name=\"status\" required><option value=\"\" disabled selected>S\u00e9lectionner un statut<\/option><option value=\"company\">Une soci\u00e9t\u00e9<\/option><option value=\"agency\">Une agence<\/option><option value=\"freelance\">Un(e) freelance<\/option><option value=\"association\">Une association<\/option><option value=\"individual\">Un particulier<\/option><\/select><label class=\"it-form-field-label\" for=\"it_form_status\">Vous \u00eates<\/label><div class=\"invalid-feedback\"><\/div><\/div>\n\n\n\n<div class=\"wp-block-interactiv-technologies-it-field it-form-field it-form-field-text it-form-field--is-floating form-floating is-style-floating\" data-field-name=\"society\" data-field-type=\"text\" data-field-label=\"Soci\u00e9t\u00e9\" data-field-required=\"false\"><input id=\"it_form_society\" class=\"it-form-field-control form-control\" type=\"text\" name=\"society\" placeholder=\"Soci\u00e9t\u00e9\"\/><label class=\"it-form-field-label\" for=\"it_form_society\">Soci\u00e9t\u00e9<\/label><div class=\"invalid-feedback\"><\/div><\/div>\n\n\n\n<div class=\"wp-block-interactiv-technologies-it-field it-form-field it-form-field-text it-form-field--required it-form-field--is-floating form-floating is-style-floating\" data-field-name=\"identity\" data-field-type=\"text\" data-field-label=\"Nom Pr\u00e9nom\" data-field-required=\"true\"><input id=\"it_form_identity\" class=\"it-form-field-control form-control\" type=\"text\" name=\"identity\" placeholder=\"Nom Pr\u00e9nom\" required\/><label class=\"it-form-field-label\" for=\"it_form_identity\">Nom Pr\u00e9nom<\/label><div class=\"invalid-feedback\"><\/div><\/div>\n\n\n\n<div class=\"wp-block-interactiv-technologies-it-field it-form-field it-form-field-email it-form-field--required it-form-field--is-floating form-floating is-style-floating\" data-field-name=\"mail\" data-field-type=\"email\" data-field-label=\"E-mail\" data-field-required=\"true\"><input id=\"it_form_mail\" class=\"it-form-field-control form-control\" type=\"email\" name=\"mail\" placeholder=\"\" required\/><label class=\"it-form-field-label\" for=\"it_form_mail\">E-mail<\/label><div class=\"invalid-feedback\"><\/div><\/div>\n\n\n\n<div class=\"wp-block-interactiv-technologies-it-field it-form-field it-form-field-text it-form-field--required it-form-field--is-floating form-floating is-style-floating\" data-field-name=\"phone\" data-field-type=\"text\" data-field-label=\"T\u00e9l\u00e9phone\" data-field-required=\"true\"><input id=\"it_form_phone\" class=\"it-form-field-control form-control\" type=\"text\" name=\"phone\" placeholder=\"T\u00e9l\u00e9phone\" required\/><label class=\"it-form-field-label\" for=\"it_form_phone\">T\u00e9l\u00e9phone<\/label><div class=\"invalid-feedback\"><\/div><\/div>\n\n\n\n<div class=\"wp-block-interactiv-technologies-it-field it-form-field it-form-field-textarea it-form-field--is-floating form-floating is-style-floating\" data-field-name=\"msg\" data-field-type=\"textarea\" data-field-label=\"Message (facultatif)\" data-field-required=\"false\"><textarea id=\"it_form_msg\" class=\"it-form-field-control form-control\" name=\"msg\" placeholder=\"Message\" style=\"height:4.2rem\"><\/textarea><label class=\"it-form-field-label\" for=\"it_form_msg\">Message (facultatif)<\/label><div class=\"invalid-feedback\"><\/div><\/div>\n\n\n\n<div class=\"wp-block-interactiv-technologies-it-field it-form-field it-form-field-consent it-form-field--consent form-check it-form-field--required\" data-field-name=\"consent\" data-field-type=\"consent\" data-field-label=\"\" data-field-required=\"true\" style=\"margin-top:var(--wp--preset--spacing--30)\"><input id=\"it_form_consent\" class=\"it-form-field-control form-check-input\" type=\"checkbox\" name=\"consent\" value=\"ok\" required\/><label class=\"it-form-field-inputs-label form-check-label\" for=\"it_form_consent\">En soumettant ce formulaire, j\u2019accepte que les informations saisies soient exploit\u00e9es dans le cadre de la demande de d\u00e9monstration et la relation commerciale qui peut en d\u00e9couler.<br \/>\r\nPour connaitre et exercer vos droits, veuillez consulter notre <a href=\"https:\/\/www.interactiv-technologies.com\/fr\/politique-de-confidentialite-relative-aux-donnees-personnelles\/\">politique de confidentialit\u00e9<\/a>.<\/label><div class=\"invalid-feedback\"><\/div><\/div>\n<\/div>\n<div class=\"wp-block-interactiv-technologies-it-field it-form-field it-form-field-email it-form-field--is-floating form-floating is-style-floating hasNoName\" data-field-name=\"mail_double_check\" data-field-type=\"email\" data-field-label=\"Enter email again\" data-field-required=\"false\"><input class=\"it-form-field-control form-control\" type=\"email\" name=\"mail_double_check\" id=\"it_form_mail_double_check\" placeholder=\"Enter email again\"\/><label class=\"it-form-field-label\" for=\"it_form_mail_double_check\">Enter email again<\/label><div class=\"invalid-feedback\"><\/div><\/div><input type=\"hidden\" name=\"name\" value=\"Formulaire de contact\"\/><input type=\"hidden\" name=\"product\" value=\"itpublisher\"\/><input type=\"hidden\" name=\"tpl\" value=\"2710\"\/><input type=\"hidden\" name=\"landing\" value=\"950\"\/><button class=\"btn-form-submit it-form-submit-btn\" type=\"submit\">Je valide<\/button><input type=\"hidden\" id=\"_wpnonce\" name=\"_wpnonce\" value=\"f53c8135b9\" \/><input type=\"hidden\" name=\"_wp_http_referer\" value=\"\/fr\/wp-json\/wp\/v2\/pages\/2052\" \/><\/form>\n<\/div>\n<\/div>\n<\/div>\n<\/section>\n\n\n\n<section class=\"wp-block-group alignfull has-gris-clair-background-color has-background has-global-padding is-layout-constrained wp-container-core-group-is-layout-5e1fba9a wp-block-group-is-layout-constrained\" style=\"min-height:0px;margin-top:0;margin-bottom:0;padding-top:3rem;padding-right:0;padding-bottom:3rem;padding-left:0\">\n<h2 class=\"wp-block-heading has-text-align-center is-style-violet-accent\" style=\"padding-top:0;padding-bottom:var(--wp--preset--spacing--60);text-transform:none\">Principales nouveaut\u00e9s de la version InDesign CC 2023<\/h2>\n\n\n\n<div class=\"wp-block-columns is-layout-flex wp-container-core-columns-is-layout-e477a36d wp-block-columns-is-layout-flex\" style=\"padding-bottom:var(--wp--preset--spacing--60)\">\n<div class=\"wp-block-column is-layout-flow wp-block-column-is-layout-flow\">\n<aside class=\"wp-block-group it-pattern-card has-blanc-background-color has-background has-global-padding is-layout-constrained wp-block-group-is-layout-constrained\" style=\"min-height:100%\">\n<figure class=\"wp-block-image aligncenter size-full is-resized\"><img loading=\"lazy\" decoding=\"async\" width=\"768\" height=\"768\" src=\"https:\/\/www.interactiv-technologies.com\/app\/uploads\/2024\/02\/Indesign_CC23_768x768_style_automatique-768x768-1.png\" alt=\"\" class=\"wp-image-2212\" style=\"aspect-ratio:1;object-fit:contain;width:60px\" srcset=\"https:\/\/www.interactiv-technologies.com\/app\/uploads\/2024\/02\/Indesign_CC23_768x768_style_automatique-768x768-1.png 768w, https:\/\/www.interactiv-technologies.com\/app\/uploads\/2024\/02\/Indesign_CC23_768x768_style_automatique-768x768-1-300x300.png 300w, https:\/\/www.interactiv-technologies.com\/app\/uploads\/2024\/02\/Indesign_CC23_768x768_style_automatique-768x768-1-150x150.png 150w\" sizes=\"auto, (max-width: 768px) 100vw, 768px\" \/><\/figure>\n\n\n\n<h3 class=\"wp-block-heading has-text-align-center is-style-violet-accent\">Les Styles Automatiques<\/h3>\n\n\n\n<p class=\"has-text-align-center\">InDesign comprend d\u00e9sormais des&nbsp;<strong>Packs de Styles int\u00e9gr\u00e9s<\/strong>&nbsp;qui vont automatiquement mettre en forme votre texte en fonction de votre contenu. Cette nouvelle fonction va consid\u00e9rablement&nbsp;<strong>r\u00e9duire les efforts de formatage du texte<\/strong>, surtout sur les documents tr\u00e8s volumineux. Vous pouvez trouver plus d\u2019informations sur les packs de styles&nbsp;<a href=\"https:\/\/helpx.adobe.com\/fr\/indesign\/using\/work-with-style-packs.html\">en cliquant ici<\/a>.<\/p>\n<\/aside>\n<\/div>\n\n\n\n<div class=\"wp-block-column is-layout-flow wp-block-column-is-layout-flow\">\n<aside class=\"wp-block-group it-pattern-card has-blanc-background-color has-background has-global-padding is-layout-constrained wp-block-group-is-layout-constrained\" style=\"min-height:100%\">\n<figure class=\"wp-block-image aligncenter size-full is-resized\"><img loading=\"lazy\" decoding=\"async\" width=\"768\" height=\"768\" src=\"https:\/\/www.interactiv-technologies.com\/app\/uploads\/2024\/02\/Indesign_CC23_768x768_copier_coller_illustrator-768x768-1.png\" alt=\"\" class=\"wp-image-2214\" style=\"aspect-ratio:1;object-fit:contain;width:60px\" srcset=\"https:\/\/www.interactiv-technologies.com\/app\/uploads\/2024\/02\/Indesign_CC23_768x768_copier_coller_illustrator-768x768-1.png 768w, https:\/\/www.interactiv-technologies.com\/app\/uploads\/2024\/02\/Indesign_CC23_768x768_copier_coller_illustrator-768x768-1-300x300.png 300w, https:\/\/www.interactiv-technologies.com\/app\/uploads\/2024\/02\/Indesign_CC23_768x768_copier_coller_illustrator-768x768-1-150x150.png 150w\" sizes=\"auto, (max-width: 768px) 100vw, 768px\" \/><\/figure>\n\n\n\n<h3 class=\"wp-block-heading has-text-align-center is-style-violet-accent\"><strong>Les Copier\/Coller entre Illustrator et InDesign<\/strong><\/h3>\n\n\n\n<p class=\"has-text-align-center\">Gr\u00e2ce \u00e0 cette nouvelle mise \u00e0 jour CC23,&nbsp;<strong>les Copier\/Coller entre Illustrator et InDesign<\/strong>&nbsp;conservent les Mises en forme et les Effets appliqu\u00e9s. Si vous souhaitez avoir plus d\u2019informations \u00e0 ce sujet vous pouvez vous reporter \u00e0 la&nbsp;<a href=\"https:\/\/helpx.adobe.com\/fr\/indesign\/using\/placing-graphics.html\">section \u00ab&nbsp;Copier, ins\u00e9rer des graphiques ou d\u2019autres fichiers Adobe&nbsp;\u00bb<\/a>&nbsp;sur le site officiel d\u2019Adobe.<\/p>\n<\/aside>\n<\/div>\n\n\n\n<div class=\"wp-block-column is-layout-flow wp-block-column-is-layout-flow\">\n<aside class=\"wp-block-group it-pattern-card has-blanc-background-color has-background has-global-padding is-layout-constrained wp-block-group-is-layout-constrained\" style=\"min-height:100%\">\n<figure class=\"wp-block-image aligncenter size-full is-resized\"><img loading=\"lazy\" decoding=\"async\" width=\"768\" height=\"768\" src=\"https:\/\/www.interactiv-technologies.com\/app\/uploads\/2024\/02\/Indesign_CC23_768x768_nouveaux_formats-768x768-1.png\" alt=\"\" class=\"wp-image-2216\" style=\"object-fit:contain;width:74px;height:auto\" srcset=\"https:\/\/www.interactiv-technologies.com\/app\/uploads\/2024\/02\/Indesign_CC23_768x768_nouveaux_formats-768x768-1.png 768w, https:\/\/www.interactiv-technologies.com\/app\/uploads\/2024\/02\/Indesign_CC23_768x768_nouveaux_formats-768x768-1-300x300.png 300w, https:\/\/www.interactiv-technologies.com\/app\/uploads\/2024\/02\/Indesign_CC23_768x768_nouveaux_formats-768x768-1-150x150.png 150w\" sizes=\"auto, (max-width: 768px) 100vw, 768px\" \/><\/figure>\n\n\n\n<h3 class=\"wp-block-heading has-text-align-center is-style-violet-accent\"><strong>Prise en charge de nouveaux formats images dans InDesign<\/strong><\/h3>\n\n\n\n<p class=\"has-text-align-center\">D\u00e9sormais vous pouvez&nbsp;<strong>importer des fichiers .HEIC, .HEIF, .WEBP et .JP2K<\/strong>&nbsp;dans leurs formats natifs dans InDesign, sans aucune perte de fid\u00e9lit\u00e9 sur ce type de fichiers.<\/p>\n<\/aside>\n<\/div>\n<\/div>\n\n\n\n<div class=\"wp-block-columns is-layout-flex wp-container-core-columns-is-layout-e477a36d wp-block-columns-is-layout-flex\" style=\"padding-bottom:var(--wp--preset--spacing--60)\">\n<div class=\"wp-block-column is-layout-flow wp-block-column-is-layout-flow\">\n<aside class=\"wp-block-group it-pattern-card has-blanc-background-color has-background has-global-padding is-layout-constrained wp-block-group-is-layout-constrained\" style=\"min-height:100%\">\n<figure class=\"wp-block-image aligncenter size-full is-resized\"><img loading=\"lazy\" decoding=\"async\" width=\"768\" height=\"768\" src=\"https:\/\/www.interactiv-technologies.com\/app\/uploads\/2024\/02\/Indesign_CC23_768x768_dupliquer-1-768x768-1.png\" alt=\"\" class=\"wp-image-2218\" style=\"aspect-ratio:1;object-fit:contain;width:60px\" srcset=\"https:\/\/www.interactiv-technologies.com\/app\/uploads\/2024\/02\/Indesign_CC23_768x768_dupliquer-1-768x768-1.png 768w, https:\/\/www.interactiv-technologies.com\/app\/uploads\/2024\/02\/Indesign_CC23_768x768_dupliquer-1-768x768-1-300x300.png 300w, https:\/\/www.interactiv-technologies.com\/app\/uploads\/2024\/02\/Indesign_CC23_768x768_dupliquer-1-768x768-1-150x150.png 150w\" sizes=\"auto, (max-width: 768px) 100vw, 768px\" \/><\/figure>\n\n\n\n<h3 class=\"wp-block-heading has-text-align-center is-style-violet-accent\"><strong>Am\u00e9lioration de la duplication de pages ou de planches<\/strong><\/h3>\n\n\n\n<p class=\"has-text-align-center\">Vous pouvez dor\u00e9navant&nbsp;<strong>dupliquer des pages ou des planches<\/strong>&nbsp;dans InDesign pour les placer \u00e0 la suite de votre s\u00e9lection. Vous pouvez aussi choisir d\u2019ins\u00e9rer les pages ou les planches dupliqu\u00e9es \u00e0 la fin de votre document.<\/p>\n<\/aside>\n<\/div>\n\n\n\n<div class=\"wp-block-column is-layout-flow wp-block-column-is-layout-flow\">\n<aside class=\"wp-block-group it-pattern-card has-blanc-background-color has-background has-global-padding is-layout-constrained wp-block-group-is-layout-constrained\" style=\"min-height:100%\">\n<figure class=\"wp-block-image aligncenter size-full is-resized\"><img loading=\"lazy\" decoding=\"async\" width=\"768\" height=\"768\" src=\"https:\/\/www.interactiv-technologies.com\/app\/uploads\/2024\/02\/Indesign_CC23_768x768_Script_UXP-768x768-1.png\" alt=\"\" class=\"wp-image-2220\" style=\"aspect-ratio:1;object-fit:contain;width:60px\" srcset=\"https:\/\/www.interactiv-technologies.com\/app\/uploads\/2024\/02\/Indesign_CC23_768x768_Script_UXP-768x768-1.png 768w, https:\/\/www.interactiv-technologies.com\/app\/uploads\/2024\/02\/Indesign_CC23_768x768_Script_UXP-768x768-1-300x300.png 300w, https:\/\/www.interactiv-technologies.com\/app\/uploads\/2024\/02\/Indesign_CC23_768x768_Script_UXP-768x768-1-150x150.png 150w\" sizes=\"auto, (max-width: 768px) 100vw, 768px\" \/><\/figure>\n\n\n\n<h3 class=\"wp-block-heading has-text-align-center is-style-violet-accent\">Int\u00e9gration de script UXP<\/h3>\n\n\n\n<p class=\"has-text-align-center\">La fonction de scripting int\u00e9gr\u00e9e dans InDesign int\u00e8gre depuis cette mise \u00e0 jour des fonctionnalit\u00e9s JavaScript modernes. Les d\u00e9veloppeurs peuvent donc maintenant&nbsp;<strong>utiliser les scripts UXP&nbsp;<\/strong>aux c\u00f4t\u00e9s de VBScript, AppleScript et JavaScript.<\/p>\n<\/aside>\n<\/div>\n\n\n\n<div class=\"wp-block-column is-layout-flow wp-block-column-is-layout-flow\">\n<aside class=\"wp-block-group it-pattern-card has-blanc-background-color has-background has-global-padding is-layout-constrained wp-block-group-is-layout-constrained\" style=\"min-height:100%\">\n<figure class=\"wp-block-image aligncenter size-full is-resized\"><img loading=\"lazy\" decoding=\"async\" width=\"768\" height=\"768\" src=\"https:\/\/www.interactiv-technologies.com\/app\/uploads\/2024\/02\/Indesign_CC23_768x768_apercu-768x768-1.png\" alt=\"\" class=\"wp-image-2222\" style=\"aspect-ratio:1;object-fit:contain;width:60px\" srcset=\"https:\/\/www.interactiv-technologies.com\/app\/uploads\/2024\/02\/Indesign_CC23_768x768_apercu-768x768-1.png 768w, https:\/\/www.interactiv-technologies.com\/app\/uploads\/2024\/02\/Indesign_CC23_768x768_apercu-768x768-1-300x300.png 300w, https:\/\/www.interactiv-technologies.com\/app\/uploads\/2024\/02\/Indesign_CC23_768x768_apercu-768x768-1-150x150.png 150w\" sizes=\"auto, (max-width: 768px) 100vw, 768px\" \/><\/figure>\n\n\n\n<h3 class=\"wp-block-heading has-text-align-center is-style-violet-accent\">Aper\u00e7u de document InDesign<\/h3>\n\n\n\n<p class=\"has-text-align-center\">Depuis la mise \u00e0 jour CC23 vous pouvez&nbsp;<strong>visualiser un aper\u00e7u de vos documents InDesign<\/strong>&nbsp;(.indd) sur votre page d\u2019accueil et ainsi avoir une id\u00e9e des aspects de ceux-ci sans devoir les ouvrir. Vous avez \u00e9galement la possibilit\u00e9 de&nbsp;<strong>param\u00e9trer le nombre de pages d\u2019aper\u00e7u et leur taille<\/strong>.<\/p>\n<\/aside>\n<\/div>\n<\/div>\n<\/section>\n\n\n\n<section class=\"wp-block-group has-global-padding is-layout-constrained wp-block-group-is-layout-constrained\">\n<div class=\"wp-block-columns is-layout-flex wp-container-core-columns-is-layout-28f84493 wp-block-columns-is-layout-flex\">\n<div class=\"wp-block-column is-vertically-aligned-bottom is-layout-flow wp-block-column-is-layout-flow\">\n<div class=\"wp-block-group has-global-padding is-layout-constrained wp-block-group-is-layout-constrained\">\n<figure class=\"wp-block-image aligncenter size-full is-resized\"><img loading=\"lazy\" decoding=\"async\" width=\"2889\" height=\"600\" src=\"https:\/\/www.interactiv-technologies.com\/app\/uploads\/2024\/02\/EasyCatalog-3.png\" alt=\"\" class=\"wp-image-2060\" style=\"width:453px;height:auto\" srcset=\"https:\/\/www.interactiv-technologies.com\/app\/uploads\/2024\/02\/EasyCatalog-3.png 2889w, https:\/\/www.interactiv-technologies.com\/app\/uploads\/2024\/02\/EasyCatalog-3-300x62.png 300w, https:\/\/www.interactiv-technologies.com\/app\/uploads\/2024\/02\/EasyCatalog-3-1024x213.png 1024w, https:\/\/www.interactiv-technologies.com\/app\/uploads\/2024\/02\/EasyCatalog-3-768x160.png 768w, https:\/\/www.interactiv-technologies.com\/app\/uploads\/2024\/02\/EasyCatalog-3-1536x319.png 1536w, https:\/\/www.interactiv-technologies.com\/app\/uploads\/2024\/02\/EasyCatalog-3-2048x425.png 2048w\" sizes=\"auto, (max-width: 2889px) 100vw, 2889px\" \/><\/figure>\n<\/div>\n\n\n\n<div class=\"wp-block-buttons is-content-justification-center is-layout-flex wp-container-core-buttons-is-layout-098cc607 wp-block-buttons-is-layout-flex\">\n<div class=\"wp-block-button is-style-fill\"><a class=\"wp-block-button__link wp-element-button\" href=\"https:\/\/www.interactiv-technologies.com\/fr\/interactiv-publisher\/telecharger-easycatalog\/\">T\u00e9l\u00e9chargez EasyCatalog gratuitement<\/a><\/div>\n<\/div>\n<\/div>\n\n\n\n<div class=\"wp-block-column is-layout-flow wp-block-column-is-layout-flow\">\n<div class=\"wp-block-group has-global-padding is-layout-constrained wp-block-group-is-layout-constrained\">\n<h2 class=\"wp-block-heading has-text-align-center is-style-violet-accent\">Plug-in EasyCatalog<\/h2>\n\n\n\n<p class=\"has-text-align-center\"><strong>EasyCatalog est un plug-in d\u2019InDesign.&nbsp;<\/strong>Il permet l\u2019automatisation de la mise en page de vos documents (catalogues, annuaires, fiches produits \/ techniques \u2026) en liant ceux-ci \u00e0 vos bases de donn\u00e9es. Il est d\u2019ores et d\u00e9j\u00e0 disponible dans sa&nbsp;<strong>version CC 2023.<\/strong><\/p>\n\n\n\n<div class=\"wp-block-buttons is-content-justification-center is-layout-flex wp-container-core-buttons-is-layout-a89b3969 wp-block-buttons-is-layout-flex\">\n<div class=\"wp-block-button\"><a class=\"wp-block-button__link wp-element-button\" href=\"https:\/\/www.interactiv-technologies.com\/fr\/automatisation-catalogues-indesign\/nouveautes-version-easycatalog-cc-2023\/\">Nouveaut\u00e9s EasyCatalog 2023<\/a><\/div>\n<\/div>\n<\/div>\n<\/div>\n<\/div>\n<\/section>\n\n\n\n<hr class=\"wp-block-separator has-alpha-channel-opacity\"\/>\n\n\n\n<section class=\"wp-block-group has-global-padding is-layout-constrained wp-block-group-is-layout-constrained\">\n<h2 class=\"wp-block-heading has-text-align-center is-style-violet-accent\">Informations concernant la version CC 2023<\/h2>\n\n\n\n<p>InDesign CC2023 \u00e9tant arriv\u00e9e, une nouvelle version d\u2019<strong>EasyCatalog<\/strong>&nbsp;est d\u00e9sormais disponible.<br>De nombreuses am\u00e9liorations ont \u00e9t\u00e9 apport\u00e9es \u00e0 EasyCatalog et sont disponibles dans cette derni\u00e8re version.<br>(Attention : certaines nouvelles fonctionnalit\u00e9s ne peuvent pas \u00eatre incluses dans les versions pr\u00e9c\u00e9dentes du module.)<\/p>\n\n\n\n<p>N\u2019h\u00e9sitez pas \u00e0 nous contacter si vous d\u00e9sirez une mise \u00e0 jour de votre logiciel.<\/p>\n\n\n\n<p><strong>ATTENTION : Comme pour toute mise \u00e0 jour de logiciel, veillez \u00e0 toujours sauvegarder votre espace de travail EasyCatalog (Workspace, documents et configurations\u2026) avant de passer \u00e0 la nouvelle version.<\/strong><\/p>\n<\/section>\n","protected":false},"excerpt":{"rendered":"<p>Nouveaut\u00e9s Adobe InDesign CC 2023 Ce qu\u2019annonce la version CC 2023 d\u2019InDesign La mise \u00e0 jour annuelle d\u2019Adobe InDesign vient de voir le jour. Nous vous proposons un r\u00e9capitulatif des nouveaut\u00e9s de la CC 2023 concernant InDesign : Principales nouveaut\u00e9s de la version InDesign CC 2023 Les Styles Automatiques InDesign comprend d\u00e9sormais des&nbsp;Packs de Styles [&hellip;]<\/p>\n","protected":false},"author":2,"featured_media":0,"parent":3043,"menu_order":0,"comment_status":"closed","ping_status":"closed","template":"","meta":{"_seopress_robots_primary_cat":"","_seopress_titles_title":"%%post_title%% %%sep%% %%sitetitle%%","_seopress_titles_desc":"","_seopress_robots_index":"","_it_page_product":"ITPublisher","_it_call_to_action":["{\"text\":\"\",\"url\":\"\"}","{\"text\":\"\",\"url\":\"\"}","{\"text\":\"\",\"url\":\"\"}","{\"text\":\"\",\"url\":\"\"}"],"footnotes":""},"class_list":["post-2052","page","type-page","status-publish","hentry"],"_links":{"self":[{"href":"https:\/\/www.interactiv-technologies.com\/fr\/wp-json\/wp\/v2\/pages\/2052","targetHints":{"allow":["GET"]}}],"collection":[{"href":"https:\/\/www.interactiv-technologies.com\/fr\/wp-json\/wp\/v2\/pages"}],"about":[{"href":"https:\/\/www.interactiv-technologies.com\/fr\/wp-json\/wp\/v2\/types\/page"}],"author":[{"embeddable":true,"href":"https:\/\/www.interactiv-technologies.com\/fr\/wp-json\/wp\/v2\/users\/2"}],"replies":[{"embeddable":true,"href":"https:\/\/www.interactiv-technologies.com\/fr\/wp-json\/wp\/v2\/comments?post=2052"}],"version-history":[{"count":27,"href":"https:\/\/www.interactiv-technologies.com\/fr\/wp-json\/wp\/v2\/pages\/2052\/revisions"}],"predecessor-version":[{"id":6756,"href":"https:\/\/www.interactiv-technologies.com\/fr\/wp-json\/wp\/v2\/pages\/2052\/revisions\/6756"}],"up":[{"embeddable":true,"href":"https:\/\/www.interactiv-technologies.com\/fr\/wp-json\/wp\/v2\/pages\/3043"}],"wp:attachment":[{"href":"https:\/\/www.interactiv-technologies.com\/fr\/wp-json\/wp\/v2\/media?parent=2052"}],"curies":[{"name":"wp","href":"https:\/\/api.w.org\/{rel}","templated":true}]}}