{"id":13261,"date":"2025-10-23T10:57:40","date_gmt":"2025-10-23T08:57:40","guid":{"rendered":"https:\/\/www.interactiv-technologies.com\/?page_id=13261"},"modified":"2025-10-29T21:28:09","modified_gmt":"2025-10-29T20:28:09","slug":"nouveautes-adobe-indesign-cc-2026","status":"publish","type":"page","link":"https:\/\/www.interactiv-technologies.com\/fr\/automatisation-catalogues-indesign\/nouveautes-adobe-indesign-cc-2026\/","title":{"rendered":"Nouveaut\u00e9s Adobe InDesign CC 2026"},"content":{"rendered":"\n<div class=\"wp-block-group alignfull has-violet-accent-background-color has-background has-global-padding is-layout-constrained wp-block-group-is-layout-constrained\" style=\"padding-top:var(--wp--preset--spacing--40);padding-bottom:var(--wp--preset--spacing--60)\">\n<div class=\"wp-block-group alignwide has-blanc-color has-text-color has-link-color has-small-font-size wp-elements-bf8c93ea3ef9660c3f317439d4e72dba has-global-padding is-layout-constrained wp-block-group-is-layout-constrained\"><div class=\"alignwide wp-block-wpseopress-breadcrumbs\"><nav  aria-label=\"Fil d&#039;Ariane\"><ol class=\"breadcrumb\" itemscope itemtype=\"https:\/\/schema.org\/BreadcrumbList\"><li class=\"breadcrumb-item active\" aria-current=\"page\" itemprop=\"itemListElement\" itemscope itemtype=\"https:\/\/schema.org\/ListItem\"><span itemprop=\"name\">Accueil<\/span><meta itemprop=\"position\" content=\"1\"><\/li><\/ol><\/nav><\/div><\/div>\n\n\n\n<h1 class=\"wp-block-heading has-text-align-center has-blanc-color has-text-color has-link-color wp-elements-59c85e02121240d221970a8f73124466\">Nouveaut\u00e9s InDesign CC 2026<\/h1>\n<\/div>\n\n\n\n<div class=\"wp-block-columns is-layout-flex wp-container-core-columns-is-layout-e477a36d wp-block-columns-is-layout-flex\" style=\"padding-bottom:var(--wp--preset--spacing--60)\">\n<div class=\"wp-block-column is-layout-flow wp-block-column-is-layout-flow\" style=\"flex-basis:66.66%\">\n<h2 class=\"wp-block-heading\">Ce qu\u2019annonce la version CC 2026 d\u2019InDesign<\/h2>\n\n\n\n<p><strong>Adobe vient de d\u00e9voiler la mise \u00e0 jour d&rsquo;InDesign version CC 2026 !<\/strong> Cette nouvelle version marque une v\u00e9ritable \u00e9volution du logiciel. <\/p>\n\n\n\n<ul class=\"wp-block-list\">\n<li>Gr\u00e2ce \u00e0 la nouvelle Disposition Flex, les mises en page s\u2019adaptent automatiquement aux changements de contenu, simplifiant grandement le travail des cr\u00e9ateurs. <\/li>\n\n\n\n<li>La conversion directe de PDF en fichiers InDesign \u00e9ditables facilite la r\u00e9utilisation de documents existants.<\/li>\n\n\n\n<li>Les performances am\u00e9lior\u00e9es et l\u2019acc\u00e9l\u00e9ration GPU offrent une exp\u00e9rience plus fluide et r\u00e9active.<\/li>\n\n\n\n<li>&#8230;<\/li>\n<\/ul>\n\n\n\n<figure class=\"wp-block-image alignleft size-large is-resized\"><img loading=\"lazy\" decoding=\"async\" width=\"1024\" height=\"998\" src=\"https:\/\/www.interactiv-technologies.com\/app\/uploads\/2024\/02\/Logo_InDesign_CC21_icon.svg_-1024x998.png\" alt=\"\" class=\"wp-image-1751\" style=\"width:125px;height:auto\" srcset=\"https:\/\/www.interactiv-technologies.com\/app\/uploads\/2024\/02\/Logo_InDesign_CC21_icon.svg_-1024x998.png 1024w, https:\/\/www.interactiv-technologies.com\/app\/uploads\/2024\/02\/Logo_InDesign_CC21_icon.svg_-300x293.png 300w, https:\/\/www.interactiv-technologies.com\/app\/uploads\/2024\/02\/Logo_InDesign_CC21_icon.svg_-768x749.png 768w, https:\/\/www.interactiv-technologies.com\/app\/uploads\/2024\/02\/Logo_InDesign_CC21_icon.svg_.png 1200w\" sizes=\"auto, (max-width: 1024px) 100vw, 1024px\" \/><\/figure>\n<\/div>\n\n\n\n<div class=\"wp-block-column is-layout-flow wp-block-column-is-layout-flow\" style=\"flex-basis:33.33%\">\n<div class=\"wp-block-group has-global-padding is-layout-constrained wp-block-group-is-layout-constrained\">\n<form class=\"wp-block-interactiv-technologies-it-form needs-validation it-pattern-form-simple it-pattern-form-simple--msg it-pattern-card\" novalidate action=\"\" method=\"post\" enctype=\"multipart\/form-data\"><div class=\"it-form-ribbon\">D\u00e9di\u00e9 aux professionnels<\/div>\n<p class=\"it-form-title\">Parlons de votre projet !<\/p>\n\n\n\n<div class=\"wp-block-group has-global-padding is-layout-constrained wp-container-core-group-is-layout-7bc66994 wp-block-group-is-layout-constrained\">\n<div class=\"wp-block-interactiv-technologies-it-field it-form-field it-form-field-status it-form-field--required it-form-field--is-floating form-floating is-style-floating\" data-field-name=\"status\" data-field-type=\"status\" data-field-label=\"Vous \u00eates\" data-field-required=\"true\"><select id=\"it_form_status\" class=\"it-form-field-control form-select\" name=\"status\" required><option value=\"\" disabled selected>S\u00e9lectionner un statut<\/option><option value=\"company\">Une soci\u00e9t\u00e9<\/option><option value=\"agency\">Une agence<\/option><option value=\"freelance\">Un(e) freelance<\/option><option value=\"association\">Une association<\/option><option value=\"individual\">Un particulier<\/option><\/select><label class=\"it-form-field-label\" for=\"it_form_status\">Vous \u00eates<\/label><div class=\"invalid-feedback\"><\/div><\/div>\n\n\n\n<div class=\"wp-block-interactiv-technologies-it-field it-form-field it-form-field-text it-form-field--is-floating form-floating is-style-floating\" data-field-name=\"society\" data-field-type=\"text\" data-field-label=\"Soci\u00e9t\u00e9\" data-field-required=\"false\"><input id=\"it_form_society\" class=\"it-form-field-control form-control\" type=\"text\" name=\"society\" placeholder=\"Soci\u00e9t\u00e9\"\/><label class=\"it-form-field-label\" for=\"it_form_society\">Soci\u00e9t\u00e9<\/label><div class=\"invalid-feedback\"><\/div><\/div>\n\n\n\n<div class=\"wp-block-interactiv-technologies-it-field it-form-field it-form-field-text it-form-field--required it-form-field--is-floating form-floating is-style-floating\" data-field-name=\"identity\" data-field-type=\"text\" data-field-label=\"Nom Pr\u00e9nom\" data-field-required=\"true\"><input id=\"it_form_identity\" class=\"it-form-field-control form-control\" type=\"text\" name=\"identity\" placeholder=\"Nom Pr\u00e9nom\" required\/><label class=\"it-form-field-label\" for=\"it_form_identity\">Nom Pr\u00e9nom<\/label><div class=\"invalid-feedback\"><\/div><\/div>\n\n\n\n<div class=\"wp-block-interactiv-technologies-it-field it-form-field it-form-field-email it-form-field--required it-form-field--is-floating form-floating is-style-floating\" data-field-name=\"mail\" data-field-type=\"email\" data-field-label=\"E-mail\" data-field-required=\"true\"><input id=\"it_form_mail\" class=\"it-form-field-control form-control\" type=\"email\" name=\"mail\" placeholder=\"\" required\/><label class=\"it-form-field-label\" for=\"it_form_mail\">E-mail<\/label><div class=\"invalid-feedback\"><\/div><\/div>\n\n\n\n<div class=\"wp-block-interactiv-technologies-it-field it-form-field it-form-field-text it-form-field--required it-form-field--is-floating form-floating is-style-floating\" data-field-name=\"phone\" data-field-type=\"text\" data-field-label=\"T\u00e9l\u00e9phone\" data-field-required=\"true\"><input id=\"it_form_phone\" class=\"it-form-field-control form-control\" type=\"text\" name=\"phone\" placeholder=\"T\u00e9l\u00e9phone\" required\/><label class=\"it-form-field-label\" for=\"it_form_phone\">T\u00e9l\u00e9phone<\/label><div class=\"invalid-feedback\"><\/div><\/div>\n\n\n\n<div class=\"wp-block-interactiv-technologies-it-field it-form-field it-form-field-textarea it-form-field--is-floating form-floating is-style-floating\" data-field-name=\"msg\" data-field-type=\"textarea\" data-field-label=\"Message (facultatif)\" data-field-required=\"false\"><textarea id=\"it_form_msg\" class=\"it-form-field-control form-control\" name=\"msg\" placeholder=\"Message\" style=\"height:4.2rem\"><\/textarea><label class=\"it-form-field-label\" for=\"it_form_msg\">Message (facultatif)<\/label><div class=\"invalid-feedback\"><\/div><\/div>\n\n\n\n<div class=\"wp-block-interactiv-technologies-it-field it-form-field it-form-field-consent it-form-field--consent form-check it-form-field--required\" data-field-name=\"consent\" data-field-type=\"consent\" data-field-label=\"\" data-field-required=\"true\" style=\"margin-top:var(--wp--preset--spacing--30)\"><input id=\"it_form_consent\" class=\"it-form-field-control form-check-input\" type=\"checkbox\" name=\"consent\" value=\"ok\" required\/><label class=\"it-form-field-inputs-label form-check-label\" for=\"it_form_consent\">En soumettant ce formulaire, j\u2019accepte que les informations saisies soient exploit\u00e9es dans le cadre de la demande de d\u00e9monstration et la relation commerciale qui peut en d\u00e9couler.<br \/>\r\nPour connaitre et exercer vos droits, veuillez consulter notre <a href=\"https:\/\/www.interactiv-technologies.com\/fr\/politique-de-confidentialite-relative-aux-donnees-personnelles\/\">politique de confidentialit\u00e9<\/a>.<\/label><div class=\"invalid-feedback\"><\/div><\/div>\n<\/div>\n<div class=\"wp-block-interactiv-technologies-it-field it-form-field it-form-field-email it-form-field--is-floating form-floating is-style-floating hasNoName\" data-field-name=\"mail_double_check\" data-field-type=\"email\" data-field-label=\"Enter email again\" data-field-required=\"false\"><input class=\"it-form-field-control form-control\" type=\"email\" name=\"mail_double_check\" id=\"it_form_mail_double_check\" placeholder=\"Enter email again\"\/><label class=\"it-form-field-label\" for=\"it_form_mail_double_check\">Enter email again<\/label><div class=\"invalid-feedback\"><\/div><\/div><input type=\"hidden\" name=\"name\" value=\"Formulaire de contact\"\/><input type=\"hidden\" name=\"product\" value=\"itpublisher\"\/><input type=\"hidden\" name=\"tpl\" value=\"2710\"\/><input type=\"hidden\" name=\"landing\" value=\"950\"\/><button class=\"btn-form-submit it-form-submit-btn\" type=\"submit\">Je valide<\/button><input type=\"hidden\" id=\"_wpnonce\" name=\"_wpnonce\" value=\"af7bbb042b\" \/><input type=\"hidden\" name=\"_wp_http_referer\" value=\"\/fr\/wp-json\/wp\/v2\/pages\/13261\" \/><\/form>\n<\/div>\n<\/div>\n<\/div>\n\n\n\n<section class=\"wp-block-group alignfull has-gris-clair-background-color has-background has-global-padding is-layout-constrained wp-container-core-group-is-layout-5e1fba9a wp-block-group-is-layout-constrained\" style=\"min-height:0px;margin-top:0;margin-bottom:0;padding-top:3rem;padding-right:0;padding-bottom:3rem;padding-left:0\">\n<h2 class=\"wp-block-heading has-text-align-center\" style=\"padding-top:0;padding-bottom:var(--wp--preset--spacing--60);text-transform:none\">Les principales nouveaut\u00e9s de la version InDesign CC 2026<\/h2>\n\n\n\n<div class=\"wp-block-columns is-layout-flex wp-container-core-columns-is-layout-e477a36d wp-block-columns-is-layout-flex\" style=\"padding-bottom:var(--wp--preset--spacing--60)\">\n<div class=\"wp-block-column is-layout-flow wp-block-column-is-layout-flow\">\n<aside class=\"wp-block-group it-pattern-card has-blanc-background-color has-background is-vertical is-content-justification-center is-layout-flex wp-container-core-group-is-layout-ce155fab wp-block-group-is-layout-flex\" style=\"min-height:100%\">\n<figure class=\"wp-block-image size-full is-resized\"><img loading=\"lazy\" decoding=\"async\" width=\"102\" height=\"102\" src=\"https:\/\/www.interactiv-technologies.com\/app\/uploads\/2025\/10\/disposition.png\" alt=\"\" class=\"wp-image-13379\" style=\"width:63px\"\/><\/figure>\n\n\n\n<h3 class=\"wp-block-heading has-text-align-center\"><strong>Cr\u00e9ation de dispositions flexibles (Disposition Flex)<\/strong><\/h3>\n\n\n\n<p class=\"has-text-align-center\"><em>Les nouvelles dispositions flexibles s\u2019adaptent automatiquement aux changements de contenu ou de format.<br>Les cr\u00e9ations restent coh\u00e9rentes, dynamiques et r\u00e9actives sans effort manuel.<\/em><\/p>\n<\/aside>\n<\/div>\n\n\n\n<div class=\"wp-block-column is-layout-flow wp-block-column-is-layout-flow\">\n<aside class=\"wp-block-group it-pattern-card has-blanc-background-color has-background is-vertical is-content-justification-center is-layout-flex wp-container-core-group-is-layout-ce155fab wp-block-group-is-layout-flex\" style=\"min-height:100%\">\n<figure class=\"wp-block-image size-full is-resized\"><img loading=\"lazy\" decoding=\"async\" width=\"114\" height=\"114\" src=\"https:\/\/www.interactiv-technologies.com\/app\/uploads\/2025\/10\/pdf.png\" alt=\"\" class=\"wp-image-13381\" style=\"width:63px\"\/><\/figure>\n\n\n\n<h3 class=\"wp-block-heading has-text-align-center\">Conversion des PDF et fichiers Illustrator<\/h3>\n\n\n\n<p class=\"has-text-align-center\"><em>InDesign 2026 vous permet d\u00e9sormais d\u2019importer des fichiers PDF ou AI et de les convertir instantan\u00e9ment en documents InDesign modifiables.<br>La mise en page, les styles et la typographie sont pr\u00e9serv\u00e9s pour une \u00e9dition fluide.<\/em><\/p>\n<\/aside>\n<\/div>\n<\/div>\n\n\n\n<div class=\"wp-block-columns is-layout-flex wp-container-core-columns-is-layout-e477a36d wp-block-columns-is-layout-flex\" style=\"padding-bottom:var(--wp--preset--spacing--60)\">\n<div class=\"wp-block-column is-layout-flow wp-block-column-is-layout-flow\">\n<aside class=\"wp-block-group it-pattern-card has-blanc-background-color has-background is-vertical is-content-justification-center is-layout-flex wp-container-core-group-is-layout-ce155fab wp-block-group-is-layout-flex\" style=\"min-height:100%\">\n<figure class=\"wp-block-image size-full is-resized\"><img loading=\"lazy\" decoding=\"async\" width=\"114\" height=\"114\" src=\"https:\/\/www.interactiv-technologies.com\/app\/uploads\/2025\/10\/gpu.png\" alt=\"\" class=\"wp-image-13383\" style=\"width:63px\"\/><\/figure>\n\n\n\n<h3 class=\"wp-block-heading has-text-align-center\">Performances boost\u00e9es par le GPU<\/h3>\n\n\n\n<p class=\"has-text-align-center\"><em>Plus rapide, plus fluide, plus stable.<br>InDesign tire d\u00e9sormais parti du GPU pour acc\u00e9l\u00e9rer le rendu graphique, le zoom, le d\u00e9filement et l\u2019affichage des aper\u00e7us haute r\u00e9solution.<\/em><\/p>\n<\/aside>\n<\/div>\n\n\n\n<div class=\"wp-block-column is-layout-flow wp-block-column-is-layout-flow\">\n<aside class=\"wp-block-group it-pattern-card has-blanc-background-color has-background is-vertical is-content-justification-center is-layout-flex wp-container-core-group-is-layout-ce155fab wp-block-group-is-layout-flex\" style=\"min-height:100%\">\n<figure class=\"wp-block-image size-full is-resized\"><img loading=\"lazy\" decoding=\"async\" width=\"108\" height=\"108\" src=\"https:\/\/www.interactiv-technologies.com\/app\/uploads\/2025\/10\/partage.png\" alt=\"\" class=\"wp-image-13385\" style=\"width:63px\"\/><\/figure>\n\n\n\n<h3 class=\"wp-block-heading has-text-align-center\">Gestion et partage en ligne simplifi\u00e9s<\/h3>\n\n\n\n<p class=\"has-text-align-center\"><em>Les fichiers cloud sont synchronis\u00e9s automatiquement.<br>Depuis l\u2019\u00e9cran d\u2019accueil, acc\u00e9dez \u00e0 vos projets r\u00e9cents, collaborez avec votre \u00e9quipe et partagez vos documents en toute s\u00e9curit\u00e9.<\/em><\/p>\n<\/aside>\n<\/div>\n<\/div>\n\n\n\n<div class=\"wp-block-columns is-layout-flex wp-container-core-columns-is-layout-e477a36d wp-block-columns-is-layout-flex\" style=\"padding-bottom:var(--wp--preset--spacing--60)\">\n<div class=\"wp-block-column is-layout-flow wp-block-column-is-layout-flow\">\n<aside class=\"wp-block-group it-pattern-card has-blanc-background-color has-background is-vertical is-content-justification-center is-layout-flex wp-container-core-group-is-layout-ce155fab wp-block-group-is-layout-flex\" style=\"min-height:100%\">\n<figure class=\"wp-block-image size-full is-resized\"><img loading=\"lazy\" decoding=\"async\" width=\"134\" height=\"134\" src=\"https:\/\/www.interactiv-technologies.com\/app\/uploads\/2025\/10\/options.png\" alt=\"\" class=\"wp-image-13387\" style=\"width:63px\"\/><\/figure>\n\n\n\n<h3 class=\"wp-block-heading has-text-align-center\">Nouvelles options de mise en forme math\u00e9matique<\/h3>\n\n\n\n<p class=\"has-text-align-center\"><em>InDesign prend d\u00e9sormais en charge la mise en forme des \u00e9quations avec des styles, tailles et couleurs personnalis\u00e9es.<br>Une compatibilit\u00e9 renforc\u00e9e avec Microsoft Word pour un flux de travail plus fluide.<\/em><\/p>\n<\/aside>\n<\/div>\n\n\n\n<div class=\"wp-block-column is-layout-flow wp-block-column-is-layout-flow\">\n<aside class=\"wp-block-group it-pattern-card has-blanc-background-color has-background is-vertical is-content-justification-center is-layout-flex wp-container-core-group-is-layout-ce155fab wp-block-group-is-layout-flex\" style=\"min-height:100%\">\n<figure class=\"wp-block-image size-full is-resized\"><img loading=\"lazy\" decoding=\"async\" width=\"140\" height=\"140\" src=\"https:\/\/www.interactiv-technologies.com\/app\/uploads\/2025\/10\/modeles.png\" alt=\"\" class=\"wp-image-13389\" style=\"width:63px\"\/><\/figure>\n\n\n\n<h3 class=\"wp-block-heading has-text-align-center\">Mod\u00e8les Adobe Express int\u00e9gr\u00e9s<\/h3>\n\n\n\n<p class=\"has-text-align-center\"><em>Cr\u00e9ez plus vite que jamais !<br>Acc\u00e9dez aux mod\u00e8les Adobe Express directement depuis InDesign, modifiez-les et adaptez-les \u00e0 votre identit\u00e9 visuelle.<br>Id\u00e9al pour des cr\u00e9ations rapides et coh\u00e9rentes.<\/em><\/p>\n<\/aside>\n<\/div>\n<\/div>\n<\/section>\n\n\n\n<div class=\"wp-block-columns is-layout-flex wp-container-core-columns-is-layout-28f84493 wp-block-columns-is-layout-flex\">\n<div class=\"wp-block-column is-layout-flow wp-block-column-is-layout-flow\" style=\"flex-basis:66.66%\">\n<h2 class=\"wp-block-heading\">Multiples corrections de bugs et am\u00e9liorations sur InDesign<\/h2>\n\n\n\n<p><strong>Mises \u00e0 jour suppl\u00e9mentaires<\/strong> : <\/p>\n\n\n\n<ul class=\"wp-block-list\">\n<li><em>Optimisation des performances\u00a0: des am\u00e9liorations ont \u00e9t\u00e9 apport\u00e9es pour augmenter la r\u00e9activit\u00e9 et l\u2019efficacit\u00e9 des processus internes.<\/em><\/li>\n\n\n\n<li><em>Am\u00e9liorations de l\u2019\u00e9volutivit\u00e9\u00a0: des ajustements architecturaux permettent d\u00e9sormais de mieux supporter le d\u00e9veloppement futur et la demande accrue des utilisateurs.<\/em> <\/li>\n\n\n\n<li><em>Mises \u00e0 niveau de la maintenance\u00a0: la simplification du code facilite les futures mises \u00e0 jour et la maintenance.<\/em><\/li>\n<\/ul>\n<\/div>\n\n\n\n<div class=\"wp-block-column is-layout-flow wp-block-column-is-layout-flow\" style=\"flex-basis:33.33%\"><\/div>\n<\/div>\n\n\n\n<hr class=\"wp-block-separator has-alpha-channel-opacity\"\/>\n\n\n\n<div class=\"wp-block-columns is-layout-flex wp-container-core-columns-is-layout-51c0b34d wp-block-columns-is-layout-flex\" style=\"padding-top:var(--wp--preset--spacing--50);padding-bottom:var(--wp--preset--spacing--50)\">\n<div class=\"wp-block-column is-vertically-aligned-bottom is-layout-flow wp-block-column-is-layout-flow\">\n<figure class=\"wp-block-image aligncenter size-full is-resized\"><img loading=\"lazy\" decoding=\"async\" width=\"591\" height=\"165\" src=\"https:\/\/www.interactiv-technologies.com\/app\/uploads\/2024\/07\/Logo_EASYCATALOG_COULEUR.jpg\" alt=\"\" class=\"wp-image-7498\" style=\"width:453px\" srcset=\"https:\/\/www.interactiv-technologies.com\/app\/uploads\/2024\/07\/Logo_EASYCATALOG_COULEUR.jpg 591w, https:\/\/www.interactiv-technologies.com\/app\/uploads\/2024\/07\/Logo_EASYCATALOG_COULEUR-300x84.jpg 300w\" sizes=\"auto, (max-width: 591px) 100vw, 591px\" \/><\/figure>\n\n\n\n<div class=\"wp-block-buttons is-content-justification-center is-layout-flex wp-container-core-buttons-is-layout-a89b3969 wp-block-buttons-is-layout-flex\">\n<div class=\"wp-block-button\"><a class=\"wp-block-button__link wp-element-button\" href=\"https:\/\/www.interactiv-technologies.com\/fr\/interactiv-publisher\/telecharger-easycatalog\/\">T\u00e9l\u00e9chargez EasyCatalog gratuitement<\/a><\/div>\n<\/div>\n<\/div>\n\n\n\n<div class=\"wp-block-column is-vertically-aligned-bottom is-layout-flow wp-block-column-is-layout-flow\">\n<div class=\"wp-block-group has-global-padding is-layout-constrained wp-block-group-is-layout-constrained\">\n<h2 class=\"wp-block-heading has-text-align-center\">Plug-in EasyCatalog<\/h2>\n\n\n\n<p class=\"has-text-align-center\"><strong>EasyCatalog est un plug-in d&rsquo;InDesign<\/strong> qui permet d&rsquo;automatiser la mise en page de tous vos documents (catalogues, annuaires, fiches produits \/ techniques &#8230;).<\/p>\n\n\n\n<p class=\"has-text-align-center\">En connectant directement vos documents \u00e0 vos bases de donn\u00e9es,<strong> il permet gain de temps et s\u00e9curit\u00e9 dans la qualit\u00e9 de vos donn\u00e9es.<\/strong><\/p>\n\n\n\n<div class=\"wp-block-buttons is-content-justification-center is-layout-flex wp-container-core-buttons-is-layout-a89b3969 wp-block-buttons-is-layout-flex\">\n<div class=\"wp-block-button\"><a class=\"wp-block-button__link wp-element-button\" href=\"https:\/\/www.interactiv-technologies.com\/fr\/automatisation-catalogues-indesign\/nouveautes-easycatalog-version-cc-2026\/\">Nouveaut\u00e9s EasyCatalog 2026<\/a><\/div>\n<\/div>\n<\/div>\n<\/div>\n<\/div>\n\n\n\n<hr class=\"wp-block-separator has-alpha-channel-opacity\"\/>\n\n\n\n<div class=\"wp-block-columns is-layout-flex wp-container-core-columns-is-layout-51c0b34d wp-block-columns-is-layout-flex\" style=\"padding-top:var(--wp--preset--spacing--50);padding-bottom:var(--wp--preset--spacing--50)\">\n<div class=\"wp-block-column is-layout-flow wp-block-column-is-layout-flow\" style=\"flex-basis:66.66%\">\n<div class=\"wp-block-group has-global-padding is-layout-constrained wp-block-group-is-layout-constrained\">\n<h2 class=\"wp-block-heading has-text-align-left\">Informations concernant la version CC 2026<\/h2>\n\n\n\n<p>La version CC 2026 d&rsquo;Adobe InDesign est arriv\u00e9e !<\/p>\n\n\n\n<p>D\u00e9couvrez d\u00e8s maintenant la nouvelle version 2026 d\u2019<strong>EasyCatalog<\/strong>.<br>Cette version apport de nombreuses am\u00e9liorations \u00e0 EasyCatalog et sont disponibles dans cette derni\u00e8re version 2026.<\/p>\n\n\n\n<p>N\u2019h\u00e9sitez pas \u00e0 nous contacter si vous d\u00e9sirez une mise \u00e0 jour de votre logiciel.<\/p>\n\n\n\n<p><strong>ATTENTION : Comme pour toute mise \u00e0 jour de logiciel, veillez \u00e0 toujours sauvegarder votre espace de travail EasyCatalog (Workspace, documents et configurations\u2026) avant de passer \u00e0 la nouvelle version.<\/strong><\/p>\n<\/div>\n<\/div>\n\n\n\n<div class=\"wp-block-column is-vertically-aligned-center is-layout-flow wp-block-column-is-layout-flow\" style=\"flex-basis:33.33%\">\n<figure class=\"wp-block-image aligncenter size-full is-resized\"><img loading=\"lazy\" decoding=\"async\" width=\"765\" height=\"578\" src=\"https:\/\/www.interactiv-technologies.com\/app\/uploads\/2024\/10\/undraw_Warning_re_eoyh.png\" alt=\"\" class=\"wp-image-8248\" style=\"width:318px;height:auto\" srcset=\"https:\/\/www.interactiv-technologies.com\/app\/uploads\/2024\/10\/undraw_Warning_re_eoyh.png 765w, https:\/\/www.interactiv-technologies.com\/app\/uploads\/2024\/10\/undraw_Warning_re_eoyh-300x227.png 300w\" sizes=\"auto, (max-width: 765px) 100vw, 765px\" \/><\/figure>\n<\/div>\n<\/div>\n","protected":false},"excerpt":{"rendered":"<p>Nouveaut\u00e9s InDesign CC 2026 Ce qu\u2019annonce la version CC 2026 d\u2019InDesign Adobe vient de d\u00e9voiler la mise \u00e0 jour d&rsquo;InDesign version CC 2026 ! Cette nouvelle version marque une v\u00e9ritable \u00e9volution du logiciel. Les principales nouveaut\u00e9s de la version InDesign CC 2026 Cr\u00e9ation de dispositions flexibles (Disposition Flex) Les nouvelles dispositions flexibles s\u2019adaptent automatiquement aux [&hellip;]<\/p>\n","protected":false},"author":2,"featured_media":0,"parent":0,"menu_order":0,"comment_status":"closed","ping_status":"closed","template":"","meta":{"_seopress_robots_primary_cat":"","_seopress_titles_title":"%%post_title%% %%sep%% %%sitetitle%%","_seopress_titles_desc":"D\u00e9couvrez d\u00e8s maintenant les nouveaut\u00e9s de la version CC 2026 d'InDesign sur cette page.","_seopress_robots_index":"","_it_page_product":"ITPublisher","_it_call_to_action":["{\"text\":\"\",\"url\":\"\"}","{\"text\":\"\",\"url\":\"\"}","{\"text\":\"\",\"url\":\"\"}","{\"text\":\"\",\"url\":\"\"}"],"footnotes":""},"class_list":["post-13261","page","type-page","status-publish","hentry"],"_links":{"self":[{"href":"https:\/\/www.interactiv-technologies.com\/fr\/wp-json\/wp\/v2\/pages\/13261","targetHints":{"allow":["GET"]}}],"collection":[{"href":"https:\/\/www.interactiv-technologies.com\/fr\/wp-json\/wp\/v2\/pages"}],"about":[{"href":"https:\/\/www.interactiv-technologies.com\/fr\/wp-json\/wp\/v2\/types\/page"}],"author":[{"embeddable":true,"href":"https:\/\/www.interactiv-technologies.com\/fr\/wp-json\/wp\/v2\/users\/2"}],"replies":[{"embeddable":true,"href":"https:\/\/www.interactiv-technologies.com\/fr\/wp-json\/wp\/v2\/comments?post=13261"}],"version-history":[{"count":5,"href":"https:\/\/www.interactiv-technologies.com\/fr\/wp-json\/wp\/v2\/pages\/13261\/revisions"}],"predecessor-version":[{"id":13391,"href":"https:\/\/www.interactiv-technologies.com\/fr\/wp-json\/wp\/v2\/pages\/13261\/revisions\/13391"}],"wp:attachment":[{"href":"https:\/\/www.interactiv-technologies.com\/fr\/wp-json\/wp\/v2\/media?parent=13261"}],"curies":[{"name":"wp","href":"https:\/\/api.w.org\/{rel}","templated":true}]}}