{"id":1255,"date":"2024-01-30T14:46:26","date_gmt":"2024-01-30T13:46:26","guid":{"rendered":"https:\/\/www.interactiv-technologies.com\/?page_id=1255"},"modified":"2025-05-21T14:46:52","modified_gmt":"2025-05-21T12:46:52","slug":"indesign-formation-basique","status":"publish","type":"page","link":"https:\/\/www.interactiv-technologies.com\/fr\/formation-easycatalog-adobe-indesign\/formation-indesign-basique\/","title":{"rendered":"Formation InDesign Basique"},"content":{"rendered":"<div style=\"padding-top:var(--wp--preset--spacing--40);padding-bottom:0;\" class=\"alignwide wp-block-wpseopress-breadcrumbs has-small-font-size\"><nav  aria-label=\"Fil d&#039;Ariane\"><ol class=\"breadcrumb\" itemscope itemtype=\"https:\/\/schema.org\/BreadcrumbList\"><li class=\"breadcrumb-item active\" aria-current=\"page\" itemprop=\"itemListElement\" itemscope itemtype=\"https:\/\/schema.org\/ListItem\"><span itemprop=\"name\">Accueil<\/span><meta itemprop=\"position\" content=\"1\"><\/li><\/ol><\/nav><\/div>\n\n\n<div class=\"wp-block-columns is-layout-flex wp-container-core-columns-is-layout-3e1d588b wp-block-columns-is-layout-flex\" style=\"margin-top:var(--wp--preset--spacing--70)\">\n<div class=\"wp-block-column is-layout-flow wp-block-column-is-layout-flow\" style=\"flex-basis:66.66%\">\n<div class=\"wp-block-group is-nowrap is-layout-flex wp-container-core-group-is-layout-6c531013 wp-block-group-is-layout-flex\">\n<h1 class=\"wp-block-heading\" id=\"formation-basique\">InDesign : formation basique<\/h1>\n<\/div>\n\n\n\n<p><strong>Pour toute personne souhaitant s\u2019initier \u00e0 la mise en page et au graphisme<\/strong><\/p>\n\n\n\n<ul class=\"wp-block-list\">\n<li><strong>Pr\u00e9requis :&nbsp;<\/strong>Avoir des notions de graphisme et de typographie (souhaitable)<\/li>\n\n\n\n<li><strong>Objectifs :&nbsp;<\/strong>Apprendre \u00e0 utiliser les fonctions de base d\u2019un logiciel de mise en page : Adobe InDesign (interface, outils et menus, cr\u00e9ation et param\u00e9trage d\u2019un nouveau document, mise en page de base\u2026 )<\/li>\n\n\n\n<li><strong>Dur\u00e9e :&nbsp;<\/strong>2 jours (14 heures)<\/li>\n\n\n\n<li><strong>Financement<\/strong>&nbsp;: Formations certifi\u00e9es Qualiopi pouvant \u00eatre prises en charge financi\u00e8rement (OPCO, FNE-Formations, \u2026).<\/li>\n<\/ul>\n\n\n\n<div class=\"wp-block-group has-global-padding is-layout-constrained wp-block-group-is-layout-constrained\" style=\"padding-top:var(--wp--preset--spacing--40)\">\n<div class=\"wp-block-buttons is-layout-flex wp-block-buttons-is-layout-flex\">\n<div class=\"wp-block-button\"><a class=\"wp-block-button__link wp-element-button\" href=\"https:\/\/www.interactiv-technologies.com\/fr\/formation-easycatalog-adobe-indesign\/\">D\u00e9couvrez toutes nos formations<\/a><\/div>\n\n\n\n<div class=\"wp-block-button is-style-outline is-style-outline--1\"><a class=\"wp-block-button__link wp-element-button\" href=\"https:\/\/www.interactiv-technologies.com\/fr\/formation-easycatalog-adobe-indesign\/prix-devis-formation\/\">Besoin d&rsquo;une estimation tarifaire ?<\/a><\/div>\n<\/div>\n<\/div>\n<\/div>\n\n\n\n<div class=\"wp-block-column is-vertically-aligned-center is-layout-flow wp-block-column-is-layout-flow\" style=\"flex-basis:33.33%\" id=\"formulaire\">\n<div class=\"wp-block-group has-global-padding is-layout-constrained wp-block-group-is-layout-constrained\">\n<form class=\"wp-block-interactiv-technologies-it-form needs-validation it-pattern-form-simple it-pattern-form-simple--msg it-pattern-card\" novalidate action=\"\" method=\"post\" enctype=\"multipart\/form-data\"><div class=\"it-form-ribbon\">D\u00e9di\u00e9 aux professionnels<\/div>\n<p class=\"it-form-title\">Parlons de votre projet !<\/p>\n\n\n\n<div class=\"wp-block-group has-global-padding is-layout-constrained wp-container-core-group-is-layout-7bc66994 wp-block-group-is-layout-constrained\">\n<div class=\"wp-block-interactiv-technologies-it-field it-form-field it-form-field-status it-form-field--required it-form-field--is-floating form-floating is-style-floating\" data-field-name=\"status\" data-field-type=\"status\" data-field-label=\"Vous \u00eates\" data-field-required=\"true\"><select id=\"it_form_status\" class=\"it-form-field-control form-select\" name=\"status\" required><option value=\"\" disabled selected>S\u00e9lectionner un statut<\/option><option value=\"company\">Une soci\u00e9t\u00e9<\/option><option value=\"agency\">Une agence<\/option><option value=\"freelance\">Un(e) freelance<\/option><option value=\"association\">Une association<\/option><option value=\"individual\">Un particulier<\/option><\/select><label class=\"it-form-field-label\" for=\"it_form_status\">Vous \u00eates<\/label><div class=\"invalid-feedback\"><\/div><\/div>\n\n\n\n<div class=\"wp-block-interactiv-technologies-it-field it-form-field it-form-field-text it-form-field--is-floating form-floating is-style-floating\" data-field-name=\"society\" data-field-type=\"text\" data-field-label=\"Soci\u00e9t\u00e9\" data-field-required=\"false\"><input id=\"it_form_society\" class=\"it-form-field-control form-control\" type=\"text\" name=\"society\" placeholder=\"Soci\u00e9t\u00e9\"\/><label class=\"it-form-field-label\" for=\"it_form_society\">Soci\u00e9t\u00e9<\/label><div class=\"invalid-feedback\"><\/div><\/div>\n\n\n\n<div class=\"wp-block-interactiv-technologies-it-field it-form-field it-form-field-text it-form-field--required it-form-field--is-floating form-floating is-style-floating\" data-field-name=\"identity\" data-field-type=\"text\" data-field-label=\"Nom Pr\u00e9nom\" data-field-required=\"true\"><input id=\"it_form_identity\" class=\"it-form-field-control form-control\" type=\"text\" name=\"identity\" placeholder=\"Nom Pr\u00e9nom\" required\/><label class=\"it-form-field-label\" for=\"it_form_identity\">Nom Pr\u00e9nom<\/label><div class=\"invalid-feedback\"><\/div><\/div>\n\n\n\n<div class=\"wp-block-interactiv-technologies-it-field it-form-field it-form-field-email it-form-field--required it-form-field--is-floating form-floating is-style-floating\" data-field-name=\"mail\" data-field-type=\"email\" data-field-label=\"E-mail\" data-field-required=\"true\"><input id=\"it_form_mail\" class=\"it-form-field-control form-control\" type=\"email\" name=\"mail\" placeholder=\"\" required\/><label class=\"it-form-field-label\" for=\"it_form_mail\">E-mail<\/label><div class=\"invalid-feedback\"><\/div><\/div>\n\n\n\n<div class=\"wp-block-interactiv-technologies-it-field it-form-field it-form-field-text it-form-field--required it-form-field--is-floating form-floating is-style-floating\" data-field-name=\"phone\" data-field-type=\"text\" data-field-label=\"T\u00e9l\u00e9phone\" data-field-required=\"true\"><input id=\"it_form_phone\" class=\"it-form-field-control form-control\" type=\"text\" name=\"phone\" placeholder=\"T\u00e9l\u00e9phone\" required\/><label class=\"it-form-field-label\" for=\"it_form_phone\">T\u00e9l\u00e9phone<\/label><div class=\"invalid-feedback\"><\/div><\/div>\n\n\n\n<div class=\"wp-block-interactiv-technologies-it-field it-form-field it-form-field-textarea it-form-field--is-floating form-floating is-style-floating\" data-field-name=\"msg\" data-field-type=\"textarea\" data-field-label=\"Message (facultatif)\" data-field-required=\"false\"><textarea id=\"it_form_msg\" class=\"it-form-field-control form-control\" name=\"msg\" placeholder=\"Message\" style=\"height:4.2rem\"><\/textarea><label class=\"it-form-field-label\" for=\"it_form_msg\">Message (facultatif)<\/label><div class=\"invalid-feedback\"><\/div><\/div>\n\n\n\n<div class=\"wp-block-interactiv-technologies-it-field it-form-field it-form-field-consent it-form-field--consent form-check it-form-field--required\" data-field-name=\"consent\" data-field-type=\"consent\" data-field-label=\"\" data-field-required=\"true\" style=\"margin-top:var(--wp--preset--spacing--30)\"><input id=\"it_form_consent\" class=\"it-form-field-control form-check-input\" type=\"checkbox\" name=\"consent\" value=\"ok\" required\/><label class=\"it-form-field-inputs-label form-check-label\" for=\"it_form_consent\">En soumettant ce formulaire, j\u2019accepte que les informations saisies soient exploit\u00e9es dans le cadre de la demande de d\u00e9monstration et la relation commerciale qui peut en d\u00e9couler.<br \/>\r\nPour connaitre et exercer vos droits, veuillez consulter notre <a href=\"https:\/\/www.interactiv-technologies.com\/fr\/politique-de-confidentialite-relative-aux-donnees-personnelles\/\">politique de confidentialit\u00e9<\/a>.<\/label><div class=\"invalid-feedback\"><\/div><\/div>\n<\/div>\n<div class=\"wp-block-interactiv-technologies-it-field it-form-field it-form-field-email it-form-field--is-floating form-floating is-style-floating hasNoName\" data-field-name=\"mail_double_check\" data-field-type=\"email\" data-field-label=\"Enter email again\" data-field-required=\"false\"><input class=\"it-form-field-control form-control\" type=\"email\" name=\"mail_double_check\" id=\"it_form_mail_double_check\" placeholder=\"Enter email again\"\/><label class=\"it-form-field-label\" for=\"it_form_mail_double_check\">Enter email again<\/label><div class=\"invalid-feedback\"><\/div><\/div><input type=\"hidden\" name=\"name\" value=\"Parlons de votre projet\"\/><input type=\"hidden\" name=\"product\" value=\"formation\"\/><input type=\"hidden\" name=\"tpl\" value=\"2710\"\/><input type=\"hidden\" name=\"landing\" value=\"950\"\/><button class=\"btn-form-submit it-form-submit-btn\" type=\"submit\">Contactez-moi<\/button><input type=\"hidden\" id=\"_wpnonce\" name=\"_wpnonce\" value=\"0164ba4db4\" \/><input type=\"hidden\" name=\"_wp_http_referer\" value=\"\/fr\/wp-json\/wp\/v2\/pages\/1255\" \/><\/form>\n<\/div>\n<\/div>\n<\/div>\n\n\n\n<hr class=\"wp-block-separator has-alpha-channel-opacity\"\/>\n\n\n\n<section class=\"wp-block-group has-blanc-background-color has-background has-global-padding is-layout-constrained wp-block-group-is-layout-constrained\" style=\"padding-top:var(--wp--preset--spacing--60);padding-bottom:var(--wp--preset--spacing--60)\">\n<div class=\"wp-block-media-text is-stacked-on-mobile\" style=\"grid-template-columns:30% auto\"><figure class=\"wp-block-media-text__media\"><img decoding=\"async\" src=\"https:\/\/www.interactiv-technologies.com\/app\/uploads\/2024\/01\/Logo-Qualiopi-2021-baseline-002.png\" alt=\"\" class=\"wp-image-1266 size-full\"\/><\/figure><div class=\"wp-block-media-text__content\">\n<h2 class=\"wp-block-heading\">La formation InDesign basique, c\u2019est :<\/h2>\n\n\n\n<p>Une formation de deux jours pour apprendre les bases du logiciel de mise en page (n\u00e9cessaire pour ceux qui voudront utiliser EasyCatalog par la suite). Priv\u00e9e ou interentreprise, \u00e0 vous de choisir.<\/p>\n\n\n\n<p>Toutes nos formations s\u2019appuient sur une&nbsp;<strong>d\u00e9marche p\u00e9dagogique structur\u00e9e&nbsp;<\/strong>:<strong><\/strong><\/p>\n\n\n\n<ul class=\"wp-block-list\">\n<li>des&nbsp;<strong>exercices acad\u00e9miques<\/strong><\/li>\n\n\n\n<li>des&nbsp;<strong>tutoriels\u2026<\/strong><\/li>\n<\/ul>\n\n\n\n<p>qui permettent de correctement appr\u00e9hender la technologie.<\/p>\n\n\n\n<p>Tout le n\u00e9cessaire pour vous&nbsp;<strong>permettre d\u2019\u00eatre autonome<\/strong>.<\/p>\n\n\n\n<p>Pour plus d\u2019<strong>informations<\/strong>&nbsp;ou un&nbsp;<strong>devis<\/strong>, n\u2019h\u00e9sitez pas \u00e0 nous contacter.<\/p>\n<\/div><\/div>\n<\/section>\n\n\n\n<section class=\"wp-block-group alignfull has-gris-clair-background-color has-background has-global-padding is-layout-constrained wp-container-core-group-is-layout-5e1fba9a wp-block-group-is-layout-constrained\" style=\"min-height:0px;margin-top:0;margin-bottom:0;padding-top:3rem;padding-right:0;padding-bottom:3rem;padding-left:0\">\n<h2 class=\"wp-block-heading has-text-align-center\" style=\"padding-top:0;padding-bottom:var(--wp--preset--spacing--60);text-transform:none\">Programme de la formation InDesign basique<\/h2>\n\n\n\n<div class=\"wp-block-columns is-layout-flex wp-container-core-columns-is-layout-e477a36d wp-block-columns-is-layout-flex\" style=\"padding-bottom:var(--wp--preset--spacing--60)\">\n<div class=\"wp-block-column is-layout-flow wp-block-column-is-layout-flow\">\n<aside class=\"wp-block-group it-pattern-card has-blanc-background-color has-background is-vertical is-content-justification-center is-layout-flex wp-container-core-group-is-layout-ce155fab wp-block-group-is-layout-flex\" style=\"min-height:100%\">\n<svg aria-hidden=\"true\" focusable=\"false\" data-prefix=\"fas\" data-icon=\"gears\" class=\"svg-inline--fa fa-gears fa-3x wp-block-interactiv-technologies-it-fa-icon\" role=\"img\" xmlns=\"http:\/\/www.w3.org\/2000\/svg\" viewBox=\"0 0 640 512\" style=\"width:1em\"><path fill=\"currentColor\" d=\"M308.5 135.3c7.1-6.3 9.9-16.2 6.2-25c-2.3-5.3-4.8-10.5-7.6-15.5L304 89.4c-3-5-6.3-9.9-9.8-14.6c-5.7-7.6-15.7-10.1-24.7-7.1l-28.2 9.3c-10.7-8.8-23-16-36.2-20.9L199 27.1c-1.9-9.3-9.1-16.7-18.5-17.8C173.9 8.4 167.2 8 160.4 8h-.7c-6.8 0-13.5 .4-20.1 1.2c-9.4 1.1-16.6 8.6-18.5 17.8L115 56.1c-13.3 5-25.5 12.1-36.2 20.9L50.5 67.8c-9-3-19-.5-24.7 7.1c-3.5 4.7-6.8 9.6-9.9 14.6l-3 5.3c-2.8 5-5.3 10.2-7.6 15.6c-3.7 8.7-.9 18.6 6.2 25l22.2 19.8C32.6 161.9 32 168.9 32 176s.6 14.1 1.7 20.9L11.5 216.7c-7.1 6.3-9.9 16.2-6.2 25c2.3 5.3 4.8 10.5 7.6 15.6l3 5.2c3 5.1 6.3 9.9 9.9 14.6c5.7 7.6 15.7 10.1 24.7 7.1l28.2-9.3c10.7 8.8 23 16 36.2 20.9l6.1 29.1c1.9 9.3 9.1 16.7 18.5 17.8c6.7 .8 13.5 1.2 20.4 1.2s13.7-.4 20.4-1.2c9.4-1.1 16.6-8.6 18.5-17.8l6.1-29.1c13.3-5 25.5-12.1 36.2-20.9l28.2 9.3c9 3 19 .5 24.7-7.1c3.5-4.7 6.8-9.5 9.8-14.6l3.1-5.4c2.8-5 5.3-10.2 7.6-15.5c3.7-8.7 .9-18.6-6.2-25l-22.2-19.8c1.1-6.8 1.7-13.8 1.7-20.9s-.6-14.1-1.7-20.9l22.2-19.8zM112 176a48 48 0 1 1 96 0 48 48 0 1 1 -96 0zM504.7 500.5c6.3 7.1 16.2 9.9 25 6.2c5.3-2.3 10.5-4.8 15.5-7.6l5.4-3.1c5-3 9.9-6.3 14.6-9.8c7.6-5.7 10.1-15.7 7.1-24.7l-9.3-28.2c8.8-10.7 16-23 20.9-36.2l29.1-6.1c9.3-1.9 16.7-9.1 17.8-18.5c.8-6.7 1.2-13.5 1.2-20.4s-.4-13.7-1.2-20.4c-1.1-9.4-8.6-16.6-17.8-18.5L583.9 307c-5-13.3-12.1-25.5-20.9-36.2l9.3-28.2c3-9 .5-19-7.1-24.7c-4.7-3.5-9.6-6.8-14.6-9.9l-5.3-3c-5-2.8-10.2-5.3-15.6-7.6c-8.7-3.7-18.6-.9-25 6.2l-19.8 22.2c-6.8-1.1-13.8-1.7-20.9-1.7s-14.1 .6-20.9 1.7l-19.8-22.2c-6.3-7.1-16.2-9.9-25-6.2c-5.3 2.3-10.5 4.8-15.6 7.6l-5.2 3c-5.1 3-9.9 6.3-14.6 9.9c-7.6 5.7-10.1 15.7-7.1 24.7l9.3 28.2c-8.8 10.7-16 23-20.9 36.2L315.1 313c-9.3 1.9-16.7 9.1-17.8 18.5c-.8 6.7-1.2 13.5-1.2 20.4s.4 13.7 1.2 20.4c1.1 9.4 8.6 16.6 17.8 18.5l29.1 6.1c5 13.3 12.1 25.5 20.9 36.2l-9.3 28.2c-3 9-.5 19 7.1 24.7c4.7 3.5 9.5 6.8 14.6 9.8l5.4 3.1c5 2.8 10.2 5.3 15.5 7.6c8.7 3.7 18.6 .9 25-6.2l19.8-22.2c6.8 1.1 13.8 1.7 20.9 1.7s14.1-.6 20.9-1.7l19.8 22.2zM464 304a48 48 0 1 1 0 96 48 48 0 1 1 0-96z\"><\/path><\/svg>\n\n\n\n<h3 class=\"wp-block-heading has-text-align-center\">Personnaliser l\u2019interface et g\u00e9rer les pr\u00e9f\u00e9rences dans InDesign<\/h3>\n<\/aside>\n<\/div>\n\n\n\n<div class=\"wp-block-column is-layout-flow wp-block-column-is-layout-flow\">\n<aside class=\"wp-block-group it-pattern-card has-blanc-background-color has-background is-vertical is-content-justification-center is-layout-flex wp-container-core-group-is-layout-ce155fab wp-block-group-is-layout-flex\" style=\"min-height:100%\">\n<svg aria-hidden=\"true\" focusable=\"false\" data-prefix=\"fas\" data-icon=\"arrow-pointer\" class=\"svg-inline--fa fa-arrow-pointer fa-3x wp-block-interactiv-technologies-it-fa-icon\" role=\"img\" xmlns=\"http:\/\/www.w3.org\/2000\/svg\" viewBox=\"0 0 320 512\" style=\"width:1em\"><path fill=\"currentColor\" d=\"M0 55.2V426c0 12.2 9.9 22 22 22c6.3 0 12.4-2.7 16.6-7.5L121.2 346l58.1 116.3c7.9 15.8 27.1 22.2 42.9 14.3s22.2-27.1 14.3-42.9L179.8 320H297.9c12.2 0 22.1-9.9 22.1-22.1c0-6.3-2.7-12.3-7.4-16.5L38.6 37.9C34.3 34.1 28.9 32 23.2 32C10.4 32 0 42.4 0 55.2z\"><\/path><\/svg>\n\n\n\n<h3 class=\"wp-block-heading has-text-align-center\"><strong>Utiliser les menus<br>et les outils<\/strong> et en conna\u00eetre les raccourcis<\/h3>\n<\/aside>\n<\/div>\n\n\n\n<div class=\"wp-block-column is-layout-flow wp-block-column-is-layout-flow\">\n<aside class=\"wp-block-group it-pattern-card has-blanc-background-color has-background is-vertical is-content-justification-center is-layout-flex wp-container-core-group-is-layout-ce155fab wp-block-group-is-layout-flex\" style=\"min-height:100%\">\n<svg aria-hidden=\"true\" focusable=\"false\" data-prefix=\"far\" data-icon=\"file\" class=\"svg-inline--fa fa-file fa-3x wp-block-interactiv-technologies-it-fa-icon\" role=\"img\" xmlns=\"http:\/\/www.w3.org\/2000\/svg\" viewBox=\"0 0 384 512\" style=\"width:1em\"><path fill=\"currentColor\" d=\"M320 464c8.8 0 16-7.2 16-16V160H256c-17.7 0-32-14.3-32-32V48H64c-8.8 0-16 7.2-16 16V448c0 8.8 7.2 16 16 16H320zM0 64C0 28.7 28.7 0 64 0H229.5c17 0 33.3 6.7 45.3 18.7l90.5 90.5c12 12 18.7 28.3 18.7 45.3V448c0 35.3-28.7 64-64 64H64c-35.3 0-64-28.7-64-64V64z\"><\/path><\/svg>\n\n\n\n<h3 class=\"wp-block-heading has-text-align-center\">Cr\u00e9er et param\u00e9trer <br>un nouveau document<\/h3>\n<\/aside>\n<\/div>\n\n\n\n<div class=\"wp-block-column is-layout-flow wp-block-column-is-layout-flow\">\n<aside class=\"wp-block-group it-pattern-card has-blanc-background-color has-background is-vertical is-content-justification-center is-layout-flex wp-container-core-group-is-layout-ce155fab wp-block-group-is-layout-flex\" style=\"min-height:100%\">\n<svg aria-hidden=\"true\" focusable=\"false\" data-prefix=\"fas\" data-icon=\"object-group\" class=\"svg-inline--fa fa-object-group fa-3x wp-block-interactiv-technologies-it-fa-icon\" role=\"img\" xmlns=\"http:\/\/www.w3.org\/2000\/svg\" viewBox=\"0 0 576 512\" style=\"width:1em\"><path fill=\"currentColor\" d=\"M32 119.4C12.9 108.4 0 87.7 0 64C0 28.7 28.7 0 64 0c23.7 0 44.4 12.9 55.4 32H456.6C467.6 12.9 488.3 0 512 0c35.3 0 64 28.7 64 64c0 23.7-12.9 44.4-32 55.4V392.6c19.1 11.1 32 31.7 32 55.4c0 35.3-28.7 64-64 64c-23.7 0-44.4-12.9-55.4-32H119.4c-11.1 19.1-31.7 32-55.4 32c-35.3 0-64-28.7-64-64c0-23.7 12.9-44.4 32-55.4V119.4zM456.6 96H119.4c-5.6 9.7-13.7 17.8-23.4 23.4V392.6c9.7 5.6 17.8 13.7 23.4 23.4H456.6c5.6-9.7 13.7-17.8 23.4-23.4V119.4c-9.7-5.6-17.8-13.7-23.4-23.4zM128 160c0-17.7 14.3-32 32-32H288c17.7 0 32 14.3 32 32v96c0 17.7-14.3 32-32 32H160c-17.7 0-32-14.3-32-32V160zM256 320h32c35.3 0 64-28.7 64-64V224h64c17.7 0 32 14.3 32 32v96c0 17.7-14.3 32-32 32H288c-17.7 0-32-14.3-32-32V320z\"><\/path><\/svg>\n\n\n\n<h3 class=\"wp-block-heading has-text-align-center\">R\u00e9aliser une mise en page de base &nbsp;(blocs, texte, cha\u00eenage, style\u2026)<\/h3>\n<\/aside>\n<\/div>\n<\/div>\n\n\n\n<div class=\"wp-block-columns is-layout-flex wp-container-core-columns-is-layout-e477a36d wp-block-columns-is-layout-flex\" style=\"padding-bottom:var(--wp--preset--spacing--60)\">\n<div class=\"wp-block-column is-layout-flow wp-block-column-is-layout-flow\">\n<aside class=\"wp-block-group it-pattern-card has-blanc-background-color has-background is-vertical is-content-justification-center is-layout-flex wp-container-core-group-is-layout-ce155fab wp-block-group-is-layout-flex\" style=\"min-height:100%\">\n<svg aria-hidden=\"true\" focusable=\"false\" data-prefix=\"fas\" data-icon=\"paintbrush\" class=\"svg-inline--fa fa-paintbrush fa-3x wp-block-interactiv-technologies-it-fa-icon\" role=\"img\" xmlns=\"http:\/\/www.w3.org\/2000\/svg\" viewBox=\"0 0 576 512\" style=\"width:1em\"><path fill=\"currentColor\" d=\"M339.3 367.1c27.3-3.9 51.9-19.4 67.2-42.9L568.2 74.1c12.6-19.5 9.4-45.3-7.6-61.2S517.7-4.4 499.1 9.6L262.4 187.2c-24 18-38.2 46.1-38.4 76.1L339.3 367.1zm-19.6 25.4l-116-104.4C143.9 290.3 96 339.6 96 400c0 3.9 .2 7.8 .6 11.6C98.4 429.1 86.4 448 68.8 448H64c-17.7 0-32 14.3-32 32s14.3 32 32 32H208c61.9 0 112-50.1 112-112c0-2.5-.1-5-.2-7.5z\"><\/path><\/svg>\n\n\n\n<h3 class=\"wp-block-heading has-text-align-center\">Cr\u00e9er des objets les transformer et y mettre des effets<\/h3>\n<\/aside>\n<\/div>\n\n\n\n<div class=\"wp-block-column is-layout-flow wp-block-column-is-layout-flow\">\n<aside class=\"wp-block-group it-pattern-card has-blanc-background-color has-background is-vertical is-content-justification-center is-layout-flex wp-container-core-group-is-layout-ce155fab wp-block-group-is-layout-flex\" style=\"min-height:100%\">\n<svg aria-hidden=\"true\" focusable=\"false\" data-prefix=\"fas\" data-icon=\"sliders\" class=\"svg-inline--fa fa-sliders fa-3x wp-block-interactiv-technologies-it-fa-icon\" role=\"img\" xmlns=\"http:\/\/www.w3.org\/2000\/svg\" viewBox=\"0 0 512 512\" style=\"width:1em\"><path fill=\"currentColor\" d=\"M0 416c0 17.7 14.3 32 32 32l54.7 0c12.3 28.3 40.5 48 73.3 48s61-19.7 73.3-48L480 448c17.7 0 32-14.3 32-32s-14.3-32-32-32l-246.7 0c-12.3-28.3-40.5-48-73.3-48s-61 19.7-73.3 48L32 384c-17.7 0-32 14.3-32 32zm128 0a32 32 0 1 1 64 0 32 32 0 1 1 -64 0zM320 256a32 32 0 1 1 64 0 32 32 0 1 1 -64 0zm32-80c-32.8 0-61 19.7-73.3 48L32 224c-17.7 0-32 14.3-32 32s14.3 32 32 32l246.7 0c12.3 28.3 40.5 48 73.3 48s61-19.7 73.3-48l54.7 0c17.7 0 32-14.3 32-32s-14.3-32-32-32l-54.7 0c-12.3-28.3-40.5-48-73.3-48zM192 128a32 32 0 1 1 0-64 32 32 0 1 1 0 64zm73.3-64C253 35.7 224.8 16 192 16s-61 19.7-73.3 48L32 64C14.3 64 0 78.3 0 96s14.3 32 32 32l86.7 0c12.3 28.3 40.5 48 73.3 48s61-19.7 73.3-48L480 128c17.7 0 32-14.3 32-32s-14.3-32-32-32L265.3 64z\"><\/path><\/svg>\n\n\n\n<h3 class=\"wp-block-heading has-text-align-center\">G\u00e9rer les couleurs <br>et le nuancier<\/h3>\n<\/aside>\n<\/div>\n\n\n\n<div class=\"wp-block-column is-layout-flow wp-block-column-is-layout-flow\">\n<aside class=\"wp-block-group it-pattern-card has-blanc-background-color has-background is-vertical is-content-justification-center is-layout-flex wp-container-core-group-is-layout-ce155fab wp-block-group-is-layout-flex\" style=\"min-height:100%\">\n<svg aria-hidden=\"true\" focusable=\"false\" data-prefix=\"fas\" data-icon=\"layer-group\" class=\"svg-inline--fa fa-layer-group fa-3x wp-block-interactiv-technologies-it-fa-icon\" role=\"img\" xmlns=\"http:\/\/www.w3.org\/2000\/svg\" viewBox=\"0 0 576 512\" style=\"width:1em\"><path fill=\"currentColor\" d=\"M264.5 5.2c14.9-6.9 32.1-6.9 47 0l218.6 101c8.5 3.9 13.9 12.4 13.9 21.8s-5.4 17.9-13.9 21.8l-218.6 101c-14.9 6.9-32.1 6.9-47 0L45.9 149.8C37.4 145.8 32 137.3 32 128s5.4-17.9 13.9-21.8L264.5 5.2zM476.9 209.6l53.2 24.6c8.5 3.9 13.9 12.4 13.9 21.8s-5.4 17.9-13.9 21.8l-218.6 101c-14.9 6.9-32.1 6.9-47 0L45.9 277.8C37.4 273.8 32 265.3 32 256s5.4-17.9 13.9-21.8l53.2-24.6 152 70.2c23.4 10.8 50.4 10.8 73.8 0l152-70.2zm-152 198.2l152-70.2 53.2 24.6c8.5 3.9 13.9 12.4 13.9 21.8s-5.4 17.9-13.9 21.8l-218.6 101c-14.9 6.9-32.1 6.9-47 0L45.9 405.8C37.4 401.8 32 393.3 32 384s5.4-17.9 13.9-21.8l53.2-24.6 152 70.2c23.4 10.8 50.4 10.8 73.8 0z\"><\/path><\/svg>\n\n\n\n<h3 class=\"wp-block-heading has-text-align-center\">Comprendre le principe de calques et de gabarits de page<\/h3>\n<\/aside>\n<\/div>\n\n\n\n<div class=\"wp-block-column is-layout-flow wp-block-column-is-layout-flow\">\n<aside class=\"wp-block-group it-pattern-card has-blanc-background-color has-background is-vertical is-content-justification-center is-layout-flex wp-container-core-group-is-layout-ce155fab wp-block-group-is-layout-flex\" style=\"min-height:100%\">\n<svg aria-hidden=\"true\" focusable=\"false\" data-prefix=\"fas\" data-icon=\"print\" class=\"svg-inline--fa fa-print fa-3x wp-block-interactiv-technologies-it-fa-icon\" role=\"img\" xmlns=\"http:\/\/www.w3.org\/2000\/svg\" viewBox=\"0 0 512 512\" style=\"width:1em\"><path fill=\"currentColor\" d=\"M128 0C92.7 0 64 28.7 64 64v96h64V64H354.7L384 93.3V160h64V93.3c0-17-6.7-33.3-18.7-45.3L400 18.7C388 6.7 371.7 0 354.7 0H128zM384 352v32 64H128V384 368 352H384zm64 32h32c17.7 0 32-14.3 32-32V256c0-35.3-28.7-64-64-64H64c-35.3 0-64 28.7-64 64v96c0 17.7 14.3 32 32 32H64v64c0 35.3 28.7 64 64 64H384c35.3 0 64-28.7 64-64V384zM432 248a24 24 0 1 1 0 48 24 24 0 1 1 0-48z\"><\/path><\/svg>\n\n\n\n<h3 class=\"wp-block-heading has-text-align-center\">Exporter un document pour l&rsquo;impression ou autre<\/h3>\n<\/aside>\n<\/div>\n<\/div>\n\n\n\n<div class=\"wp-block-buttons is-content-justification-center is-layout-flex wp-container-core-buttons-is-layout-a89b3969 wp-block-buttons-is-layout-flex\">\n<div class=\"wp-block-button\"><a class=\"wp-block-button__link wp-element-button\" href=\"#formation-basique\">Inscrivez-vous<\/a><\/div>\n<\/div>\n<\/section>\n\n\n\n<div class=\"wp-block-columns is-layout-flex wp-container-core-columns-is-layout-28f84493 wp-block-columns-is-layout-flex\">\n<div class=\"wp-block-column is-layout-flow wp-block-column-is-layout-flow\" style=\"padding-left:5rem;flex-basis:80%\">\n<h2 class=\"wp-block-heading\">\u00c0 propos d\u2019InDesign : \u201cLE\u201d logiciel de mise en page, pour le format papier et num\u00e9rique<\/h2>\n\n\n\n<p>Utilis\u00e9 pour cr\u00e9er des magazines, des journaux, des livres, des plaquettes, InDesign est ax\u00e9 sur la forme et permet d\u2019<strong>appliquer des mises en page<\/strong>&nbsp;beaucoup plus&nbsp;<strong>complexes<\/strong>&nbsp;et&nbsp;<strong>cr\u00e9atives<\/strong>&nbsp;qu\u2019un simple logiciel de traitement de texte. Outil de pr\u00e9dilection des graphistes, il est le logiciel de mise en page le plus utilis\u00e9<\/p>\n<\/div>\n\n\n\n<div class=\"wp-block-column is-vertically-aligned-center is-layout-flow wp-block-column-is-layout-flow\" style=\"flex-basis:33.33%\">\n<figure class=\"wp-block-image size-large is-resized\"><img loading=\"lazy\" decoding=\"async\" width=\"1024\" height=\"998\" src=\"https:\/\/www.interactiv-technologies.com\/app\/uploads\/2024\/01\/1200px-Adobe_InDesign_CC_icon.svg_-1024x998.png\" alt=\"\" class=\"wp-image-1259\" style=\"width:133px;height:auto\" srcset=\"https:\/\/www.interactiv-technologies.com\/app\/uploads\/2024\/01\/1200px-Adobe_InDesign_CC_icon.svg_-1024x998.png 1024w, https:\/\/www.interactiv-technologies.com\/app\/uploads\/2024\/01\/1200px-Adobe_InDesign_CC_icon.svg_-300x293.png 300w, https:\/\/www.interactiv-technologies.com\/app\/uploads\/2024\/01\/1200px-Adobe_InDesign_CC_icon.svg_-768x749.png 768w, https:\/\/www.interactiv-technologies.com\/app\/uploads\/2024\/01\/1200px-Adobe_InDesign_CC_icon.svg_.png 1200w\" sizes=\"auto, (max-width: 1024px) 100vw, 1024px\" \/><\/figure>\n<\/div>\n<\/div>\n","protected":false},"excerpt":{"rendered":"<p>InDesign : formation basique Pour toute personne souhaitant s\u2019initier \u00e0 la mise en page et au graphisme La formation InDesign basique, c\u2019est : Une formation de deux jours pour apprendre les bases du logiciel de mise en page (n\u00e9cessaire pour ceux qui voudront utiliser EasyCatalog par la suite). Priv\u00e9e ou interentreprise, \u00e0 vous de choisir. [&hellip;]<\/p>\n","protected":false},"author":2,"featured_media":0,"parent":3047,"menu_order":0,"comment_status":"closed","ping_status":"closed","template":"","meta":{"_seopress_robots_primary_cat":"","_seopress_titles_title":"Formation InDesign basique : pour apprendre \u00e0 se servir d'InDesign","_seopress_titles_desc":"Apprenez \u00e0 utiliser InDesign selon vos besoins professionnels. Interactiv' Technologies propose des formations pouvant \u00eatre prises en charge financi\u00e8rement.","_seopress_robots_index":"","_it_page_product":"contact","_it_call_to_action":["{\"text\":\"Obtenez votre tarif\",\"url\":\"https:\/\/www.interactiv-technologies.com\/fr\/formation-easycatalog-adobe-indesign\/prix-devis-formation\/\"}","{\"text\":\"\",\"url\":\"\"}","{\"text\":\"\",\"url\":\"\"}","{\"text\":\"\",\"url\":\"\"}"],"footnotes":""},"class_list":["post-1255","page","type-page","status-publish","hentry"],"_links":{"self":[{"href":"https:\/\/www.interactiv-technologies.com\/fr\/wp-json\/wp\/v2\/pages\/1255","targetHints":{"allow":["GET"]}}],"collection":[{"href":"https:\/\/www.interactiv-technologies.com\/fr\/wp-json\/wp\/v2\/pages"}],"about":[{"href":"https:\/\/www.interactiv-technologies.com\/fr\/wp-json\/wp\/v2\/types\/page"}],"author":[{"embeddable":true,"href":"https:\/\/www.interactiv-technologies.com\/fr\/wp-json\/wp\/v2\/users\/2"}],"replies":[{"embeddable":true,"href":"https:\/\/www.interactiv-technologies.com\/fr\/wp-json\/wp\/v2\/comments?post=1255"}],"version-history":[{"count":47,"href":"https:\/\/www.interactiv-technologies.com\/fr\/wp-json\/wp\/v2\/pages\/1255\/revisions"}],"predecessor-version":[{"id":11982,"href":"https:\/\/www.interactiv-technologies.com\/fr\/wp-json\/wp\/v2\/pages\/1255\/revisions\/11982"}],"up":[{"embeddable":true,"href":"https:\/\/www.interactiv-technologies.com\/fr\/wp-json\/wp\/v2\/pages\/3047"}],"wp:attachment":[{"href":"https:\/\/www.interactiv-technologies.com\/fr\/wp-json\/wp\/v2\/media?parent=1255"}],"curies":[{"name":"wp","href":"https:\/\/api.w.org\/{rel}","templated":true}]}}